{"id":23112,"date":"2022-12-08T09:46:34","date_gmt":"2022-12-08T08:46:34","guid":{"rendered":"https:\/\/chg.cloud02.webhome.at\/chg-czernich-rechtsanwaelte-wir-bewegen-wirtschaft\/"},"modified":"2025-08-05T13:09:48","modified_gmt":"2025-08-05T11:09:48","slug":"chg-czernich-rechtsanwaelte-wir-bewegen-wirtschaft","status":"publish","type":"page","link":"https:\/\/www.chg.at\/en\/","title":{"rendered":"CHG Czernich Rechtsanw\u00e4lte &#8211; Wir bewegen Wirtschaft."},"content":{"rendered":"<style type=\"text\/css\"> \n#cmsmasters_row_69f15e6069c0e6_53246499 { \n\tbackground-color:#fafafa;\n\tbackground-image: url(https:\/\/www.chg.at\/wp-content\/uploads\/2024\/06\/CHG-Czernich-Rechtsanwaelte-Innsbruck-Wien-Sommer.gif); \n\tbackground-position: center center; \n\tbackground-repeat: no-repeat; \n\tbackground-attachment: scroll; \n\tbackground-size: cover; \n} \n\n#cmsmasters_row_69f15e6069c0e6_53246499 .cmsmasters_row_outer_parent { \n\tpadding-top: 500px; \n} \n\n#cmsmasters_row_69f15e6069c0e6_53246499 .cmsmasters_row_outer_parent { \n\tpadding-bottom: 60px; \n} \n\n \n\n#cmsmasters_fb_69f15e606a0c87_82771253 { \n\tbackground-color:rgba(212,53,85,0.8);\n} \n\n#cmsmasters_fb_69f15e606a0c87_82771253 .featured_block_inner { \n\twidth: 100%; \n\tpadding: 40px 40px 30px 40px; \n\ttext-align: left; \n\tmargin:0 auto; \n} \n\n#cmsmasters_fb_69f15e606a0c87_82771253 .featured_block_text { \n\ttext-align: left; \n} \n\n \n#cmsmasters_divider_69f15e606a1808_36077373 { \n\tborder-bottom-width:0px; \n\tborder-bottom-style:solid; \n\tpadding-top:5px; \n\tmargin-bottom:10px; \n} \n\n#cmsmasters_button_69f15e606a2297_32316711 { \n\tfloat:left; \n} \n\n#cmsmasters_button_69f15e606a2297_32316711 .cmsmasters_button:before { \n\tmargin-right:.5em; \n\tmargin-left:0; \n\tvertical-align:baseline; \n} \n\n#cmsmasters_button_69f15e606a2297_32316711 .cmsmasters_button { \n\tfont-weight:normal; \n\tfont-style:normal; \n\tborder-style:none; \n} \n#cmsmasters_button_69f15e606a2297_32316711 .cmsmasters_button:hover { \n\tbackground-color:#212121;\n} \n \n#cmsmasters_row_69f15e606a2b93_54209379 .cmsmasters_row_outer_parent { \n\tpadding-top: 100px; \n} \n\n#cmsmasters_row_69f15e606a2b93_54209379 .cmsmasters_row_outer_parent { \n\tpadding-bottom: 100px; \n} \n\n \n#cmsmasters_divider_69f15e606a3db4_55107780 { \n\tborder-bottom-width:0px; \n\tborder-bottom-style:solid; \n\tpadding-top:30px; \n\tmargin-bottom:30px; \n} \n\n#cmsmasters_button_69f15e606d8280_23321577 { \n\ttext-align:center; \n} \n\n#cmsmasters_button_69f15e606d8280_23321577 .cmsmasters_button:before { \n\tmargin-right:.5em; \n\tmargin-left:0; \n\tvertical-align:baseline; \n} \n\n#cmsmasters_button_69f15e606d8280_23321577 .cmsmasters_button { \n\tfont-weight:normal; \n\tfont-style:normal; \n\tborder-style:solid; \n} \n#cmsmasters_button_69f15e606d8280_23321577 .cmsmasters_button:hover { \n} \n \n#cmsmasters_row_69f15e606d8be8_72201243 { \n\tbackground-color:#fafafa;\n} \n\n#cmsmasters_row_69f15e606d8be8_72201243 .cmsmasters_row_outer_parent { \n\tpadding-top: 100px; \n} \n\n#cmsmasters_row_69f15e606d8be8_72201243 .cmsmasters_row_outer_parent { \n\tpadding-bottom: 100px; \n} \n\n \n#cmsmasters_divider_69f15e606d9d39_21509625 { \n\tborder-bottom-width:0px; \n\tborder-bottom-style:solid; \n\tpadding-top:30px; \n\tmargin-bottom:30px; \n} \n \n#cmsmasters_row_69f15e608cffb5_54073040 { \n\tbackground-color:#fafafa;\n\tbackground-image: url(https:\/\/www.chg.at\/wp-content\/uploads\/2022\/10\/201207-0060-CHG-scaled.jpg); \n\tbackground-position: center center; \n\tbackground-repeat: no-repeat; \n\tbackground-attachment: scroll; \n\tbackground-size: cover; \n} \n\n#cmsmasters_row_69f15e608cffb5_54073040 .cmsmasters_row_outer_parent { \n\tpadding-top: 600px; \n} \n\n#cmsmasters_row_69f15e608cffb5_54073040 .cmsmasters_row_outer_parent { \n\tpadding-bottom: 60px; \n} \n\n \n\n#cmsmasters_fb_69f15e608d2e72_80843527 { \n\tpadding-top:0px; \n\tpadding-bottom:0px; \n\tbackground-color:rgba(212,53,85,0.8);\n} \n\n#cmsmasters_fb_69f15e608d2e72_80843527 .featured_block_inner { \n\twidth: 100%; \n\tpadding: 40px 40px 30px 40px; \n\ttext-align: left; \n\tmargin:0 auto; \n} \n\n#cmsmasters_fb_69f15e608d2e72_80843527 .featured_block_text { \n\ttext-align: left; \n} \n\n \n#cmsmasters_divider_69f15e608d39f6_57325653 { \n\tborder-bottom-width:0px; \n\tborder-bottom-style:solid; \n\tpadding-top:10px; \n\tmargin-bottom:10px; \n} \n\n#cmsmasters_button_69f15e608d4226_94071096 { \n\tfloat:left; \n} \n\n#cmsmasters_button_69f15e608d4226_94071096 .cmsmasters_button:before { \n\tmargin-right:.5em; \n\tmargin-left:0; \n\tvertical-align:baseline; \n} \n\n#cmsmasters_button_69f15e608d4226_94071096 .cmsmasters_button { \n\tfont-weight:normal; \n\tfont-style:normal; \n\tborder-style:none; \n} \n#cmsmasters_button_69f15e608d4226_94071096 .cmsmasters_button:hover { \n\tbackground-color:#212121;\n} \n \n#cmsmasters_row_69f15e608d4995_52368852 { \n\tbackground-color:#fafafa;\n} \n\n#cmsmasters_row_69f15e608d4995_52368852 .cmsmasters_row_outer_parent { \n\tpadding-top: 200px; \n} \n\n#cmsmasters_row_69f15e608d4995_52368852 .cmsmasters_row_outer_parent { \n\tpadding-bottom: 200px; \n} \n\n \n\n#cmsmasters_fb_69f15e608d55a4_94161415 { \n\tpadding-top:0px; \n\tpadding-bottom:0px; \n} \n\n#cmsmasters_fb_69f15e608d55a4_94161415 .featured_block_inner { \n\twidth: 100%; \n\tpadding: ; \n\ttext-align: left; \n\tmargin:0 auto; \n\tbackground-color:#fafafa;\n} \n\n#cmsmasters_fb_69f15e608d55a4_94161415 .featured_block_text { \n\ttext-align: left; \n} \n\n \n#cmsmasters_divider_69f15e608d6220_88555573 { \n\tborder-bottom-width:0px; \n\tborder-bottom-style:solid; \n\tpadding-top:10px; \n\tmargin-bottom:10px; \n} \n\n#cmsmasters_button_69f15e608d6977_63544879 { \n\tfloat:left; \n} \n\n#cmsmasters_button_69f15e608d6977_63544879 .cmsmasters_button:before { \n\tmargin-right:.5em; \n\tmargin-left:0; \n\tvertical-align:baseline; \n} \n\n#cmsmasters_button_69f15e608d6977_63544879 .cmsmasters_button { \n\tfont-weight:normal; \n\tfont-style:normal; \n\tborder-style:solid; \n} \n#cmsmasters_button_69f15e608d6977_63544879 .cmsmasters_button:hover { \n} \n \n#cmsmasters_row_69f15e608d6ed9_94659204 { \n\tbackground-color:#d43555;\n} \n\n#cmsmasters_row_69f15e608d6ed9_94659204 .cmsmasters_row_outer_parent { \n\tpadding-top: 50px; \n} \n\n#cmsmasters_row_69f15e608d6ed9_94659204 .cmsmasters_row_outer_parent { \n\tpadding-bottom: 50px; \n} \n\n#cmsmasters_row_69f15e608d6ed9_94659204 .cmsmasters_row_inner.cmsmasters_row_fullwidth { \n\tpadding-left:0%; \n} \n#cmsmasters_row_69f15e608d6ed9_94659204 .cmsmasters_row_inner.cmsmasters_row_fullwidth { \n\tpadding-right:0%; \n} \n \n#cmsmasters_counters_69f15e608d79d1_02756721 .cmsmasters_counter.counter_has_icon .cmsmasters_counter_inner, \n#cmsmasters_counters_69f15e608d79d1_02756721 .cmsmasters_counter.counter_has_icon .cmsmasters_counter_inner, #cmsmasters_counters_69f15e608d79d1_02756721 .cmsmasters_counter.counter_has_image .cmsmasters_counter_inner { \n\tpadding-top:70px; \n} \n\n#cmsmasters_counters_69f15e608d79d1_02756721.counters_type_vertical .cmsmasters_counter .cmsmasters_counter_inner:before { \n\tmargin-left:-30px; \n} \n\n#cmsmasters_counters_69f15e608d79d1_02756721.counters_type_horizontal .cmsmasters_counter .cmsmasters_counter_inner .cmsmasters_counter_counter_wrap { \n\tline-height:60px; \n} \n\n#cmsmasters_counters_69f15e608d79d1_02756721 .cmsmasters_counter .cmsmasters_counter_inner:before { \n\tfont-size:30px; \n\tline-height:60px; \n\twidth:60px; \n\theight:60px; \n\tborder-width:0px; \n\t-webkit-border-radius:50%; \n\tborder-radius:50%; \n} \n\n\n#cmsmasters_counter_69f15e608d862 .cmsmasters_counter_inner:before { \n} \n\n\n#cmsmasters_counter_69f15e608d8da .cmsmasters_counter_inner:before { \n} \n\n\n#cmsmasters_counter_69f15e608d93c .cmsmasters_counter_inner:before { \n} \n\n\n#cmsmasters_counter_69f15e608d9b9 .cmsmasters_counter_inner:before { \n} \n\n<\/style><div id=\"cmsmasters_row_69f15e6069c0e6_53246499\" class=\"cmsmasters_row cmsmasters_color_scheme_default cmsmasters_row_top_default cmsmasters_row_bot_default cmsmasters_row_boxed\">\n<div class=\"cmsmasters_row_outer_parent\">\n<div class=\"cmsmasters_row_outer\">\n<div class=\"cmsmasters_row_inner\">\n<div class=\"cmsmasters_row_margin cmsmasters_row_columns_behavior\">\n<div class=\"cmsmasters_column two_third\">\n<div id=\"cmsmasters_fb_69f15e606a0c87_82771253\" class=\"cmsmasters_featured_block\" data-animation=\"fadeInUp\" data-delay=\"0\">\n<div class=\"featured_block_inner\">\n<div class=\"featured_block_text\">\n<h1><span style=\"color: #ffffff; font-size: 40px; font-weight: 300;\">CHG Czernich Rechtsanw\u00e4lte<\/span><\/h1>\n<h3><span style=\"color: #ffffff;\">\u00a0<\/span><\/h3>\n\n<div id=\"cmsmasters_divider_69f15e606a1808_36077373\" class=\"cl\"><\/div>\n<div id=\"cmsmasters_button_69f15e606a2297_32316711\" class=\"button_wrap\"><a href=\"\/en\/chg-praxisgruppen-uebersicht\/\" class=\"ripple cmsmasters_button cmsmasters_but_clear_styles cmsmasters_but_bg_hover\"><span>CHG Practice Groups<\/span><\/a><\/div>\n<\/div>\n<\/div>\n<\/div>\n<\/div>\n<div class=\"cmsmasters_column one_third\">\n<\/div>\n<\/div>\n<\/div>\n<\/div>\n<\/div>\n<\/div>\n<div id=\"cmsmasters_row_69f15e606a2b93_54209379\" class=\"cmsmasters_row cmsmasters_color_scheme_default cmsmasters_row_top_default cmsmasters_row_bot_default cmsmasters_row_boxed\">\n<div class=\"cmsmasters_row_outer_parent\">\n<div class=\"cmsmasters_row_outer\">\n<div class=\"cmsmasters_row_inner\">\n<div class=\"cmsmasters_row_margin\">\n<div class=\"cmsmasters_column one_first\">\n<div class=\"cmsmasters_text\">\n<p><span style=\"color: #808080;\">CHG Rechtsanw\u00e4lte<\/span><\/p>\n<h2><span style=\"color: #d43555; font-size: 40px; line-height: 60px;\">News from Our Law Firm<br \/>\n<\/span><\/h2>\n<\/div>\n\n<div id=\"cmsmasters_divider_69f15e606a3db4_55107780\" class=\"cl\"><\/div>\n<div class=\"cmsmasters_wrap_blog entry-summary\" id=\"blog_69f15e606a474\"><script type=\"text\/javascript\">\r\njQuery(document).ready(function () {\r\n(function ($) {\r\n\tif ($('#blog_69f15e606a474').find('article').length == '0') {\r\n\t\treturn false;\r\n\t}\r\n\t\r\n\t\r\n\tstartBlog( \r\n\t\t'69f15e606a474', \r\n\t\t'columns', \r\n\t\t'grid', \r\n\t\t'https:\/\/www.chg.at\/wp-content\/plugins\/cmsmasters-content-composer\/', \r\n\t\t'date', \r\n\t\t'DESC', \r\n\t\t'3', \r\n\t\t'', \r\n\t\t'date,more' \r\n\t);\r\n} )(jQuery);\r\n} );\r\n<\/script>\r\n<div class=\"blog columns grid cmsmasters_3\">\r\n<!-- Start Image Article -->\r\n\r\n<article id=\"post-28902\" class=\"cmsmasters_post_masonry post-28902 post type-post status-publish format-image has-post-thumbnail hentry category-banking-finance category-chg-news category-chg-kanzlei post_format-post-format-image\" data-category=\"banking-finance chg-news chg-kanzlei\">\r\n\t\t\r\n\t<div class=\"cmsmasters_post_cont_wrap\">\r\n\t<div class=\"cmsmasters_post_img_wrap\"><span class=\"cmsmasters_post_date\"><abbr class=\"published\" title=\"28. April 2026\">28. April 2026<\/abbr><abbr class=\"dn date updated\" title=\"28. April 2026\">28. April 2026<\/abbr><\/span><figure class=\"cmsmasters_img_wrap\"><a href=\"https:\/\/www.chg.at\/wp-content\/uploads\/2026\/04\/Saal-scaled-1-scaled-e1777380442729.jpg\" title=\"Innsbrucker Forum f\u00fcr Bank- und Versicherungsrecht 2026\" rel=\"ilightbox[img_28902_69f15e606b801]\" class=\"cmsmasters_img_link preloader highImg\"><img width=\"860\" height=\"501\" src=\"https:\/\/www.chg.at\/wp-content\/uploads\/2026\/04\/Saal-scaled-1-scaled-e1777380442729.jpg\" class=\"full-width wp-post-image\" alt=\"Innsbrucker Forum f\u00fcr Bank- und Versicherungsrecht 2026\" loading=\"lazy\" title=\"Innsbrucker Forum f\u00fcr Bank- und Versicherungsrecht 2026\" \/><\/a><\/figure><header class=\"cmsmasters_post_header entry-header\"><h2 class=\"cmsmasters_post_title entry-title\"><a href=\"https:\/\/www.chg.at\/en\/innsbrucker-forum-fuer-bank-und-versicherungsrecht-2026\/\">Innsbrucker Forum f\u00fcr Bank- und Versicherungsrecht 2026<\/a><\/h2><\/header><\/div>\t\t\r\n\t\t<div class=\"cmsmasters_post_cont\">\r\n\t\t<div class=\"cmsmasters_post_content entry-content\">\n<p>Starker fachlicher Austausch beim Innsbrucker Forum f\u00fcr Bank- und Versicherungsrecht 2026 mit wertvollen Impulsen aus Wissenschaft und Praxis.<\/p>\n<\/div>\n<footer class=\"cmsmasters_post_footer entry-meta\"><div class=\"cmsmasters_post_footer_info\"><a class=\"cmsmasters_post_read_more\" href=\"https:\/\/www.chg.at\/en\/innsbrucker-forum-fuer-bank-und-versicherungsrecht-2026\/\">weiter lesen<\/a><\/div><\/footer>\t\t<\/div>\r\n\t<\/div>\r\n<\/article>\r\n<!-- Finish Image Article -->\r\n\r\n\r\n<!-- Start Image Article -->\r\n\r\n<article id=\"post-28862\" class=\"cmsmasters_post_masonry post-28862 post type-post status-publish format-image has-post-thumbnail hentry category-chg-news category-chg-kanzlei post_format-post-format-image\" data-category=\"chg-news chg-kanzlei\">\r\n\t\t\r\n\t<div class=\"cmsmasters_post_cont_wrap\">\r\n\t<div class=\"cmsmasters_post_img_wrap\"><span class=\"cmsmasters_post_date\"><abbr class=\"published\" title=\"27. April 2026\">27. April 2026<\/abbr><abbr class=\"dn date updated\" title=\"27. April 2026\">27. April 2026<\/abbr><\/span><figure class=\"cmsmasters_img_wrap\"><a href=\"https:\/\/www.chg.at\/wp-content\/uploads\/2025\/04\/Basketball-Wertvollster-Spieler-Auszeichnung-Zertifikat-148-\u00d7-105-mm-1.png\" title=\"CHG weiterhin an der Spitze\" rel=\"ilightbox[img_28862_69f15e606c5bb]\" class=\"cmsmasters_img_link preloader highImg\"><img width=\"860\" height=\"465\" src=\"https:\/\/www.chg.at\/wp-content\/uploads\/2025\/04\/Basketball-Wertvollster-Spieler-Auszeichnung-Zertifikat-148-\u00d7-105-mm-1.png\" class=\"full-width wp-post-image\" alt=\"CHG weiterhin an der Spitze\" loading=\"lazy\" title=\"CHG weiterhin an der Spitze\" \/><\/a><\/figure><header class=\"cmsmasters_post_header entry-header\"><h2 class=\"cmsmasters_post_title entry-title\"><a href=\"https:\/\/www.chg.at\/en\/chg-2026-weiterhin-an-der-spitze\/\">CHG weiterhin an der Spitze<\/a><\/h2><\/header><\/div>\t\t\r\n\t\t<div class=\"cmsmasters_post_cont\">\r\n\t\t<div class=\"cmsmasters_post_content entry-content\">\n<p>CHG wurde im Trend Anwaltsranking erneut zur besten Kanzlei au\u00dferhalb Wiens ausgezeichnet.<\/p>\n<\/div>\n<footer class=\"cmsmasters_post_footer entry-meta\"><div class=\"cmsmasters_post_footer_info\"><a class=\"cmsmasters_post_read_more\" href=\"https:\/\/www.chg.at\/en\/chg-2026-weiterhin-an-der-spitze\/\">weiter lesen<\/a><\/div><\/footer>\t\t<\/div>\r\n\t<\/div>\r\n<\/article>\r\n<!-- Finish Image Article -->\r\n\r\n\r\n<!-- Start Image Article -->\r\n\r\n<article id=\"post-28784\" class=\"cmsmasters_post_masonry post-28784 post type-post status-publish format-image has-post-thumbnail hentry category-chg-news category-data-technology category-chg-kanzlei tag-dsgvo tag-hr-management tag-ki-vo tag-kuenstlche-intelligenz tag-recruiting post_format-post-format-image\" data-category=\"chg-news data-technology chg-kanzlei\">\r\n\t\t\r\n\t<div class=\"cmsmasters_post_cont_wrap\">\r\n\t<div class=\"cmsmasters_post_img_wrap\"><span class=\"cmsmasters_post_date\"><abbr class=\"published\" title=\"20. April 2026\">20. April 2026<\/abbr><abbr class=\"dn date updated\" title=\"20. April 2026\">20. April 2026<\/abbr><\/span><figure class=\"cmsmasters_img_wrap\"><a href=\"https:\/\/www.chg.at\/wp-content\/uploads\/2026\/04\/Vorlage-fuer-Bilder-NL-4-e1776676820118.png\" title=\"KI-gest\u00fctztes Recruiting und HR-Management: Compliance-Anforderungen nach KI-VO und DSGVO\" rel=\"ilightbox[img_28784_69f15e606d1b8]\" class=\"cmsmasters_img_link preloader highImg\"><img width=\"860\" height=\"520\" src=\"https:\/\/www.chg.at\/wp-content\/uploads\/2026\/04\/Vorlage-fuer-Bilder-NL-4-e1776676820118.png\" class=\"full-width wp-post-image\" alt=\"KI-gest\u00fctztes Recruiting und HR-Management: Compliance-Anforderungen nach KI-VO und DSGVO\" loading=\"lazy\" title=\"KI-gest\u00fctztes Recruiting und HR-Management: Compliance-Anforderungen nach KI-VO und DSGVO\" \/><\/a><\/figure><header class=\"cmsmasters_post_header entry-header\"><h2 class=\"cmsmasters_post_title entry-title\"><a href=\"https:\/\/www.chg.at\/en\/ki-gestuetztes-recruiting-und-hr-management-compliance-anforderungen-nach-ki-vo-und-dsgvo\/\">KI-gest\u00fctztes Recruiting und HR-Management: Compliance-Anforderungen nach KI-VO und DSGVO<\/a><\/h2><\/header><\/div>\t\t\r\n\t\t<div class=\"cmsmasters_post_cont\">\r\n\t\t<div class=\"cmsmasters_post_content entry-content\">\n<p>KI ver\u00e4ndert Recruiting und HR-Management grundlegend - von der Bewerberauswahl bis zur Leistungsbewertung. Doch wo genau verl\u00e4uft die Grenze zwischen sinnvoller Unterst\u00fctzung und rechtlich problematischer Automatisierung?<\/p>\n<\/div>\n<footer class=\"cmsmasters_post_footer entry-meta\"><div class=\"cmsmasters_post_footer_info\"><a class=\"cmsmasters_post_read_more\" href=\"https:\/\/www.chg.at\/en\/ki-gestuetztes-recruiting-und-hr-management-compliance-anforderungen-nach-ki-vo-und-dsgvo\/\">weiter lesen<\/a><\/div><\/footer>\t\t<\/div>\r\n\t<\/div>\r\n<\/article>\r\n<!-- Finish Image Article -->\r\n\r\n<\/div><\/div>\n\n<div id=\"cmsmasters_button_69f15e606d8280_23321577\" class=\"button_wrap\"><a href=\"\/news\" class=\"ripple cmsmasters_button cmsmasters_but_clear_styles cmsmasters_but_bg_hover\"><span>All the latest news<\/span><\/a><\/div>\n<\/div>\n<\/div>\n<\/div>\n<\/div>\n<\/div>\n<\/div>\n<div id=\"cmsmasters_row_69f15e606d8be8_72201243\" class=\"cmsmasters_row cmsmasters_color_scheme_default cmsmasters_row_top_default cmsmasters_row_bot_default cmsmasters_row_boxed\">\n<div class=\"cmsmasters_row_outer_parent\">\n<div class=\"cmsmasters_row_outer\">\n<div class=\"cmsmasters_row_inner\">\n<div class=\"cmsmasters_row_margin\">\n<div class=\"cmsmasters_column one_first\">\n<div class=\"cmsmasters_text\">\n<p style=\"text-align: left;\"><span style=\"color: #999999;\">CHG Rechtsanw\u00e4lte<\/span><\/p>\n<h2 style=\"text-align: left;\"><span style=\"color: #d43555; font-size: 40px; line-height: 60px;\">Our Team Is Here to Assist You<br \/>\n<\/span><\/h2>\n<\/div>\n\n<div id=\"cmsmasters_divider_69f15e606d9d39_21509625\" class=\"cl\"><\/div>\n<div id=\"69f15e606da2c8_57618427\" class=\"cmsmasters_profile horizontal\" data-animation=\"fadeInUp\" data-delay=\"0\">\n\r\n<!-- Start Horizontal Profile -->\r\n\r\n<article id=\"post-8339\" class=\"one_fourth post-8339 profile type-profile status-publish has-post-thumbnail hentry pl-categs-innsbruck-en pl-categs-praxisgruppe-oeffentliches-wirtschaftsrecht-en pl-categs-rechtsanwalt-en\">\r\n\t\t\r\n\t<div class=\"pl_img_wrap\"><div class=\"pl_img\">\n<figure>\n<a href=\"https:\/\/www.chg.at\/en\/profile\/arnold-autengruber\/\"><img width=\"338\" height=\"450\" src=\"https:\/\/www.chg.at\/wp-content\/uploads\/2023\/11\/CHG-Rechtsanwaelte-Arnold-Autengruber-Portrait.jpg\" class=\"attachment-cmsmasters-project-thumb size-cmsmasters-project-thumb wp-post-image\" alt=\"Arnold Autengruber\" loading=\"lazy\" title=\"Arnold Autengruber\" \/><\/a><\/figure>\n<\/div>\n<div class=\"pl_title_wrap\">\n<h2 class=\"entry-title\">\n<a href=\"https:\/\/www.chg.at\/en\/profile\/arnold-autengruber\/\">Arnold Autengruber<\/a>\n<\/h2>\n<h5 class=\"pl_subtitle\">Attorney-at-law &amp; Partner<\/h5>\n<\/div>\n<\/div><div class=\"pl_content\">\n<div class=\"entry-content\">\nSpecialisation in public commercial law, public procurement law, European law and state aid law<\/div>\n<\/div>\n\t<div class=\"cl\"><\/div>\r\n<\/article>\r\n<!-- Finish Horizontal Profile -->\r\n\r\n\r\n<!-- Start Horizontal Profile -->\r\n\r\n<article id=\"post-8372\" class=\"one_fourth post-8372 profile type-profile status-publish has-post-thumbnail hentry pl-categs-innsbruck-en pl-categs-praxisgruppe-banking-finance-en pl-categs-praxisgruppe-corporate-en pl-categs-rechtsanwalt-en pl-categs-vaduz-en\">\r\n\t\t\r\n\t<div class=\"pl_img_wrap\"><div class=\"pl_img\">\n<figure>\n<a href=\"https:\/\/www.chg.at\/en\/profile\/dr-dietmar-czernich\/\"><img width=\"338\" height=\"450\" src=\"https:\/\/www.chg.at\/wp-content\/uploads\/2023\/11\/CHG-Rechtsanwaelte-Dietmar-Czernich-Portrait.jpg\" class=\"attachment-cmsmasters-project-thumb size-cmsmasters-project-thumb wp-post-image\" alt=\"Dietmar Czernich\" loading=\"lazy\" title=\"Dietmar Czernich\" \/><\/a><\/figure>\n<\/div>\n<div class=\"pl_title_wrap\">\n<h2 class=\"entry-title\">\n<a href=\"https:\/\/www.chg.at\/en\/profile\/dr-dietmar-czernich\/\">Dietmar Czernich<\/a>\n<\/h2>\n<h5 class=\"pl_subtitle\">Partner\u00ad, Head of the practice group Corporate<\/h5>\n<\/div>\n<\/div><div class=\"pl_content\">\n<div class=\"entry-content\">\nHonorary Professor of Civil Law, Honorary Consul of the Federal Republic of Germany, specialisation in arbitration and corporate law<\/div>\n<\/div>\n\t<div class=\"cl\"><\/div>\r\n<\/article>\r\n<!-- Finish Horizontal Profile -->\r\n\r\n\r\n<!-- Start Horizontal Profile -->\r\n\r\n<article id=\"post-8370\" class=\"one_fourth post-8370 profile type-profile status-publish has-post-thumbnail hentry pl-categs-innsbruck-en pl-categs-praxisgruppe-oeffentliches-wirtschaftsrecht-en pl-categs-rechtsanwalt-en\">\r\n\t\t\r\n\t<div class=\"pl_img_wrap\"><div class=\"pl_img\">\n<figure>\n<a href=\"https:\/\/www.chg.at\/en\/profile\/guenther-gast\/\"><img width=\"338\" height=\"450\" src=\"https:\/\/www.chg.at\/wp-content\/uploads\/2023\/11\/CHG-Rechtsanwaelte-Guenther-Gast-Portrait.jpg\" class=\"attachment-cmsmasters-project-thumb size-cmsmasters-project-thumb wp-post-image\" alt=\"G\u00fcnther Gast\" loading=\"lazy\" title=\"G\u00fcnther Gast\" \/><\/a><\/figure>\n<\/div>\n<div class=\"pl_title_wrap\">\n<h2 class=\"entry-title\">\n<a href=\"https:\/\/www.chg.at\/en\/profile\/guenther-gast\/\">G\u00fcnther Gast<\/a>\n<\/h2>\n<h5 class=\"pl_subtitle\">Partner, Head of the practice group Public Commercial Law and Public Procurement Law<\/h5>\n<\/div>\n<\/div><div class=\"pl_content\">\n<div class=\"entry-content\">\nSpecialisation in public commercial law and public procurement law, further focus on contract law and corporate law<\/div>\n<\/div>\n\t<div class=\"cl\"><\/div>\r\n<\/article>\r\n<!-- Finish Horizontal Profile -->\r\n\r\n\r\n<!-- Start Horizontal Profile -->\r\n\r\n<article id=\"post-8837\" class=\"one_fourth post-8837 profile type-profile status-publish has-post-thumbnail hentry pl-categs-praxisgruppe-oeffentliches-wirtschaftsrecht-en pl-categs-rechtsanwalt-en\">\r\n\t\t\r\n\t<div class=\"pl_img_wrap\"><div class=\"pl_img\">\n<figure>\n<a href=\"https:\/\/www.chg.at\/en\/profile\/laura-gleinser\/\"><img width=\"338\" height=\"450\" src=\"https:\/\/www.chg.at\/wp-content\/uploads\/2022\/09\/Laura-Gleinser.png\" class=\"attachment-cmsmasters-project-thumb size-cmsmasters-project-thumb wp-post-image\" alt=\"Laura Gleinser\" loading=\"lazy\" title=\"Laura Gleinser\" \/><\/a><\/figure>\n<\/div>\n<div class=\"pl_title_wrap\">\n<h2 class=\"entry-title\">\n<a href=\"https:\/\/www.chg.at\/en\/profile\/laura-gleinser\/\">Laura Gleinser<\/a>\n<\/h2>\n<h5 class=\"pl_subtitle\">Attorney-at-law and Partner<\/h5>\n<\/div>\n<\/div><div class=\"pl_content\">\n<div class=\"entry-content\">\nSpecialisation in public commercial law and public procurement law and general civil and contract law<\/div>\n<\/div>\n\t<div class=\"cl\"><\/div>\r\n<\/article>\r\n<!-- Finish Horizontal Profile -->\r\n\r\n\r\n<!-- Start Horizontal Profile -->\r\n\r\n<article id=\"post-28782\" class=\"one_fourth post-28782 profile type-profile status-publish has-post-thumbnail hentry pl-categs-praxisgruppe-banking-finance-en pl-categs-praxisgruppe-business-law-en pl-categs-rechtsanwalt-en\">\r\n\t\t\r\n\t<div class=\"pl_img_wrap\"><div class=\"pl_img\">\n<figure>\n<a href=\"https:\/\/www.chg.at\/en\/profile\/yasmine-sophie-greber\/\"><img width=\"338\" height=\"450\" src=\"https:\/\/www.chg.at\/wp-content\/uploads\/2026\/04\/Yasmine-Greber.png\" class=\"attachment-cmsmasters-project-thumb size-cmsmasters-project-thumb wp-post-image\" alt=\"Yasmine Sophie Greber\" loading=\"lazy\" title=\"Yasmine Sophie Greber\" \/><\/a><\/figure>\n<\/div>\n<div class=\"pl_title_wrap\">\n<h2 class=\"entry-title\">\n<a href=\"https:\/\/www.chg.at\/en\/profile\/yasmine-sophie-greber\/\">Yasmine Sophie Greber<\/a>\n<\/h2>\n<h5 class=\"pl_subtitle\">Attorney-at-law<\/h5>\n<\/div>\n<\/div><div class=\"pl_content\">\n<div class=\"entry-content\">\nSpecialisation in general civil and contract law<\/div>\n<\/div>\n\t<div class=\"cl\"><\/div>\r\n<\/article>\r\n<!-- Finish Horizontal Profile -->\r\n\r\n\r\n<!-- Start Horizontal Profile -->\r\n\r\n<article id=\"post-8362\" class=\"one_fourth post-8362 profile type-profile status-publish has-post-thumbnail hentry pl-categs-innsbruck-en pl-categs-praxisgruppe-business-law-en pl-categs-praxisgruppe-immobilienrecht-en pl-categs-rechtsanwalt-en\">\r\n\t\t\r\n\t<div class=\"pl_img_wrap\"><div class=\"pl_img\">\n<figure>\n<a href=\"https:\/\/www.chg.at\/en\/profile\/dr-christoph-haidlen\/\"><img width=\"338\" height=\"450\" src=\"https:\/\/www.chg.at\/wp-content\/uploads\/2023\/11\/CHG-Rechtsanwaelte-Christoph-Haidlen-Portrait.jpg\" class=\"attachment-cmsmasters-project-thumb size-cmsmasters-project-thumb wp-post-image\" alt=\"Christoph Haidlen\" loading=\"lazy\" title=\"Christoph Haidlen\" \/><\/a><\/figure>\n<\/div>\n<div class=\"pl_title_wrap\">\n<h2 class=\"entry-title\">\n<a href=\"https:\/\/www.chg.at\/en\/profile\/dr-christoph-haidlen\/\">Christoph Haidlen<\/a>\n<\/h2>\n<h5 class=\"pl_subtitle\">Attorney-at-law &amp; Partner<\/h5>\n<\/div>\n<\/div><div class=\"pl_content\">\n<div class=\"entry-content\">\nSpecialisation in cable car law, real estate and land transactions, ski and sports law<\/div>\n<\/div>\n\t<div class=\"cl\"><\/div>\r\n<\/article>\r\n<!-- Finish Horizontal Profile -->\r\n\r\n\r\n<!-- Start Horizontal Profile -->\r\n\r\n<article id=\"post-8337\" class=\"one_fourth post-8337 profile type-profile status-publish has-post-thumbnail hentry pl-categs-innsbruck-en pl-categs-praxisgruppe-corporate-en pl-categs-praxisgruppe-data-technology-en pl-categs-rechtsanwalt-en pl-categs-vaduz-en pl-categs-wien-en pl-categs-zukunftsrecht-en\">\r\n\t\t\r\n\t<div class=\"pl_img_wrap\"><div class=\"pl_img\">\n<figure>\n<a href=\"https:\/\/www.chg.at\/en\/profile\/mag-clemens-handl\/\"><img width=\"338\" height=\"450\" src=\"https:\/\/www.chg.at\/wp-content\/uploads\/2023\/11\/CHG-Rechtsanwaelte-Clemens-Handl-Portrait.jpg\" class=\"attachment-cmsmasters-project-thumb size-cmsmasters-project-thumb wp-post-image\" alt=\"Clemens Handl\" loading=\"lazy\" title=\"Clemens Handl\" \/><\/a><\/figure>\n<\/div>\n<div class=\"pl_title_wrap\">\n<h2 class=\"entry-title\">\n<a href=\"https:\/\/www.chg.at\/en\/profile\/mag-clemens-handl\/\">Clemens Handl<\/a>\n<\/h2>\n<h5 class=\"pl_subtitle\">Attorney-at-law &amp; Partner, Head of the practice group data &amp; technology<\/h5>\n<\/div>\n<\/div><div class=\"pl_content\">\n<div class=\"entry-content\">\nSpecialisation in IT law, data protection & digitalisation<\/div>\n<\/div>\n\t<div class=\"cl\"><\/div>\r\n<\/article>\r\n<!-- Finish Horizontal Profile -->\r\n\r\n\r\n<!-- Start Horizontal Profile -->\r\n\r\n<article id=\"post-27173\" class=\"one_fourth post-27173 profile type-profile status-publish has-post-thumbnail hentry pl-categs-praxisgruppe-banking-finance-en pl-categs-praxisgruppe-business-law-en pl-categs-rechtsanwalt-en\">\r\n\t\t\r\n\t<div class=\"pl_img_wrap\"><div class=\"pl_img\">\n<figure>\n<a href=\"https:\/\/www.chg.at\/en\/profile\/angela-hirsch\/\"><img width=\"338\" height=\"450\" src=\"https:\/\/www.chg.at\/wp-content\/uploads\/2022\/09\/Angela-Hirsch-2.png\" class=\"attachment-cmsmasters-project-thumb size-cmsmasters-project-thumb wp-post-image\" alt=\"Angela Hirsch\" loading=\"lazy\" title=\"Angela Hirsch\" \/><\/a><\/figure>\n<\/div>\n<div class=\"pl_title_wrap\">\n<h2 class=\"entry-title\">\n<a href=\"https:\/\/www.chg.at\/en\/profile\/angela-hirsch\/\">Angela Hirsch<\/a>\n<\/h2>\n<h5 class=\"pl_subtitle\">Attorney-at-law<\/h5>\n<\/div>\n<\/div><div class=\"pl_content\">\n<div class=\"entry-content\">\nSpecialisation in banking law and general civil and contract law<\/div>\n<\/div>\n\t<div class=\"cl\"><\/div>\r\n<\/article>\r\n<!-- Finish Horizontal Profile -->\r\n\r\n\r\n<!-- Start Horizontal Profile -->\r\n\r\n<article id=\"post-8335\" class=\"one_fourth post-8335 profile type-profile status-publish has-post-thumbnail hentry pl-categs-innsbruck-en pl-categs-praxisgruppe-corporate-en pl-categs-rechtsanwalt-en pl-categs-zukunftsrecht-en\">\r\n\t\t\r\n\t<div class=\"pl_img_wrap\"><div class=\"pl_img\">\n<figure>\n<a href=\"https:\/\/www.chg.at\/en\/profile\/mag-michael-huetz\/\"><img width=\"338\" height=\"450\" src=\"https:\/\/www.chg.at\/wp-content\/uploads\/2023\/11\/CHG-Rechtsanwaelte-Michael-Huetz-Portrait.jpg\" class=\"attachment-cmsmasters-project-thumb size-cmsmasters-project-thumb wp-post-image\" alt=\"Michael Huetz\" loading=\"lazy\" title=\"Michael Huetz\" \/><\/a><\/figure>\n<\/div>\n<div class=\"pl_title_wrap\">\n<h2 class=\"entry-title\">\n<a href=\"https:\/\/www.chg.at\/en\/profile\/mag-michael-huetz\/\">Michael Huetz<\/a>\n<\/h2>\n<h5 class=\"pl_subtitle\">Attorney-at-law &amp; Partner<\/h5>\n<\/div>\n<\/div><div class=\"pl_content\">\n<div class=\"entry-content\">\nSpecialisation in corporate law, mergers and acquisitions and transactions<\/div>\n<\/div>\n\t<div class=\"cl\"><\/div>\r\n<\/article>\r\n<!-- Finish Horizontal Profile -->\r\n\r\n\r\n<!-- Start Horizontal Profile -->\r\n\r\n<article id=\"post-22715\" class=\"one_fourth post-22715 profile type-profile status-publish has-post-thumbnail hentry pl-categs-praxisgruppe-business-law-en pl-categs-praxisgruppe-immobilienrecht-en pl-categs-rechtsanwalt-en\">\r\n\t\t\r\n\t<div class=\"pl_img_wrap\"><div class=\"pl_img\">\n<figure>\n<a href=\"https:\/\/www.chg.at\/en\/profile\/mario-kathrein-2\/\"><img width=\"338\" height=\"450\" src=\"https:\/\/www.chg.at\/wp-content\/uploads\/2023\/11\/CHG-Rechtsanwaelte-Mario-Kathrein-Portrait.jpg\" class=\"attachment-cmsmasters-project-thumb size-cmsmasters-project-thumb wp-post-image\" alt=\"Mario Kathrein\" loading=\"lazy\" title=\"Mario Kathrein\" \/><\/a><\/figure>\n<\/div>\n<div class=\"pl_title_wrap\">\n<h2 class=\"entry-title\">\n<a href=\"https:\/\/www.chg.at\/en\/profile\/mario-kathrein-2\/\">Mario Kathrein<\/a>\n<\/h2>\n<h5 class=\"pl_subtitle\">Attorney-at-law<\/h5>\n<\/div>\n<\/div><div class=\"pl_content\">\n<div class=\"entry-content\">\nSpecialisation in general civil and contract law, real estate law, and competition law<\/div>\n<\/div>\n\t<div class=\"cl\"><\/div>\r\n<\/article>\r\n<!-- Finish Horizontal Profile -->\r\n\r\n\r\n<!-- Start Horizontal Profile -->\r\n\r\n<article id=\"post-26754\" class=\"one_fourth post-26754 profile type-profile status-publish has-post-thumbnail hentry pl-categs-praxisgruppe-banking-finance-en pl-categs-praxisgruppe-business-law-en pl-categs-rechtsanwalt-en\">\r\n\t\t\r\n\t<div class=\"pl_img_wrap\"><div class=\"pl_img\">\n<figure>\n<a href=\"https:\/\/www.chg.at\/en\/profile\/bernhard-koeck\/\"><img width=\"338\" height=\"450\" src=\"https:\/\/www.chg.at\/wp-content\/uploads\/2025\/04\/Bernhard-Koeck.png\" class=\"attachment-cmsmasters-project-thumb size-cmsmasters-project-thumb wp-post-image\" alt=\"Bernhard Koeck\" loading=\"lazy\" title=\"Bernhard Koeck\" \/><\/a><\/figure>\n<\/div>\n<div class=\"pl_title_wrap\">\n<h2 class=\"entry-title\">\n<a href=\"https:\/\/www.chg.at\/en\/profile\/bernhard-koeck\/\">Bernhard Koeck<\/a>\n<\/h2>\n<h5 class=\"pl_subtitle\">Attorney-at-law &amp; Partner<\/h5>\n<\/div>\n<\/div><div class=\"pl_content\">\n<div class=\"entry-content\">\nSpecialisation in litigation, restructuring & insolvency, banking and energy regulatory law and competition law<\/div>\n<\/div>\n\t<div class=\"cl\"><\/div>\r\n<\/article>\r\n<!-- Finish Horizontal Profile -->\r\n\r\n\r\n<!-- Start Horizontal Profile -->\r\n\r\n<article id=\"post-16748\" class=\"one_fourth post-16748 profile type-profile status-publish has-post-thumbnail hentry pl-categs-complete-en pl-categs-innsbruck-en pl-categs-praxisgruppe-business-law-en pl-categs-rechtsanwalt-en\">\r\n\t\t\r\n\t<div class=\"pl_img_wrap\"><div class=\"pl_img\">\n<figure>\n<a href=\"https:\/\/www.chg.at\/en\/profile\/mag-florian-mueller\/\"><img width=\"338\" height=\"450\" src=\"https:\/\/www.chg.at\/wp-content\/uploads\/2023\/11\/CHG-Rechtsanwaelte-Florian-Mueller-Portrait.jpg\" class=\"attachment-cmsmasters-project-thumb size-cmsmasters-project-thumb wp-post-image\" alt=\"Florian M\u00fcller\" loading=\"lazy\" title=\"Florian M\u00fcller\" \/><\/a><\/figure>\n<\/div>\n<div class=\"pl_title_wrap\">\n<h2 class=\"entry-title\">\n<a href=\"https:\/\/www.chg.at\/en\/profile\/mag-florian-mueller\/\">Florian M\u00fcller<\/a>\n<\/h2>\n<h5 class=\"pl_subtitle\">Attorney-at-law and Partner, Head of the practice group Business Law<\/h5>\n<\/div>\n<\/div><div class=\"pl_content\">\n<div class=\"entry-content\">\nSpecialisation in commercial and corporate law, litigation, insurance law, competition and antitrust law<\/div>\n<\/div>\n\t<div class=\"cl\"><\/div>\r\n<\/article>\r\n<!-- Finish Horizontal Profile -->\r\n\r\n\r\n<!-- Start Horizontal Profile -->\r\n\r\n<article id=\"post-12044\" class=\"one_fourth post-12044 profile type-profile status-publish has-post-thumbnail hentry pl-categs-praxisgruppe-oeffentliches-wirtschaftsrecht-en pl-categs-rechtsanwalt-en\">\r\n\t\t\r\n\t<div class=\"pl_img_wrap\"><div class=\"pl_img\">\n<figure>\n<a href=\"https:\/\/www.chg.at\/en\/profile\/mag-marcel-mueller\/\"><img width=\"338\" height=\"450\" src=\"https:\/\/www.chg.at\/wp-content\/uploads\/2023\/11\/CHG-Rechtsanwaelte-Marcel-Mu\u0308ller-Portrait-1.jpg\" class=\"attachment-cmsmasters-project-thumb size-cmsmasters-project-thumb wp-post-image\" alt=\"Marcel M\u00fcller\" loading=\"lazy\" title=\"Marcel M\u00fcller\" \/><\/a><\/figure>\n<\/div>\n<div class=\"pl_title_wrap\">\n<h2 class=\"entry-title\">\n<a href=\"https:\/\/www.chg.at\/en\/profile\/mag-marcel-mueller\/\">Marcel M\u00fcller<\/a>\n<\/h2>\n<h5 class=\"pl_subtitle\">Attorney-at-law<\/h5>\n<\/div>\n<\/div><div class=\"pl_content\">\n<div class=\"entry-content\">\nSpecialisation in public commercial law and public procurement law <\/div>\n<\/div>\n\t<div class=\"cl\"><\/div>\r\n<\/article>\r\n<!-- Finish Horizontal Profile -->\r\n\r\n\r\n<!-- Start Horizontal Profile -->\r\n\r\n<article id=\"post-28386\" class=\"one_fourth post-28386 profile type-profile status-publish has-post-thumbnail hentry pl-categs-praxisgruppe-business-law-en pl-categs-praxisgruppe-corporate-en pl-categs-rechtsanwalt-en\">\r\n\t\t\r\n\t<div class=\"pl_img_wrap\"><div class=\"pl_img\">\n<figure>\n<a href=\"https:\/\/www.chg.at\/en\/profile\/frederick-pfeifer-lichtfuss\/\"><img width=\"338\" height=\"450\" src=\"https:\/\/www.chg.at\/wp-content\/uploads\/2026\/02\/Frederick-Pfeifer-Lichtfuss-Pohl-2.png\" class=\"attachment-cmsmasters-project-thumb size-cmsmasters-project-thumb wp-post-image\" alt=\"Frederick Pfeifer-Lichtfuss\" loading=\"lazy\" title=\"Frederick Pfeifer-Lichtfuss\" \/><\/a><\/figure>\n<\/div>\n<div class=\"pl_title_wrap\">\n<h2 class=\"entry-title\">\n<a href=\"https:\/\/www.chg.at\/en\/profile\/frederick-pfeifer-lichtfuss\/\">Frederick Pfeifer-Lichtfuss<\/a>\n<\/h2>\n<h5 class=\"pl_subtitle\">Attorney-at-law<\/h5>\n<\/div>\n<\/div><div class=\"pl_content\">\n<div class=\"entry-content\">\nSpecialisation in corporate and company law, M&A, compliance, and corporate governance<\/div>\n<\/div>\n\t<div class=\"cl\"><\/div>\r\n<\/article>\r\n<!-- Finish Horizontal Profile -->\r\n\r\n\r\n<!-- Start Horizontal Profile -->\r\n\r\n<article id=\"post-8899\" class=\"one_fourth post-8899 profile type-profile status-publish has-post-thumbnail hentry pl-categs-innsbruck-en pl-categs-praxisgruppe-banking-finance-en pl-categs-praxisgruppe-immobilienrecht-en pl-categs-rechtsanwalt-en\">\r\n\t\t\r\n\t<div class=\"pl_img_wrap\"><div class=\"pl_img\">\n<figure>\n<a href=\"https:\/\/www.chg.at\/en\/profile\/daniel-tamerl\/\"><img width=\"338\" height=\"450\" src=\"https:\/\/www.chg.at\/wp-content\/uploads\/2023\/11\/CHG-Rechtsanwaelte-Daniel-Tamerl-Portrait.jpg\" class=\"attachment-cmsmasters-project-thumb size-cmsmasters-project-thumb wp-post-image\" alt=\"Daniel Tamerl\" loading=\"lazy\" title=\"Daniel Tamerl\" \/><\/a><\/figure>\n<\/div>\n<div class=\"pl_title_wrap\">\n<h2 class=\"entry-title\">\n<a href=\"https:\/\/www.chg.at\/en\/profile\/daniel-tamerl\/\">Daniel Tamerl<\/a>\n<\/h2>\n<h5 class=\"pl_subtitle\">Partner, Head of the practice group Banking &amp; Finance<\/h5>\n<\/div>\n<\/div><div class=\"pl_content\">\n<div class=\"entry-content\">\nSpecialisation in banking law, contract law and real estate law<\/div>\n<\/div>\n\t<div class=\"cl\"><\/div>\r\n<\/article>\r\n<!-- Finish Horizontal Profile -->\r\n\r\n\r\n<!-- Start Horizontal Profile -->\r\n\r\n<article id=\"post-8360\" class=\"one_fourth post-8360 profile type-profile status-publish has-post-thumbnail hentry pl-categs-innsbruck-en pl-categs-praxisgruppe-business-law-en pl-categs-rechtsanwalt-en\">\r\n\t\t\r\n\t<div class=\"pl_img_wrap\"><div class=\"pl_img\">\n<figure>\n<a href=\"https:\/\/www.chg.at\/en\/profile\/dr-marlene-wachter\/\"><img width=\"338\" height=\"450\" src=\"https:\/\/www.chg.at\/wp-content\/uploads\/2023\/11\/CHG-Rechtsanwaelte-Marlene-Wachter-2-Portrait.jpg\" class=\"attachment-cmsmasters-project-thumb size-cmsmasters-project-thumb wp-post-image\" alt=\"Marlene Wachter\" loading=\"lazy\" title=\"Marlene Wachter\" \/><\/a><\/figure>\n<\/div>\n<div class=\"pl_title_wrap\">\n<h2 class=\"entry-title\">\n<a href=\"https:\/\/www.chg.at\/en\/profile\/dr-marlene-wachter\/\">Marlene Wachter<\/a>\n<\/h2>\n<h5 class=\"pl_subtitle\">Attorney-at-law &amp; Partner<\/h5>\n<\/div>\n<\/div><div class=\"pl_content\">\n<div class=\"entry-content\">\nSpecialisation in labour law and general civil law<\/div>\n<\/div>\n\t<div class=\"cl\"><\/div>\r\n<\/article>\r\n<!-- Finish Horizontal Profile -->\r\n\r\n\r\n<!-- Start Horizontal Profile -->\r\n\r\n<article id=\"post-8343\" class=\"one_fourth post-8343 profile type-profile status-publish has-post-thumbnail hentry pl-categs-innsbruck-en pl-categs-praxisgruppe-immobilienrecht-en pl-categs-rechtsanwalt-en\">\r\n\t\t\r\n\t<div class=\"pl_img_wrap\"><div class=\"pl_img\">\n<figure>\n<a href=\"https:\/\/www.chg.at\/en\/profile\/dr-roland-wegleiter\/\"><img width=\"338\" height=\"450\" src=\"https:\/\/www.chg.at\/wp-content\/uploads\/2023\/11\/CHG-Rechtsanwaelte-Roland-M.-Wegleiter-Portrait.jpg\" class=\"attachment-cmsmasters-project-thumb size-cmsmasters-project-thumb wp-post-image\" alt=\"Roland M. Wegleiter\" loading=\"lazy\" title=\"Roland M. Wegleiter\" \/><\/a><\/figure>\n<\/div>\n<div class=\"pl_title_wrap\">\n<h2 class=\"entry-title\">\n<a href=\"https:\/\/www.chg.at\/en\/profile\/dr-roland-wegleiter\/\">Roland M. Wegleiter<\/a>\n<\/h2>\n<h5 class=\"pl_subtitle\">Partner, Head of the practice group Real Estate Law<\/h5>\n<\/div>\n<\/div><div class=\"pl_content\">\n<div class=\"entry-content\">\nSpecialisation in property development contract law and real estate law<\/div>\n<\/div>\n\t<div class=\"cl\"><\/div>\r\n<\/article>\r\n<!-- Finish Horizontal Profile -->\r\n\r\n\r\n<!-- Start Horizontal Profile -->\r\n\r\n<article id=\"post-25688\" class=\"one_fourth post-25688 profile type-profile status-publish has-post-thumbnail hentry pl-categs-praxisgruppe-business-law-en pl-categs-praxisgruppe-oeffentliches-wirtschaftsrecht-en pl-categs-rechtsanwaltsanwaerter-en\">\r\n\t\t\r\n\t<div class=\"pl_img_wrap\"><div class=\"pl_img\">\n<figure>\n<a href=\"https:\/\/www.chg.at\/en\/profile\/erol-alp\/\"><img width=\"338\" height=\"450\" src=\"https:\/\/www.chg.at\/wp-content\/uploads\/2024\/09\/CHG-Rechtsanwaelte-Marko-Pavlovic-Portrait-mK.jpg\" class=\"attachment-cmsmasters-project-thumb size-cmsmasters-project-thumb wp-post-image\" alt=\"Erol Alp\" loading=\"lazy\" title=\"Erol Alp\" \/><\/a><\/figure>\n<\/div>\n<div class=\"pl_title_wrap\">\n<h2 class=\"entry-title\">\n<a href=\"https:\/\/www.chg.at\/en\/profile\/erol-alp\/\">Erol Alp<\/a>\n<\/h2>\n<h5 class=\"pl_subtitle\">Associate<\/h5>\n<\/div>\n<\/div><div class=\"pl_content\">\n<div class=\"entry-content\">\nFocus on public commercial law, public procurement law and civil law<\/div>\n<\/div>\n\t<div class=\"cl\"><\/div>\r\n<\/article>\r\n<!-- Finish Horizontal Profile -->\r\n\r\n\r\n<!-- Start Horizontal Profile -->\r\n\r\n<article id=\"post-26767\" class=\"one_fourth post-26767 profile type-profile status-publish has-post-thumbnail hentry pl-categs-praxisgruppe-business-law-en pl-categs-praxisgruppe-immobilienrecht-en pl-categs-rechtsanwaltsanwaerter-en\">\r\n\t\t\r\n\t<div class=\"pl_img_wrap\"><div class=\"pl_img\">\n<figure>\n<a href=\"https:\/\/www.chg.at\/en\/profile\/michaela-friedl\/\"><img width=\"338\" height=\"450\" src=\"https:\/\/www.chg.at\/wp-content\/uploads\/2022\/06\/CHG-Rechtsanwaelte_Michaela-Fiedl.jpg\" class=\"attachment-cmsmasters-project-thumb size-cmsmasters-project-thumb wp-post-image\" alt=\"Michaela Friedl\" loading=\"lazy\" title=\"Michaela Friedl\" \/><\/a><\/figure>\n<\/div>\n<div class=\"pl_title_wrap\">\n<h2 class=\"entry-title\">\n<a href=\"https:\/\/www.chg.at\/en\/profile\/michaela-friedl\/\">Michaela Friedl<\/a>\n<\/h2>\n<h5 class=\"pl_subtitle\">Associate<\/h5>\n<\/div>\n<\/div><div class=\"pl_content\">\n<div class=\"entry-content\">\nFocus of training in real estate and labour law<\/div>\n<\/div>\n\t<div class=\"cl\"><\/div>\r\n<\/article>\r\n<!-- Finish Horizontal Profile -->\r\n\r\n\r\n<!-- Start Horizontal Profile -->\r\n\r\n<article id=\"post-26765\" class=\"one_fourth post-26765 profile type-profile status-publish has-post-thumbnail hentry pl-categs-praxisgruppe-business-law-en pl-categs-praxisgruppe-corporate-en pl-categs-rechtsanwaltsanwaerter-en\">\r\n\t\t\r\n\t<div class=\"pl_img_wrap\"><div class=\"pl_img\">\n<figure>\n<a href=\"https:\/\/www.chg.at\/en\/profile\/christoph-fuereder\/\"><img width=\"338\" height=\"450\" src=\"https:\/\/www.chg.at\/wp-content\/uploads\/2025\/03\/CHG-Rechtsanwaelte_Fuereder-Christoph.png\" class=\"attachment-cmsmasters-project-thumb size-cmsmasters-project-thumb wp-post-image\" alt=\"Christoph F\u00fcreder\" loading=\"lazy\" title=\"Christoph F\u00fcreder\" \/><\/a><\/figure>\n<\/div>\n<div class=\"pl_title_wrap\">\n<h2 class=\"entry-title\">\n<a href=\"https:\/\/www.chg.at\/en\/profile\/christoph-fuereder\/\">Christoph F\u00fcreder<\/a>\n<\/h2>\n<h5 class=\"pl_subtitle\">Associate<\/h5>\n<\/div>\n<\/div><div class=\"pl_content\">\n<div class=\"entry-content\">\nFocus of training in general civil and contract law, corporate and company law<\/div>\n<\/div>\n\t<div class=\"cl\"><\/div>\r\n<\/article>\r\n<!-- Finish Horizontal Profile -->\r\n\r\n\r\n<!-- Start Horizontal Profile -->\r\n\r\n<article id=\"post-27441\" class=\"one_fourth post-27441 profile type-profile status-publish has-post-thumbnail hentry pl-categs-praxisgruppe-data-technology-en pl-categs-rechtsanwaltsanwaerter-en\">\r\n\t\t\r\n\t<div class=\"pl_img_wrap\"><div class=\"pl_img\">\n<figure>\n<a href=\"https:\/\/www.chg.at\/en\/profile\/annika-clarissa-grassmayr-2\/\"><img width=\"338\" height=\"450\" src=\"https:\/\/www.chg.at\/wp-content\/uploads\/2023\/11\/CHG-Rechtsanwaelte-Annika-Clarissa-Grassmayr-Portrait.jpg\" class=\"attachment-cmsmasters-project-thumb size-cmsmasters-project-thumb wp-post-image\" alt=\"Annika Clarissa Grassmayr\" loading=\"lazy\" title=\"Annika Clarissa Grassmayr\" \/><\/a><\/figure>\n<\/div>\n<div class=\"pl_title_wrap\">\n<h2 class=\"entry-title\">\n<a href=\"https:\/\/www.chg.at\/en\/profile\/annika-clarissa-grassmayr-2\/\">Annika Clarissa Grassmayr<\/a>\n<\/h2>\n<h5 class=\"pl_subtitle\">Legal assistant<\/h5>\n<\/div>\n<\/div><div class=\"pl_content\">\n<div class=\"entry-content\">\nPart of the practice group data & technology<\/div>\n<\/div>\n\t<div class=\"cl\"><\/div>\r\n<\/article>\r\n<!-- Finish Horizontal Profile -->\r\n\r\n\r\n<!-- Start Horizontal Profile -->\r\n\r\n<article id=\"post-26762\" class=\"one_fourth post-26762 profile type-profile status-publish has-post-thumbnail hentry pl-categs-praxisgruppe-business-law-en pl-categs-praxisgruppe-immobilienrecht-en pl-categs-rechtsanwaltsanwaerter-en\">\r\n\t\t\r\n\t<div class=\"pl_img_wrap\"><div class=\"pl_img\">\n<figure>\n<a href=\"https:\/\/www.chg.at\/en\/profile\/felix-hollenstein\/\"><img width=\"338\" height=\"450\" src=\"https:\/\/www.chg.at\/wp-content\/uploads\/2025\/06\/Felix-Hollenstein-1-1.png\" class=\"attachment-cmsmasters-project-thumb size-cmsmasters-project-thumb wp-post-image\" alt=\"Felix Hollenstein\" loading=\"lazy\" title=\"Felix Hollenstein\" \/><\/a><\/figure>\n<\/div>\n<div class=\"pl_title_wrap\">\n<h2 class=\"entry-title\">\n<a href=\"https:\/\/www.chg.at\/en\/profile\/felix-hollenstein\/\">Felix Hollenstein<\/a>\n<\/h2>\n<h5 class=\"pl_subtitle\">Associate<\/h5>\n<\/div>\n<\/div><div class=\"pl_content\">\n<div class=\"entry-content\">\nFocus of training in contract law, real estate law and commercial and corporate law<\/div>\n<\/div>\n\t<div class=\"cl\"><\/div>\r\n<\/article>\r\n<!-- Finish Horizontal Profile -->\r\n\r\n\r\n<!-- Start Horizontal Profile -->\r\n\r\n<article id=\"post-28773\" class=\"one_fourth post-28773 profile type-profile status-publish has-post-thumbnail hentry pl-categs-praxisgruppe-business-law-en pl-categs-praxisgruppe-immobilienrecht-en pl-categs-rechtsanwaltsanwaerter-en\">\r\n\t\t\r\n\t<div class=\"pl_img_wrap\"><div class=\"pl_img\">\n<figure>\n<a href=\"https:\/\/www.chg.at\/en\/profile\/carlos-kammerlander\/\"><img width=\"338\" height=\"450\" src=\"https:\/\/www.chg.at\/wp-content\/uploads\/2022\/06\/Carlos-Kammerlander-3.png\" class=\"attachment-cmsmasters-project-thumb size-cmsmasters-project-thumb wp-post-image\" alt=\"Carlos Kammerlander\" loading=\"lazy\" title=\"Carlos Kammerlander\" \/><\/a><\/figure>\n<\/div>\n<div class=\"pl_title_wrap\">\n<h2 class=\"entry-title\">\n<a href=\"https:\/\/www.chg.at\/en\/profile\/carlos-kammerlander\/\">Carlos Kammerlander<\/a>\n<\/h2>\n<h5 class=\"pl_subtitle\">Associate<\/h5>\n<\/div>\n<\/div><div class=\"pl_content\">\n<div class=\"entry-content\">\nFocus of training in employment law, property law and civil procedure<\/div>\n<\/div>\n\t<div class=\"cl\"><\/div>\r\n<\/article>\r\n<!-- Finish Horizontal Profile -->\r\n\r\n\r\n<!-- Start Horizontal Profile -->\r\n\r\n<article id=\"post-27996\" class=\"one_fourth post-27996 profile type-profile status-publish has-post-thumbnail hentry pl-categs-praxisgruppe-corporate-en pl-categs-rechtsanwaltsanwaerter-en\">\r\n\t\t\r\n\t<div class=\"pl_img_wrap\"><div class=\"pl_img\">\n<figure>\n<a href=\"https:\/\/www.chg.at\/en\/profile\/mattias-koeck\/\"><img width=\"338\" height=\"450\" src=\"https:\/\/www.chg.at\/wp-content\/uploads\/2025\/12\/Mattias-Koeck-1.png\" class=\"attachment-cmsmasters-project-thumb size-cmsmasters-project-thumb wp-post-image\" alt=\"Mattias K\u00f6ck\" loading=\"lazy\" title=\"Mattias K\u00f6ck\" \/><\/a><\/figure>\n<\/div>\n<div class=\"pl_title_wrap\">\n<h2 class=\"entry-title\">\n<a href=\"https:\/\/www.chg.at\/en\/profile\/mattias-koeck\/\">Mattias K\u00f6ck<\/a>\n<\/h2>\n<h5 class=\"pl_subtitle\">Associate<\/h5>\n<\/div>\n<\/div><div class=\"pl_content\">\n<div class=\"entry-content\">\nFocus of training on corporate and company law \/ M&A<\/div>\n<\/div>\n\t<div class=\"cl\"><\/div>\r\n<\/article>\r\n<!-- Finish Horizontal Profile -->\r\n\r\n\r\n<!-- Start Horizontal Profile -->\r\n\r\n<article id=\"post-22722\" class=\"one_fourth post-22722 profile type-profile status-publish has-post-thumbnail hentry pl-categs-praxisgruppe-business-law-en pl-categs-praxisgruppe-data-technology-en pl-categs-rechtsanwaltsanwaerter-en\">\r\n\t\t\r\n\t<div class=\"pl_img_wrap\"><div class=\"pl_img\">\n<figure>\n<a href=\"https:\/\/www.chg.at\/en\/profile\/marco-ladner\/\"><img width=\"338\" height=\"450\" src=\"https:\/\/www.chg.at\/wp-content\/uploads\/2023\/11\/CHG-Rechtsanwaelte-Marco-Ladner-Portrait.jpg\" class=\"attachment-cmsmasters-project-thumb size-cmsmasters-project-thumb wp-post-image\" alt=\"Marco Ladner\" loading=\"lazy\" title=\"Marco Ladner\" \/><\/a><\/figure>\n<\/div>\n<div class=\"pl_title_wrap\">\n<h2 class=\"entry-title\">\n<a href=\"https:\/\/www.chg.at\/en\/profile\/marco-ladner\/\">Marco Ladner<\/a>\n<\/h2>\n<h5 class=\"pl_subtitle\">Associate<\/h5>\n<\/div>\n<\/div><div class=\"pl_content\">\n<div class=\"entry-content\">\nFocus of training in IT law, data protection law as well as general civil and contract law\r\n <\/div>\n<\/div>\n\t<div class=\"cl\"><\/div>\r\n<\/article>\r\n<!-- Finish Horizontal Profile -->\r\n\r\n\r\n<!-- Start Horizontal Profile -->\r\n\r\n<article id=\"post-18834\" class=\"one_fourth post-18834 profile type-profile status-publish has-post-thumbnail hentry pl-categs-praxisgruppe-business-law-en pl-categs-rechtsanwaltsanwaerter-en\">\r\n\t\t\r\n\t<div class=\"pl_img_wrap\"><div class=\"pl_img\">\n<figure>\n<a href=\"https:\/\/www.chg.at\/en\/profile\/julian-mayrhofer\/\"><img width=\"338\" height=\"450\" src=\"https:\/\/www.chg.at\/wp-content\/uploads\/2022\/06\/CHG-Rechtsanwaelte-Julian-Mayrhofer-Portrait2.jpg\" class=\"attachment-cmsmasters-project-thumb size-cmsmasters-project-thumb wp-post-image\" alt=\"Julian Mayrhofer\" loading=\"lazy\" title=\"Julian Mayrhofer\" \/><\/a><\/figure>\n<\/div>\n<div class=\"pl_title_wrap\">\n<h2 class=\"entry-title\">\n<a href=\"https:\/\/www.chg.at\/en\/profile\/julian-mayrhofer\/\">Julian Mayrhofer<\/a>\n<\/h2>\n<h5 class=\"pl_subtitle\">Associate<\/h5>\n<\/div>\n<\/div><div class=\"pl_content\">\n<div class=\"entry-content\">\nFocus of training in real estate law and civil and contract law<\/div>\n<\/div>\n\t<div class=\"cl\"><\/div>\r\n<\/article>\r\n<!-- Finish Horizontal Profile -->\r\n\r\n\r\n<!-- Start Horizontal Profile -->\r\n\r\n<article id=\"post-22707\" class=\"one_fourth post-22707 profile type-profile status-publish has-post-thumbnail hentry pl-categs-praxisgruppe-business-law-en pl-categs-praxisgruppe-oeffentliches-wirtschaftsrecht-en pl-categs-rechtsanwaltsanwaerter-en\">\r\n\t\t\r\n\t<div class=\"pl_img_wrap\"><div class=\"pl_img\">\n<figure>\n<a href=\"https:\/\/www.chg.at\/en\/profile\/michael-opuhac\/\"><img width=\"338\" height=\"450\" src=\"https:\/\/www.chg.at\/wp-content\/uploads\/2023\/11\/CHG-Rechtsanwaelte-Michael-Opuhac-Portrait.jpg\" class=\"attachment-cmsmasters-project-thumb size-cmsmasters-project-thumb wp-post-image\" alt=\"Michael Opuhac\" loading=\"lazy\" title=\"Michael Opuhac\" \/><\/a><\/figure>\n<\/div>\n<div class=\"pl_title_wrap\">\n<h2 class=\"entry-title\">\n<a href=\"https:\/\/www.chg.at\/en\/profile\/michael-opuhac\/\">Michael Opuhac<\/a>\n<\/h2>\n<h5 class=\"pl_subtitle\">Associate<\/h5>\n<\/div>\n<\/div><div class=\"pl_content\">\n<div class=\"entry-content\">\nTraining focus on public commercial law and civil law and civil procedural law<\/div>\n<\/div>\n\t<div class=\"cl\"><\/div>\r\n<\/article>\r\n<!-- Finish Horizontal Profile -->\r\n\r\n\r\n<!-- Start Horizontal Profile -->\r\n\r\n<article id=\"post-25692\" class=\"one_fourth post-25692 profile type-profile status-publish has-post-thumbnail hentry pl-categs-praxisgruppe-banking-finance-en pl-categs-praxisgruppe-corporate-en pl-categs-rechtsanwaltsanwaerter-en pl-categs-wien-en\">\r\n\t\t\r\n\t<div class=\"pl_img_wrap\"><div class=\"pl_img\">\n<figure>\n<a href=\"https:\/\/www.chg.at\/en\/profile\/marko-pavlovic\/\"><img width=\"338\" height=\"450\" src=\"https:\/\/www.chg.at\/wp-content\/uploads\/2024\/10\/CHG-Rechtsanwaelte-Marko-Pavlovic-Portrait-mK-2.jpg\" class=\"attachment-cmsmasters-project-thumb size-cmsmasters-project-thumb wp-post-image\" alt=\"Marko Pavlovic\" loading=\"lazy\" title=\"Marko Pavlovic\" \/><\/a><\/figure>\n<\/div>\n<div class=\"pl_title_wrap\">\n<h2 class=\"entry-title\">\n<a href=\"https:\/\/www.chg.at\/en\/profile\/marko-pavlovic\/\">Marko Pavlovic<\/a>\n<\/h2>\n<h5 class=\"pl_subtitle\">Associate<\/h5>\n<\/div>\n<\/div><div class=\"pl_content\">\n<div class=\"entry-content\">\nFocus on general civil and contract law, corporate and company law and banking law<\/div>\n<\/div>\n\t<div class=\"cl\"><\/div>\r\n<\/article>\r\n<!-- Finish Horizontal Profile -->\r\n\r\n\r\n<!-- Start Horizontal Profile -->\r\n\r\n<article id=\"post-28344\" class=\"one_fourth post-28344 profile type-profile status-publish has-post-thumbnail hentry pl-categs-praxisgruppe-oeffentliches-wirtschaftsrecht-en pl-categs-rechtsanwaltsanwaerter-en\">\r\n\t\t\r\n\t<div class=\"pl_img_wrap\"><div class=\"pl_img\">\n<figure>\n<a href=\"https:\/\/www.chg.at\/en\/profile\/ilse-pohl\/\"><img width=\"338\" height=\"450\" src=\"https:\/\/www.chg.at\/wp-content\/uploads\/2022\/06\/Ilse-Pohl.png\" class=\"attachment-cmsmasters-project-thumb size-cmsmasters-project-thumb wp-post-image\" alt=\"Ilse Pohl\" loading=\"lazy\" title=\"Ilse Pohl\" \/><\/a><\/figure>\n<\/div>\n<div class=\"pl_title_wrap\">\n<h2 class=\"entry-title\">\n<a href=\"https:\/\/www.chg.at\/en\/profile\/ilse-pohl\/\">Ilse Pohl<\/a>\n<\/h2>\n<h5 class=\"pl_subtitle\">Associate<\/h5>\n<\/div>\n<\/div><div class=\"pl_content\">\n<div class=\"entry-content\">\nFocus on public commercial law and public procurement law<\/div>\n<\/div>\n\t<div class=\"cl\"><\/div>\r\n<\/article>\r\n<!-- Finish Horizontal Profile -->\r\n\r\n\r\n<!-- Start Horizontal Profile -->\r\n\r\n<article id=\"post-27998\" class=\"one_fourth post-27998 profile type-profile status-publish has-post-thumbnail hentry pl-categs-praxisgruppe-business-law-en pl-categs-praxisgruppe-oeffentliches-wirtschaftsrecht-en pl-categs-rechtsanwaltsanwaerter-en\">\r\n\t\t\r\n\t<div class=\"pl_img_wrap\"><div class=\"pl_img\">\n<figure>\n<a href=\"https:\/\/www.chg.at\/en\/profile\/maria-posch-kopie\/\"><img width=\"338\" height=\"450\" src=\"https:\/\/www.chg.at\/wp-content\/uploads\/2025\/11\/Maria-Posch-1.png\" class=\"attachment-cmsmasters-project-thumb size-cmsmasters-project-thumb wp-post-image\" alt=\"Maria Posch\" loading=\"lazy\" title=\"Maria Posch\" \/><\/a><\/figure>\n<\/div>\n<div class=\"pl_title_wrap\">\n<h2 class=\"entry-title\">\n<a href=\"https:\/\/www.chg.at\/en\/profile\/maria-posch-kopie\/\">Maria Posch<\/a>\n<\/h2>\n<h5 class=\"pl_subtitle\">Associate<\/h5>\n<\/div>\n<\/div><div class=\"pl_content\">\n<div class=\"entry-content\">\nFocus of training in general civil and contract law as well as public procurement law<\/div>\n<\/div>\n\t<div class=\"cl\"><\/div>\r\n<\/article>\r\n<!-- Finish Horizontal Profile -->\r\n\r\n\r\n<!-- Start Horizontal Profile -->\r\n\r\n<article id=\"post-24996\" class=\"one_fourth post-24996 profile type-profile status-publish has-post-thumbnail hentry pl-categs-praxisgruppe-corporate-en pl-categs-praxisgruppe-oeffentliches-wirtschaftsrecht-en pl-categs-rechtsanwaltsanwaerter-en\">\r\n\t\t\r\n\t<div class=\"pl_img_wrap\"><div class=\"pl_img\">\n<figure>\n<a href=\"https:\/\/www.chg.at\/en\/profile\/veronika-praxmarer-breuer\/\"><img width=\"338\" height=\"450\" src=\"https:\/\/www.chg.at\/wp-content\/uploads\/2024\/04\/CHG-Rechtsanwaelte-Veronika-Praxmarer-Breuer-Portrait.jpg\" class=\"attachment-cmsmasters-project-thumb size-cmsmasters-project-thumb wp-post-image\" alt=\"Veronika Praxmarer-Breuer\" loading=\"lazy\" title=\"Veronika Praxmarer-Breuer\" \/><\/a><\/figure>\n<\/div>\n<div class=\"pl_title_wrap\">\n<h2 class=\"entry-title\">\n<a href=\"https:\/\/www.chg.at\/en\/profile\/veronika-praxmarer-breuer\/\">Veronika Praxmarer-Breuer<\/a>\n<\/h2>\n<h5 class=\"pl_subtitle\">Associate<\/h5>\n<\/div>\n<\/div><div class=\"pl_content\">\n<div class=\"entry-content\">\nPractice focus in the practice group Corporate \/ M&A <\/div>\n<\/div>\n\t<div class=\"cl\"><\/div>\r\n<\/article>\r\n<!-- Finish Horizontal Profile -->\r\n\r\n\r\n<!-- Start Horizontal Profile -->\r\n\r\n<article id=\"post-26982\" class=\"one_fourth post-26982 profile type-profile status-publish has-post-thumbnail hentry pl-categs-praxisgruppe-business-law-en pl-categs-praxisgruppe-oeffentliches-wirtschaftsrecht-en pl-categs-rechtsanwaltsanwaerter-en\">\r\n\t\t\r\n\t<div class=\"pl_img_wrap\"><div class=\"pl_img\">\n<figure>\n<a href=\"https:\/\/www.chg.at\/en\/profile\/sylvia-riedmann-flatz\/\"><img width=\"338\" height=\"450\" src=\"https:\/\/www.chg.at\/wp-content\/uploads\/2023\/11\/CHG-Rechtsanwaelte-Sylvia-Riedmann-Flatz-Portrait.jpg\" class=\"attachment-cmsmasters-project-thumb size-cmsmasters-project-thumb wp-post-image\" alt=\"Sylvia Riedmann-Flatz\" loading=\"lazy\" title=\"Sylvia Riedmann-Flatz\" \/><\/a><\/figure>\n<\/div>\n<div class=\"pl_title_wrap\">\n<h2 class=\"entry-title\">\n<a href=\"https:\/\/www.chg.at\/en\/profile\/sylvia-riedmann-flatz\/\">Sylvia Riedmann-Flatz<\/a>\n<\/h2>\n<h5 class=\"pl_subtitle\">Associate<\/h5>\n<\/div>\n<\/div><div class=\"pl_content\">\n<div class=\"entry-content\">\n Focus on public procurement law, public commercial law, civil law, and contract law<\/div>\n<\/div>\n\t<div class=\"cl\"><\/div>\r\n<\/article>\r\n<!-- Finish Horizontal Profile -->\r\n\r\n\r\n<!-- Start Horizontal Profile -->\r\n\r\n<article id=\"post-24991\" class=\"one_fourth post-24991 profile type-profile status-publish has-post-thumbnail hentry pl-categs-praxisgruppe-business-law-en pl-categs-praxisgruppe-immobilienrecht-en pl-categs-rechtsanwaltsanwaerter-en\">\r\n\t\t\r\n\t<div class=\"pl_img_wrap\"><div class=\"pl_img\">\n<figure>\n<a href=\"https:\/\/www.chg.at\/en\/profile\/niklas-schneider\/\"><img width=\"338\" height=\"450\" src=\"https:\/\/www.chg.at\/wp-content\/uploads\/2024\/04\/CHG-Rechtsanwaelte-Niklas-Schneider-Portrait-m.jpg\" class=\"attachment-cmsmasters-project-thumb size-cmsmasters-project-thumb wp-post-image\" alt=\"Niklas Schneider\" loading=\"lazy\" title=\"Niklas Schneider\" \/><\/a><\/figure>\n<\/div>\n<div class=\"pl_title_wrap\">\n<h2 class=\"entry-title\">\n<a href=\"https:\/\/www.chg.at\/en\/profile\/niklas-schneider\/\">Niklas Schneider<\/a>\n<\/h2>\n<h5 class=\"pl_subtitle\">Associate<\/h5>\n<\/div>\n<\/div><div class=\"pl_content\">\n<div class=\"entry-content\">\nTraining focus on general civil and contract law and real estate law<\/div>\n<\/div>\n\t<div class=\"cl\"><\/div>\r\n<\/article>\r\n<!-- Finish Horizontal Profile -->\r\n\r\n\r\n<!-- Start Horizontal Profile -->\r\n\r\n<article id=\"post-26986\" class=\"one_fourth post-26986 profile type-profile status-publish has-post-thumbnail hentry pl-categs-praxisgruppe-data-technology-en pl-categs-rechtsanwaltsanwaerter-en\">\r\n\t\t\r\n\t<div class=\"pl_img_wrap\"><div class=\"pl_img\">\n<figure>\n<a href=\"https:\/\/www.chg.at\/en\/profile\/hannes-schoerghuber\/\"><img width=\"338\" height=\"450\" src=\"https:\/\/www.chg.at\/wp-content\/uploads\/2025\/04\/Hannes-Schoerghuber-1.png\" class=\"attachment-cmsmasters-project-thumb size-cmsmasters-project-thumb wp-post-image\" alt=\"Hannes Sch\u00f6rghuber\" loading=\"lazy\" title=\"Hannes Sch\u00f6rghuber\" \/><\/a><\/figure>\n<\/div>\n<div class=\"pl_title_wrap\">\n<h2 class=\"entry-title\">\n<a href=\"https:\/\/www.chg.at\/en\/profile\/hannes-schoerghuber\/\">Hannes Sch\u00f6rghuber<\/a>\n<\/h2>\n<h5 class=\"pl_subtitle\">Legal engineer<\/h5>\n<\/div>\n<\/div><div class=\"pl_content\">\n<div class=\"entry-content\">\nPart of the practice group data & technology<\/div>\n<\/div>\n\t<div class=\"cl\"><\/div>\r\n<\/article>\r\n<!-- Finish Horizontal Profile -->\r\n\r\n\r\n<!-- Start Horizontal Profile -->\r\n\r\n<article id=\"post-22759\" class=\"one_fourth post-22759 profile type-profile status-publish has-post-thumbnail hentry pl-categs-praxisgruppe-business-law-en pl-categs-praxisgruppe-corporate-en pl-categs-rechtsanwaltsanwaerter-en\">\r\n\t\t\r\n\t<div class=\"pl_img_wrap\"><div class=\"pl_img\">\n<figure>\n<a href=\"https:\/\/www.chg.at\/en\/profile\/mag-guelsah-yanik\/\"><img width=\"338\" height=\"450\" src=\"https:\/\/www.chg.at\/wp-content\/uploads\/2023\/11\/CHG-Rechtsanwaelte-Guelsah-Yanik-Portrait.jpg\" class=\"attachment-cmsmasters-project-thumb size-cmsmasters-project-thumb wp-post-image\" alt=\"G\u00fcl\u015fah Yanik\" loading=\"lazy\" title=\"G\u00fcl\u015fah Yanik\" \/><\/a><\/figure>\n<\/div>\n<div class=\"pl_title_wrap\">\n<h2 class=\"entry-title\">\n<a href=\"https:\/\/www.chg.at\/en\/profile\/mag-guelsah-yanik\/\">G\u00fcl\u015fah Yanik<\/a>\n<\/h2>\n<h5 class=\"pl_subtitle\">Associate<\/h5>\n<\/div>\n<\/div><div class=\"pl_content\">\n<div class=\"entry-content\">\nFocus of training in corporate and company law as well as general civil and contract law<\/div>\n<\/div>\n\t<div class=\"cl\"><\/div>\r\n<\/article>\r\n<!-- Finish Horizontal Profile -->\r\n\r\n<\/div>\n\n<div id=\"69f15e6080aef2_78614484\" class=\"cmsmasters_profile horizontal disabled-link\" data-animation=\"fadeInUp\" data-delay=\"0\">\n\r\n<!-- Start Horizontal Profile -->\r\n\r\n<article id=\"post-23150\" class=\"one_fourth post-23150 profile type-profile status-publish has-post-thumbnail hentry pl-categs-assistenz-en\">\r\n\t\t\r\n\t<div class=\"pl_img_wrap\"><div class=\"pl_img\">\n<figure>\n<a href=\"https:\/\/www.chg.at\/en\/profile\/diana-boehme\/\"><img width=\"338\" height=\"450\" src=\"https:\/\/www.chg.at\/wp-content\/uploads\/2023\/11\/CHG-Rechtsanwaelte-Diana-Boehme-Portrait.jpg\" class=\"attachment-cmsmasters-project-thumb size-cmsmasters-project-thumb wp-post-image\" alt=\"Diana B\u00f6hme\" loading=\"lazy\" title=\"Diana B\u00f6hme\" \/><\/a><\/figure>\n<\/div>\n<div class=\"pl_title_wrap\">\n<h2 class=\"entry-title\">\n<a href=\"https:\/\/www.chg.at\/en\/profile\/diana-boehme\/\">Diana B\u00f6hme<\/a>\n<\/h2>\n<\/div>\n<\/div><div class=\"pl_content\">\n<div class=\"entry-content\">\nOffice Honorary Consul<\/div>\n<\/div>\n\t<div class=\"cl\"><\/div>\r\n<\/article>\r\n<!-- Finish Horizontal Profile -->\r\n\r\n\r\n<!-- Start Horizontal Profile -->\r\n\r\n<article id=\"post-24561\" class=\"one_fourth post-24561 profile type-profile status-publish has-post-thumbnail hentry pl-categs-assistenz-en\">\r\n\t\t\r\n\t<div class=\"pl_img_wrap\"><div class=\"pl_img\">\n<figure>\n<a href=\"https:\/\/www.chg.at\/en\/profile\/gueluezar-cetin\/\"><img width=\"338\" height=\"450\" src=\"https:\/\/www.chg.at\/wp-content\/uploads\/2023\/11\/CHG-Rechtsanwaelte-Cetin-Guluzar-Portrait.jpg\" class=\"attachment-cmsmasters-project-thumb size-cmsmasters-project-thumb wp-post-image\" alt=\"G\u00fcl\u00fczar Cetin\" loading=\"lazy\" title=\"G\u00fcl\u00fczar Cetin\" \/><\/a><\/figure>\n<\/div>\n<div class=\"pl_title_wrap\">\n<h2 class=\"entry-title\">\n<a href=\"https:\/\/www.chg.at\/en\/profile\/gueluezar-cetin\/\">G\u00fcl\u00fczar Cetin<\/a>\n<\/h2>\n<\/div>\n<\/div><div class=\"pl_content\">\n<div class=\"entry-content\">\nAssistant<\/div>\n<\/div>\n\t<div class=\"cl\"><\/div>\r\n<\/article>\r\n<!-- Finish Horizontal Profile -->\r\n\r\n\r\n<!-- Start Horizontal Profile -->\r\n\r\n<article id=\"post-25307\" class=\"one_fourth post-25307 profile type-profile status-publish has-post-thumbnail hentry pl-categs-assistenz-en\">\r\n\t\t\r\n\t<div class=\"pl_img_wrap\"><div class=\"pl_img\">\n<figure>\n<a href=\"https:\/\/www.chg.at\/en\/profile\/konstanze-dabernig\/\"><img width=\"338\" height=\"450\" src=\"https:\/\/www.chg.at\/wp-content\/uploads\/2024\/04\/CHG-Rechtsanwaelte-Konstanze-Dabernig-Portrait.jpg\" class=\"attachment-cmsmasters-project-thumb size-cmsmasters-project-thumb wp-post-image\" alt=\"Konstanze Dabernig\" loading=\"lazy\" title=\"Konstanze Dabernig\" \/><\/a><\/figure>\n<\/div>\n<div class=\"pl_title_wrap\">\n<h2 class=\"entry-title\">\n<a href=\"https:\/\/www.chg.at\/en\/profile\/konstanze-dabernig\/\">Konstanze Dabernig<\/a>\n<\/h2>\n<\/div>\n<\/div><div class=\"pl_content\">\n<div class=\"entry-content\">\nPreparative Accounting<\/div>\n<\/div>\n\t<div class=\"cl\"><\/div>\r\n<\/article>\r\n<!-- Finish Horizontal Profile -->\r\n\r\n\r\n<!-- Start Horizontal Profile -->\r\n\r\n<article id=\"post-23147\" class=\"one_fourth post-23147 profile type-profile status-publish has-post-thumbnail hentry pl-categs-assistenz-en\">\r\n\t\t\r\n\t<div class=\"pl_img_wrap\"><div class=\"pl_img\">\n<figure>\n<a href=\"https:\/\/www.chg.at\/en\/profile\/renate-eder\/\"><img width=\"338\" height=\"450\" src=\"https:\/\/www.chg.at\/wp-content\/uploads\/2023\/11\/CHG-Rechtsanwaelte-ABC-Portrait.jpg\" class=\"attachment-cmsmasters-project-thumb size-cmsmasters-project-thumb wp-post-image\" alt=\"Renate Eder\" loading=\"lazy\" title=\"Renate Eder\" \/><\/a><\/figure>\n<\/div>\n<div class=\"pl_title_wrap\">\n<h2 class=\"entry-title\">\n<a href=\"https:\/\/www.chg.at\/en\/profile\/renate-eder\/\">Renate Eder<\/a>\n<\/h2>\n<\/div>\n<\/div><div class=\"pl_content\">\n<div class=\"entry-content\">\nAssistant office St. Johann in Tirol<\/div>\n<\/div>\n\t<div class=\"cl\"><\/div>\r\n<\/article>\r\n<!-- Finish Horizontal Profile -->\r\n\r\n\r\n<!-- Start Horizontal Profile -->\r\n\r\n<article id=\"post-25351\" class=\"one_fourth post-25351 profile type-profile status-publish has-post-thumbnail hentry pl-categs-assistenz-en\">\r\n\t\t\r\n\t<div class=\"pl_img_wrap\"><div class=\"pl_img\">\n<figure>\n<a href=\"https:\/\/www.chg.at\/en\/profile\/gina-louise-gehrke\/\"><img width=\"338\" height=\"450\" src=\"https:\/\/www.chg.at\/wp-content\/uploads\/2024\/07\/Gina-Louise-Gehrke.jpg\" class=\"attachment-cmsmasters-project-thumb size-cmsmasters-project-thumb wp-post-image\" alt=\"Gina Louise Gehrke\" loading=\"lazy\" title=\"Gina Louise Gehrke\" \/><\/a><\/figure>\n<\/div>\n<div class=\"pl_title_wrap\">\n<h2 class=\"entry-title\">\n<a href=\"https:\/\/www.chg.at\/en\/profile\/gina-louise-gehrke\/\">Gina Louise Gehrke<\/a>\n<\/h2>\n<\/div>\n<\/div><div class=\"pl_content\">\n<div class=\"entry-content\">\nPreparative Accounting\r\n<\/div>\n<\/div>\n\t<div class=\"cl\"><\/div>\r\n<\/article>\r\n<!-- Finish Horizontal Profile -->\r\n\r\n\r\n<!-- Start Horizontal Profile -->\r\n\r\n<article id=\"post-25297\" class=\"one_fourth post-25297 profile type-profile status-publish has-post-thumbnail hentry pl-categs-assistenz-en\">\r\n\t\t\r\n\t<div class=\"pl_img_wrap\"><div class=\"pl_img\">\n<figure>\n<a href=\"https:\/\/www.chg.at\/en\/profile\/rebekka-harb\/\"><img width=\"338\" height=\"450\" src=\"https:\/\/www.chg.at\/wp-content\/uploads\/2024\/07\/CHG-Rechtsanwaelte-Rebekka-Harb-Portrait.jpg\" class=\"attachment-cmsmasters-project-thumb size-cmsmasters-project-thumb wp-post-image\" alt=\"Rebekka Harb\" loading=\"lazy\" title=\"Rebekka Harb\" \/><\/a><\/figure>\n<\/div>\n<div class=\"pl_title_wrap\">\n<h2 class=\"entry-title\">\n<a href=\"https:\/\/www.chg.at\/en\/profile\/rebekka-harb\/\">Rebekka Harb<\/a>\n<\/h2>\n<\/div>\n<\/div><div class=\"pl_content\">\n<div class=\"entry-content\">\nAssistant to the Management Board, Marketing<\/div>\n<\/div>\n\t<div class=\"cl\"><\/div>\r\n<\/article>\r\n<!-- Finish Horizontal Profile -->\r\n\r\n\r\n<!-- Start Horizontal Profile -->\r\n\r\n<article id=\"post-27443\" class=\"one_fourth post-27443 profile type-profile status-publish has-post-thumbnail hentry pl-categs-assistenz-en\">\r\n\t\t\r\n\t<div class=\"pl_img_wrap\"><div class=\"pl_img\">\n<figure>\n<a href=\"https:\/\/www.chg.at\/en\/profile\/emma-jaeger-kopie\/\"><img width=\"338\" height=\"450\" src=\"https:\/\/www.chg.at\/wp-content\/uploads\/2025\/10\/Emma-Jaeger-2.png\" class=\"attachment-cmsmasters-project-thumb size-cmsmasters-project-thumb wp-post-image\" alt=\"Emma J\u00e4ger\" loading=\"lazy\" title=\"Emma J\u00e4ger\" \/><\/a><\/figure>\n<\/div>\n<div class=\"pl_title_wrap\">\n<h2 class=\"entry-title\">\n<a href=\"https:\/\/www.chg.at\/en\/profile\/emma-jaeger-kopie\/\">Emma J\u00e4ger<\/a>\n<\/h2>\n<\/div>\n<\/div><div class=\"pl_content\">\n<div class=\"entry-content\">\nAssistant<\/div>\n<\/div>\n\t<div class=\"cl\"><\/div>\r\n<\/article>\r\n<!-- Finish Horizontal Profile -->\r\n\r\n\r\n<!-- Start Horizontal Profile -->\r\n\r\n<article id=\"post-23127\" class=\"one_fourth post-23127 profile type-profile status-publish has-post-thumbnail hentry pl-categs-assistenz-en\">\r\n\t\t\r\n\t<div class=\"pl_img_wrap\"><div class=\"pl_img\">\n<figure>\n<a href=\"https:\/\/www.chg.at\/en\/profile\/raphael-kerschbaumer\/\"><img width=\"338\" height=\"450\" src=\"https:\/\/www.chg.at\/wp-content\/uploads\/2023\/11\/CHG-Rechtsanwaelte-Raphael-Kerschbaumer-Portrait.jpg\" class=\"attachment-cmsmasters-project-thumb size-cmsmasters-project-thumb wp-post-image\" alt=\"Raphael Kerschbaumer\" loading=\"lazy\" title=\"Raphael Kerschbaumer\" \/><\/a><\/figure>\n<\/div>\n<div class=\"pl_title_wrap\">\n<h2 class=\"entry-title\">\n<a href=\"https:\/\/www.chg.at\/en\/profile\/raphael-kerschbaumer\/\">Raphael Kerschbaumer<\/a>\n<\/h2>\n<\/div>\n<\/div><div class=\"pl_content\">\n<div class=\"entry-content\">\nAssistant practice group Corporate\/M&A<\/div>\n<\/div>\n\t<div class=\"cl\"><\/div>\r\n<\/article>\r\n<!-- Finish Horizontal Profile -->\r\n\r\n\r\n<!-- Start Horizontal Profile -->\r\n\r\n<article id=\"post-26988\" class=\"one_fourth post-26988 profile type-profile status-publish has-post-thumbnail hentry pl-categs-assistenz-en\">\r\n\t\t\r\n\t<div class=\"pl_img_wrap\"><div class=\"pl_img\">\n<figure>\n<a href=\"https:\/\/www.chg.at\/en\/profile\/anna-knoll\/\"><img width=\"338\" height=\"450\" src=\"https:\/\/www.chg.at\/wp-content\/uploads\/2025\/07\/Anna-Knoll-8.png\" class=\"attachment-cmsmasters-project-thumb size-cmsmasters-project-thumb wp-post-image\" alt=\"Anna Knoll\" loading=\"lazy\" title=\"Anna Knoll\" \/><\/a><\/figure>\n<\/div>\n<div class=\"pl_title_wrap\">\n<h2 class=\"entry-title\">\n<a href=\"https:\/\/www.chg.at\/en\/profile\/anna-knoll\/\">Anna Knoll<\/a>\n<\/h2>\n<\/div>\n<\/div><div class=\"pl_content\">\n<div class=\"entry-content\">\nAssistance at the branch office in Vienna<\/div>\n<\/div>\n\t<div class=\"cl\"><\/div>\r\n<\/article>\r\n<!-- Finish Horizontal Profile -->\r\n\r\n\r\n<!-- Start Horizontal Profile -->\r\n\r\n<article id=\"post-25317\" class=\"one_fourth post-25317 profile type-profile status-publish has-post-thumbnail hentry pl-categs-assistenz-en\">\r\n\t\t\r\n\t<div class=\"pl_img_wrap\"><div class=\"pl_img\">\n<figure>\n<a href=\"https:\/\/www.chg.at\/en\/profile\/astrid-lang\/\"><img width=\"338\" height=\"450\" src=\"https:\/\/www.chg.at\/wp-content\/uploads\/2024\/07\/CHG-Rechtsanwaelte-Astrid-Lang-Portrait.jpg\" class=\"attachment-cmsmasters-project-thumb size-cmsmasters-project-thumb wp-post-image\" alt=\"Astrid Lang\" loading=\"lazy\" title=\"Astrid Lang\" \/><\/a><\/figure>\n<\/div>\n<div class=\"pl_title_wrap\">\n<h2 class=\"entry-title\">\n<a href=\"https:\/\/www.chg.at\/en\/profile\/astrid-lang\/\">Astrid Lang<\/a>\n<\/h2>\n<\/div>\n<\/div><div class=\"pl_content\">\n<div class=\"entry-content\">\nAssistant practice group Real Estate Law and Business Law<\/div>\n<\/div>\n\t<div class=\"cl\"><\/div>\r\n<\/article>\r\n<!-- Finish Horizontal Profile -->\r\n\r\n\r\n<!-- Start Horizontal Profile -->\r\n\r\n<article id=\"post-27994\" class=\"one_fourth post-27994 profile type-profile status-publish has-post-thumbnail hentry pl-categs-assistenz-en\">\r\n\t\t\r\n\t<div class=\"pl_img_wrap\"><div class=\"pl_img\">\n<figure>\n<a href=\"https:\/\/www.chg.at\/en\/profile\/nadja-klebelsberg\/\"><img width=\"338\" height=\"450\" src=\"https:\/\/www.chg.at\/wp-content\/uploads\/2025\/12\/Nadja-Klebelsberg.png\" class=\"attachment-cmsmasters-project-thumb size-cmsmasters-project-thumb wp-post-image\" alt=\"Nadja Klebelsberg\" loading=\"lazy\" title=\"Nadja Klebelsberg\" \/><\/a><\/figure>\n<\/div>\n<div class=\"pl_title_wrap\">\n<h2 class=\"entry-title\">\n<a href=\"https:\/\/www.chg.at\/en\/profile\/nadja-klebelsberg\/\">Nadja Klebelsberg<\/a>\n<\/h2>\n<\/div>\n<\/div><div class=\"pl_content\">\n<div class=\"entry-content\">\nLegal associate in the  practice group Public Commercial Law and Public Procurement Law <\/div>\n<\/div>\n\t<div class=\"cl\"><\/div>\r\n<\/article>\r\n<!-- Finish Horizontal Profile -->\r\n\r\n\r\n<!-- Start Horizontal Profile -->\r\n\r\n<article id=\"post-23135\" class=\"one_fourth post-23135 profile type-profile status-publish has-post-thumbnail hentry pl-categs-assistenz-en\">\r\n\t\t\r\n\t<div class=\"pl_img_wrap\"><div class=\"pl_img\">\n<figure>\n<a href=\"https:\/\/www.chg.at\/en\/profile\/chg-assistenz-helena-guertler-miladinovic\/\"><img width=\"338\" height=\"450\" src=\"https:\/\/www.chg.at\/wp-content\/uploads\/2023\/11\/CHG-Rechtsanwaelte-Helena-Miladinovic-Portrait.jpg\" class=\"attachment-cmsmasters-project-thumb size-cmsmasters-project-thumb wp-post-image\" alt=\"Helena G\u00fcrtler-Miladinovic\" loading=\"lazy\" title=\"Helena G\u00fcrtler-Miladinovic\" \/><\/a><\/figure>\n<\/div>\n<div class=\"pl_title_wrap\">\n<h2 class=\"entry-title\">\n<a href=\"https:\/\/www.chg.at\/en\/profile\/chg-assistenz-helena-guertler-miladinovic\/\">Helena G\u00fcrtler-Miladinovic<\/a>\n<\/h2>\n<\/div>\n<\/div><div class=\"pl_content\">\n<div class=\"entry-content\">\nExecutions, Translator and Interpreter<\/div>\n<\/div>\n\t<div class=\"cl\"><\/div>\r\n<\/article>\r\n<!-- Finish Horizontal Profile -->\r\n\r\n\r\n<!-- Start Horizontal Profile -->\r\n\r\n<article id=\"post-28156\" class=\"one_fourth post-28156 profile type-profile status-publish has-post-thumbnail hentry pl-categs-assistenz-en\">\r\n\t\t\r\n\t<div class=\"pl_img_wrap\"><div class=\"pl_img\">\n<figure>\n<a href=\"https:\/\/www.chg.at\/en\/profile\/sabina-music\/\"><img width=\"338\" height=\"450\" src=\"https:\/\/www.chg.at\/wp-content\/uploads\/2024\/12\/CHG-rechtsanwaelte_Sabina-Music-2.jpg\" class=\"attachment-cmsmasters-project-thumb size-cmsmasters-project-thumb wp-post-image\" alt=\"Sabina Music\" loading=\"lazy\" title=\"Sabina Music\" \/><\/a><\/figure>\n<\/div>\n<div class=\"pl_title_wrap\">\n<h2 class=\"entry-title\">\n<a href=\"https:\/\/www.chg.at\/en\/profile\/sabina-music\/\">Sabina Music<\/a>\n<\/h2>\n<\/div>\n<\/div><div class=\"pl_content\">\n<div class=\"entry-content\">\nAssistant practice group Business Law<\/div>\n<\/div>\n\t<div class=\"cl\"><\/div>\r\n<\/article>\r\n<!-- Finish Horizontal Profile -->\r\n\r\n\r\n<!-- Start Horizontal Profile -->\r\n\r\n<article id=\"post-25303\" class=\"one_fourth post-25303 profile type-profile status-publish has-post-thumbnail hentry pl-categs-assistenz-en\">\r\n\t\t\r\n\t<div class=\"pl_img_wrap\"><div class=\"pl_img\">\n<figure>\n<a href=\"https:\/\/www.chg.at\/en\/profile\/selina-reichholf\/\"><img width=\"338\" height=\"450\" src=\"https:\/\/www.chg.at\/wp-content\/uploads\/2024\/07\/CHG-Rechtsanwaelte-Selina-Reichholf-Portrait.jpg\" class=\"attachment-cmsmasters-project-thumb size-cmsmasters-project-thumb wp-post-image\" alt=\"Selina Reichholf\" loading=\"lazy\" title=\"Selina Reichholf\" \/><\/a><\/figure>\n<\/div>\n<div class=\"pl_title_wrap\">\n<h2 class=\"entry-title\">\n<a href=\"https:\/\/www.chg.at\/en\/profile\/selina-reichholf\/\">Selina Reichholf<\/a>\n<\/h2>\n<\/div>\n<\/div><div class=\"pl_content\">\n<div class=\"entry-content\">\nAssistant, Marketing<\/div>\n<\/div>\n\t<div class=\"cl\"><\/div>\r\n<\/article>\r\n<!-- Finish Horizontal Profile -->\r\n\r\n\r\n<!-- Start Horizontal Profile -->\r\n\r\n<article id=\"post-28158\" class=\"one_fourth post-28158 profile type-profile status-publish has-post-thumbnail hentry pl-categs-assistenz-en\">\r\n\t\t\r\n\t<div class=\"pl_img_wrap\"><div class=\"pl_img\">\n<figure>\n<a href=\"https:\/\/www.chg.at\/en\/profile\/ines-schmidt\/\"><img width=\"338\" height=\"450\" src=\"https:\/\/www.chg.at\/wp-content\/uploads\/2023\/11\/CHG-Rechtsanwaelte-Ines-Schmidt-Portrait.jpg\" class=\"attachment-cmsmasters-project-thumb size-cmsmasters-project-thumb wp-post-image\" alt=\"Ines Schmidt\" loading=\"lazy\" title=\"Ines Schmidt\" \/><\/a><\/figure>\n<\/div>\n<div class=\"pl_title_wrap\">\n<h2 class=\"entry-title\">\n<a href=\"https:\/\/www.chg.at\/en\/profile\/ines-schmidt\/\">Ines Schmidt<\/a>\n<\/h2>\n<\/div>\n<\/div><div class=\"pl_content\">\n<div class=\"entry-content\">\nAssistant<\/div>\n<\/div>\n\t<div class=\"cl\"><\/div>\r\n<\/article>\r\n<!-- Finish Horizontal Profile -->\r\n\r\n\r\n<!-- Start Horizontal Profile -->\r\n\r\n<article id=\"post-25311\" class=\"one_fourth post-25311 profile type-profile status-publish has-post-thumbnail hentry pl-categs-assistenz-en\">\r\n\t\t\r\n\t<div class=\"pl_img_wrap\"><div class=\"pl_img\">\n<figure>\n<a href=\"https:\/\/www.chg.at\/en\/profile\/verena-stoll\/\"><img width=\"338\" height=\"450\" src=\"https:\/\/www.chg.at\/wp-content\/uploads\/2024\/04\/CHG-Rechtsanwaelte_Verena-Stoll-2-1.jpg\" class=\"attachment-cmsmasters-project-thumb size-cmsmasters-project-thumb wp-post-image\" alt=\"Verena Stoll\" loading=\"lazy\" title=\"Verena Stoll\" \/><\/a><\/figure>\n<\/div>\n<div class=\"pl_title_wrap\">\n<h2 class=\"entry-title\">\n<a href=\"https:\/\/www.chg.at\/en\/profile\/verena-stoll\/\">Verena Stoll<\/a>\n<\/h2>\n<\/div>\n<\/div><div class=\"pl_content\">\n<div class=\"entry-content\">\nOffice Honorary Consul<\/div>\n<\/div>\n\t<div class=\"cl\"><\/div>\r\n<\/article>\r\n<!-- Finish Horizontal Profile -->\r\n\r\n\r\n<!-- Start Horizontal Profile -->\r\n\r\n<article id=\"post-28152\" class=\"one_fourth post-28152 profile type-profile status-publish has-post-thumbnail hentry pl-categs-assistenz-en\">\r\n\t\t\r\n\t<div class=\"pl_img_wrap\"><div class=\"pl_img\">\n<figure>\n<a href=\"https:\/\/www.chg.at\/en\/profile\/madeleine-voetter\/\"><img width=\"338\" height=\"450\" src=\"https:\/\/www.chg.at\/wp-content\/uploads\/2026\/01\/Madeleine-Voetter.png\" class=\"attachment-cmsmasters-project-thumb size-cmsmasters-project-thumb wp-post-image\" alt=\"Madeleine V\u00f6tter\" loading=\"lazy\" title=\"Madeleine V\u00f6tter\" \/><\/a><\/figure>\n<\/div>\n<div class=\"pl_title_wrap\">\n<h2 class=\"entry-title\">\n<a href=\"https:\/\/www.chg.at\/en\/profile\/madeleine-voetter\/\">Madeleine V\u00f6tter<\/a>\n<\/h2>\n<\/div>\n<\/div><div class=\"pl_content\">\n<div class=\"entry-content\">\nAssistant, Executions<\/div>\n<\/div>\n\t<div class=\"cl\"><\/div>\r\n<\/article>\r\n<!-- Finish Horizontal Profile -->\r\n\r\n\r\n<!-- Start Horizontal Profile -->\r\n\r\n<article id=\"post-22914\" class=\"one_fourth post-22914 profile type-profile status-publish has-post-thumbnail hentry pl-categs-assistenz-en\">\r\n\t\t\r\n\t<div class=\"pl_img_wrap\"><div class=\"pl_img\">\n<figure>\n<a href=\"https:\/\/www.chg.at\/en\/profile\/chg-assistenz-angelika-wolke\/\"><img width=\"338\" height=\"450\" src=\"https:\/\/www.chg.at\/wp-content\/uploads\/2023\/11\/CHG-Rechtsanwaelte-Angelika-Wolke-Portrait.jpg\" class=\"attachment-cmsmasters-project-thumb size-cmsmasters-project-thumb wp-post-image\" alt=\"Angelika Wolke\" loading=\"lazy\" title=\"Angelika Wolke\" \/><\/a><\/figure>\n<\/div>\n<div class=\"pl_title_wrap\">\n<h2 class=\"entry-title\">\n<a href=\"https:\/\/www.chg.at\/en\/profile\/chg-assistenz-angelika-wolke\/\">Angelika Wolke<\/a>\n<\/h2>\n<\/div>\n<\/div><div class=\"pl_content\">\n<div class=\"entry-content\">\nFront Office<\/div>\n<\/div>\n\t<div class=\"cl\"><\/div>\r\n<\/article>\r\n<!-- Finish Horizontal Profile -->\r\n\r\n<\/div>\n\n<div id=\"69f15e6089a0f6_69097839\" class=\"cmsmasters_profile horizontal\" data-animation=\"fadeInUp\" data-delay=\"0\">\n\r\n<!-- Start Horizontal Profile -->\r\n\r\n<article id=\"post-8333\" class=\"one_fourth post-8333 profile type-profile status-publish has-post-thumbnail hentry pl-categs-bozen-en\">\r\n\t\t\r\n\t<div class=\"pl_img_wrap\"><div class=\"pl_img\">\n<figure>\n<a href=\"https:\/\/www.chg.at\/en\/profile\/kurt-aschbacher\/\"><img width=\"450\" height=\"450\" src=\"https:\/\/www.chg.at\/wp-content\/uploads\/2024\/12\/CHG-Rechtsanwaelte-Kurt-Aschbacher-thumbnail-FARBE.jpg\" class=\"attachment-cmsmasters-project-thumb size-cmsmasters-project-thumb wp-post-image\" alt=\"Kurt Aschbacher\" loading=\"lazy\" title=\"Kurt Aschbacher\" \/><\/a><\/figure>\n<\/div>\n<div class=\"pl_title_wrap\">\n<h2 class=\"entry-title\">\n<a href=\"https:\/\/www.chg.at\/en\/profile\/kurt-aschbacher\/\">Kurt Aschbacher<\/a>\n<\/h2>\n<h5 class=\"pl_subtitle\">Attorney-at-law<\/h5>\n<\/div>\n<\/div><div class=\"pl_content\">\n<div class=\"entry-content\">\nSpecialisation in insurance and tort law (medical liability), contract law and civil procedure law<\/div>\n<\/div>\n\t<div class=\"cl\"><\/div>\r\n<\/article>\r\n<!-- Finish Horizontal Profile -->\r\n\r\n\r\n<!-- Start Horizontal Profile -->\r\n\r\n<article id=\"post-8327\" class=\"one_fourth post-8327 profile type-profile status-publish has-post-thumbnail hentry pl-categs-bozen-en\">\r\n\t\t\r\n\t<div class=\"pl_img_wrap\"><div class=\"pl_img\">\n<figure>\n<a href=\"https:\/\/www.chg.at\/en\/profile\/giuditta-pedrazzoli\/\"><img width=\"450\" height=\"450\" src=\"https:\/\/www.chg.at\/wp-content\/uploads\/2024\/12\/CHG-Rechtsanwaelte-Giuditta-Pedrazzoli-thumbnail-FARBE.jpg\" class=\"attachment-cmsmasters-project-thumb size-cmsmasters-project-thumb wp-post-image\" alt=\"Giuditta Pedrazzoli\" loading=\"lazy\" title=\"Giuditta Pedrazzoli\" \/><\/a><\/figure>\n<\/div>\n<div class=\"pl_title_wrap\">\n<h2 class=\"entry-title\">\n<a href=\"https:\/\/www.chg.at\/en\/profile\/giuditta-pedrazzoli\/\">Giuditta Pedrazzoli<\/a>\n<\/h2>\n<h5 class=\"pl_subtitle\">Attorney-at-law<\/h5>\n<\/div>\n<\/div><div class=\"pl_content\">\n<div class=\"entry-content\">\nSpecialisation in general civil law and contract law <\/div>\n<\/div>\n\t<div class=\"cl\"><\/div>\r\n<\/article>\r\n<!-- Finish Horizontal Profile -->\r\n\r\n\r\n<!-- Start Horizontal Profile -->\r\n\r\n<article id=\"post-10903\" class=\"one_fourth post-10903 profile type-profile status-publish has-post-thumbnail hentry pl-categs-externe-berater-en\">\r\n\t\t\r\n\t<div class=\"pl_img_wrap\"><div class=\"pl_img\">\n<figure>\n<a href=\"https:\/\/www.chg.at\/en\/profile\/arno-kahl\/\"><img width=\"338\" height=\"450\" src=\"https:\/\/www.chg.at\/wp-content\/uploads\/2023\/11\/CHG-Rechtsanwaelte-Arno-Kahl-Portrait.jpg\" class=\"attachment-cmsmasters-project-thumb size-cmsmasters-project-thumb wp-post-image\" alt=\"Arno Kahl\" loading=\"lazy\" title=\"Arno Kahl\" \/><\/a><\/figure>\n<\/div>\n<div class=\"pl_title_wrap\">\n<h2 class=\"entry-title\">\n<a href=\"https:\/\/www.chg.at\/en\/profile\/arno-kahl\/\">Arno Kahl<\/a>\n<\/h2>\n<h5 class=\"pl_subtitle\">Professor at the University of Innsbruck<\/h5>\n<\/div>\n<\/div><div class=\"pl_content\">\n<div class=\"entry-content\">\nActing as an expert in the field of administrative law<\/div>\n<\/div>\n\t<div class=\"cl\"><\/div>\r\n<\/article>\r\n<!-- Finish Horizontal Profile -->\r\n\r\n\r\n<!-- Start Horizontal Profile -->\r\n\r\n<article id=\"post-8318\" class=\"one_fourth post-8318 profile type-profile status-publish has-post-thumbnail hentry pl-categs-externe-berater-en\">\r\n\t\t\r\n\t<div class=\"pl_img_wrap\"><div class=\"pl_img\">\n<figure>\n<a href=\"https:\/\/www.chg.at\/en\/profile\/francesco-schurr\/\"><img width=\"338\" height=\"450\" src=\"https:\/\/www.chg.at\/wp-content\/uploads\/2023\/11\/CHG-Rechtsanwaelte-Francesco-Schurr-Portrait-1.jpg\" class=\"attachment-cmsmasters-project-thumb size-cmsmasters-project-thumb wp-post-image\" alt=\"Francesco Schurr\" loading=\"lazy\" title=\"Francesco Schurr\" \/><\/a><\/figure>\n<\/div>\n<div class=\"pl_title_wrap\">\n<h2 class=\"entry-title\">\n<a href=\"https:\/\/www.chg.at\/en\/profile\/francesco-schurr\/\">Francesco Schurr<\/a>\n<\/h2>\n<h5 class=\"pl_subtitle\">Professor at the University of Innsbruck<\/h5>\n<\/div>\n<\/div><div class=\"pl_content\">\n<div class=\"entry-content\">\nActing as an expert in the field of company law<\/div>\n<\/div>\n\t<div class=\"cl\"><\/div>\r\n<\/article>\r\n<!-- Finish Horizontal Profile -->\r\n\r\n<\/div>\n<\/div>\n<\/div>\n<\/div>\n<\/div>\n<\/div>\n<\/div>\n<div id=\"cmsmasters_row_69f15e608cffb5_54073040\" class=\"cmsmasters_row cmsmasters_color_scheme_default cmsmasters_row_top_default cmsmasters_row_bot_default cmsmasters_row_boxed\">\n<div class=\"cmsmasters_row_outer_parent\">\n<div class=\"cmsmasters_row_outer\">\n<div class=\"cmsmasters_row_inner\">\n<div class=\"cmsmasters_row_margin cmsmasters_row_columns_behavior\">\n<div class=\"cmsmasters_column two_third\">\n<div id=\"cmsmasters_fb_69f15e608d2e72_80843527\" class=\"cmsmasters_featured_block\" data-animation=\"fadeInUp\" data-delay=\"0\">\n<div class=\"featured_block_inner\">\n<div class=\"featured_block_text\">\n<p><span style=\"color: #ffffff;\">CAREER<\/span><\/p>\n<h2><span style=\"color: #ffffff;\">Discover the unique and diverse working environment at CHG Rechtsanw\u00e4lte and apply to join us!\u00a0<\/span><\/h2>\n\n<div id=\"cmsmasters_divider_69f15e608d39f6_57325653\" class=\"cl\"><\/div>\n<div id=\"cmsmasters_button_69f15e608d4226_94071096\" class=\"button_wrap\"><a href=\"\/en\/career\" class=\"ripple cmsmasters_button cmsmasters_but_clear_styles cmsmasters_but_bg_hover\"><span>Apply Now<\/span><\/a><\/div>\n<\/div>\n<\/div>\n<\/div>\n<\/div>\n<div class=\"cmsmasters_column one_third\">\n<\/div>\n<\/div>\n<\/div>\n<\/div>\n<\/div>\n<\/div>\n<div id=\"cmsmasters_row_69f15e608d4995_52368852\" class=\"cmsmasters_row cmsmasters_color_scheme_default cmsmasters_row_top_default cmsmasters_row_bot_default cmsmasters_row_boxed\">\n<div class=\"cmsmasters_row_outer_parent\">\n<div class=\"cmsmasters_row_outer\">\n<div class=\"cmsmasters_row_inner cmsmasters_row_no_margin\">\n<div class=\"cmsmasters_row_margin\">\n<div class=\"cmsmasters_column one_first\">\n<div id=\"cmsmasters_fb_69f15e608d55a4_94161415\" class=\"cmsmasters_featured_block\">\n<div class=\"featured_block_inner\">\n<div class=\"featured_block_text\">\n<p style=\"text-align: left;\"><span style=\"color: #333333;\">CHG Rechtsanw\u00e4lte<\/span><\/p>\n<h2 style=\"text-align: left;\"><span style=\"color: #d43555; font-size: 40px; line-height: 60px;\">In order to offer you fast, comprehensive, and high-quality advice in all areas of commercial law, we operate in six practice groups.<\/span><\/h2>\n<p style=\"text-align: center;\">\n<div id=\"cmsmasters_divider_69f15e608d6220_88555573\" class=\"cl\"><\/div>\n<div id=\"cmsmasters_button_69f15e608d6977_63544879\" class=\"button_wrap\"><a href=\"\/chg-praxisgruppen-uebersicht\" class=\"ripple cmsmasters_button cmsmasters_but_clear_styles cmsmasters_but_bg_hover\"><span>Overview of the practice groups<\/span><\/a><\/div>\n<\/div>\n<\/div>\n<\/div>\n<\/div>\n<\/div>\n<\/div>\n<\/div>\n<\/div>\n<\/div>\n<div id=\"cmsmasters_row_69f15e608d6ed9_94659204\" class=\"cmsmasters_row cmsmasters_color_scheme_first cmsmasters_row_top_default cmsmasters_row_bot_default cmsmasters_row_fullwidth\">\n<div class=\"cmsmasters_row_outer_parent\">\n<div class=\"cmsmasters_row_outer\">\n<div class=\"cmsmasters_row_inner cmsmasters_row_fullwidth\">\n<div class=\"cmsmasters_row_margin\">\n<div class=\"cmsmasters_column one_first\">\n \n<div id=\"cmsmasters_counters_69f15e608d79d1_02756721\" class=\"cmsmasters_counters counters_type_vertical\"><div class=\"cmsmasters_counter_wrap one_fifth\">\n<div id=\"cmsmasters_counter_69f15e608d862\" class=\"cmsmasters_counter counter_has_icon\" data-percent=\"5\">\n<div class=\"cmsmasters_counter_inner cmsmasters-icon-attach-3\">\n<span class=\"cmsmasters_counter_counter_wrap\">\n<span class=\"cmsmasters_counter_counter\">0<\/span><\/span>\n<span class=\"cmsmasters_counter_title\">Locations in Central Europe<\/span>\n<\/div>\n<\/div>\n<\/div><div class=\"cmsmasters_counter_wrap one_fifth\">\n<div id=\"cmsmasters_counter_69f15e608d8da\" class=\"cmsmasters_counter counter_has_icon\" data-percent=\"40\">\n<div class=\"cmsmasters_counter_inner cmsmasters-icon-user-group\">\n<span class=\"cmsmasters_counter_counter_wrap\">\n<span class=\"cmsmasters_counter_counter\">0<\/span><\/span>\n<span class=\"cmsmasters_counter_title\">Person Team<\/span>\n<\/div>\n<\/div>\n<\/div><div class=\"cmsmasters_counter_wrap one_fifth\">\n<div id=\"cmsmasters_counter_69f15e608d93c\" class=\"cmsmasters_counter counter_has_icon\" data-percent=\"5\">\n<div class=\"cmsmasters_counter_inner cmsmasters-icon-chat-3\">\n<span class=\"cmsmasters_counter_counter_wrap\">\n<span class=\"cmsmasters_counter_counter\">0<\/span><\/span>\n<span class=\"cmsmasters_counter_title\">Specialized Practice Groups<\/span>\n<\/div>\n<\/div>\n<\/div><div class=\"cmsmasters_counter_wrap one_fifth\">\n<div id=\"cmsmasters_counter_69f15e608d9b9\" class=\"cmsmasters_counter counter_has_icon\" data-percent=\"100\">\n<div class=\"cmsmasters_counter_inner cmsmasters-icon-diamond-1\">\n<span class=\"cmsmasters_counter_counter_wrap\">\n<span class=\"cmsmasters_counter_counter\">0<\/span><span class=\"cmsmasters_counter_suffix\">%<\/span><\/span>\n<span class=\"cmsmasters_counter_title\">Professionalism<\/span>\n<\/div>\n<\/div>\n<\/div><\/div>\n<\/div>\n<\/div>\n<\/div>\n<\/div>\n<\/div>\n<\/div>\n\n","protected":false},"excerpt":{"rendered":"","protected":false},"author":1,"featured_media":0,"parent":0,"menu_order":0,"comment_status":"closed","ping_status":"closed","template":"","meta":{"inline_featured_image":false},"yoast_head":"<!-- This site is optimized with the Yoast SEO plugin v19.8 - https:\/\/yoast.com\/wordpress\/plugins\/seo\/ -->\n<title>CHG Czernich Rechtsanw\u00e4lte - Wir bewegen Wirtschaft. &ndash; CHG Czernich Rechtsanw\u00e4lte \u2013 Wir bewegen Wirtschaft<\/title>\n<meta name=\"description\" content=\"CHG Czernich Rechtsanw\u00e4lte \u2013 Wir bewegen Wirtschaft. Wir sorgen f\u00fcr Klarheit, wenn es rechtlich kompliziert wird. In jeder Phase Ihrer Unternehmungen.\" \/>\n<meta name=\"robots\" content=\"index, follow, max-snippet:-1, max-image-preview:large, max-video-preview:-1\" \/>\n<link rel=\"canonical\" href=\"https:\/\/www.chg.at\/en\/\" \/>\n<meta property=\"og:locale\" content=\"en_US\" \/>\n<meta property=\"og:type\" content=\"article\" \/>\n<meta property=\"og:title\" content=\"CHG Czernich Rechtsanw\u00e4lte - Wir bewegen Wirtschaft. &ndash; CHG Czernich Rechtsanw\u00e4lte \u2013 Wir bewegen Wirtschaft\" \/>\n<meta property=\"og:description\" content=\"CHG Czernich Rechtsanw\u00e4lte \u2013 Wir bewegen Wirtschaft. Wir sorgen f\u00fcr Klarheit, wenn es rechtlich kompliziert wird. In jeder Phase Ihrer Unternehmungen.\" \/>\n<meta property=\"og:url\" content=\"https:\/\/www.chg.at\/en\/\" \/>\n<meta property=\"og:site_name\" content=\"CHG Czernich Rechtsanw\u00e4lte \u2013 Wir bewegen Wirtschaft\" \/>\n<meta property=\"article:modified_time\" content=\"2025-08-05T11:09:48+00:00\" \/>\n<meta name=\"twitter:card\" content=\"summary_large_image\" \/>\n<meta name=\"twitter:label1\" content=\"Est. reading time\" \/>\n\t<meta name=\"twitter:data1\" content=\"2 minutes\" \/>\n<script type=\"application\/ld+json\" class=\"yoast-schema-graph\">{\"@context\":\"https:\/\/schema.org\",\"@graph\":[{\"@type\":\"WebPage\",\"@id\":\"https:\/\/www.chg.at\/en\/\",\"url\":\"https:\/\/www.chg.at\/en\/\",\"name\":\"CHG Czernich Rechtsanw\u00e4lte - Wir bewegen Wirtschaft. &ndash; CHG Czernich Rechtsanw\u00e4lte \u2013 Wir bewegen Wirtschaft\",\"isPartOf\":{\"@id\":\"https:\/\/www.chg.at\/en\/#website\"},\"datePublished\":\"2022-12-08T08:46:34+00:00\",\"dateModified\":\"2025-08-05T11:09:48+00:00\",\"description\":\"CHG Czernich Rechtsanw\u00e4lte \u2013 Wir bewegen Wirtschaft. Wir sorgen f\u00fcr Klarheit, wenn es rechtlich kompliziert wird. In jeder Phase Ihrer Unternehmungen.\",\"breadcrumb\":{\"@id\":\"https:\/\/www.chg.at\/en\/#breadcrumb\"},\"inLanguage\":\"en-US\",\"potentialAction\":[{\"@type\":\"ReadAction\",\"target\":[\"https:\/\/www.chg.at\/en\/\"]}]},{\"@type\":\"BreadcrumbList\",\"@id\":\"https:\/\/www.chg.at\/en\/#breadcrumb\",\"itemListElement\":[{\"@type\":\"ListItem\",\"position\":1,\"name\":\"Startseite\",\"item\":\"https:\/\/www.chg.at\/en\/\"},{\"@type\":\"ListItem\",\"position\":2,\"name\":\"CHG Czernich Rechtsanw\u00e4lte &#8211; Wir bewegen Wirtschaft.\"}]},{\"@type\":\"WebSite\",\"@id\":\"https:\/\/www.chg.at\/en\/#website\",\"url\":\"https:\/\/www.chg.at\/en\/\",\"name\":\"CHG Czernich Rechtsanw\u00e4lte \u2013 Wir bewegen Wirtschaft\",\"description\":\"Wir sorgen f\u00fcr Klarheit, wenn es rechtlich kompliziert wird. In jeder Phase Ihrer Unternehmungen. Sie ergreifen die Chancen. Wir verwandeln Risiken in L\u00f6sungen.\",\"publisher\":{\"@id\":\"https:\/\/www.chg.at\/en\/#organization\"},\"potentialAction\":[{\"@type\":\"SearchAction\",\"target\":{\"@type\":\"EntryPoint\",\"urlTemplate\":\"https:\/\/www.chg.at\/en\/?s={search_term_string}\"},\"query-input\":\"required name=search_term_string\"}],\"inLanguage\":\"en-US\"},{\"@type\":\"Organization\",\"@id\":\"https:\/\/www.chg.at\/en\/#organization\",\"name\":\"CHG Czernich Rechtsanw\u00e4lte\",\"url\":\"https:\/\/www.chg.at\/en\/\",\"sameAs\":[\"https:\/\/www.linkedin.com\/company\/12773263\/admin\/dashboard\/\"],\"logo\":{\"@type\":\"ImageObject\",\"inLanguage\":\"en-US\",\"@id\":\"https:\/\/www.chg.at\/en\/#\/schema\/logo\/image\/\",\"url\":\"https:\/\/www.chg.at\/wp-content\/uploads\/2016\/08\/CHG_logo_250_1.png\",\"contentUrl\":\"https:\/\/www.chg.at\/wp-content\/uploads\/2016\/08\/CHG_logo_250_1.png\",\"width\":250,\"height\":33,\"caption\":\"CHG Czernich Rechtsanw\u00e4lte\"},\"image\":{\"@id\":\"https:\/\/www.chg.at\/en\/#\/schema\/logo\/image\/\"}}]}<\/script>\n<!-- \/ Yoast SEO plugin. -->","yoast_head_json":{"title":"CHG Czernich Rechtsanw\u00e4lte - Wir bewegen Wirtschaft. &ndash; CHG Czernich Rechtsanw\u00e4lte \u2013 Wir bewegen Wirtschaft","description":"CHG Czernich Rechtsanw\u00e4lte \u2013 Wir bewegen Wirtschaft. Wir sorgen f\u00fcr Klarheit, wenn es rechtlich kompliziert wird. In jeder Phase Ihrer Unternehmungen.","robots":{"index":"index","follow":"follow","max-snippet":"max-snippet:-1","max-image-preview":"max-image-preview:large","max-video-preview":"max-video-preview:-1"},"canonical":"https:\/\/www.chg.at\/en\/","og_locale":"en_US","og_type":"article","og_title":"CHG Czernich Rechtsanw\u00e4lte - Wir bewegen Wirtschaft. &ndash; CHG Czernich Rechtsanw\u00e4lte \u2013 Wir bewegen Wirtschaft","og_description":"CHG Czernich Rechtsanw\u00e4lte \u2013 Wir bewegen Wirtschaft. Wir sorgen f\u00fcr Klarheit, wenn es rechtlich kompliziert wird. In jeder Phase Ihrer Unternehmungen.","og_url":"https:\/\/www.chg.at\/en\/","og_site_name":"CHG Czernich Rechtsanw\u00e4lte \u2013 Wir bewegen Wirtschaft","article_modified_time":"2025-08-05T11:09:48+00:00","twitter_card":"summary_large_image","twitter_misc":{"Est. reading time":"2 minutes"},"schema":{"@context":"https:\/\/schema.org","@graph":[{"@type":"WebPage","@id":"https:\/\/www.chg.at\/en\/","url":"https:\/\/www.chg.at\/en\/","name":"CHG Czernich Rechtsanw\u00e4lte - Wir bewegen Wirtschaft. &ndash; CHG Czernich Rechtsanw\u00e4lte \u2013 Wir bewegen Wirtschaft","isPartOf":{"@id":"https:\/\/www.chg.at\/en\/#website"},"datePublished":"2022-12-08T08:46:34+00:00","dateModified":"2025-08-05T11:09:48+00:00","description":"CHG Czernich Rechtsanw\u00e4lte \u2013 Wir bewegen Wirtschaft. Wir sorgen f\u00fcr Klarheit, wenn es rechtlich kompliziert wird. In jeder Phase Ihrer Unternehmungen.","breadcrumb":{"@id":"https:\/\/www.chg.at\/en\/#breadcrumb"},"inLanguage":"en-US","potentialAction":[{"@type":"ReadAction","target":["https:\/\/www.chg.at\/en\/"]}]},{"@type":"BreadcrumbList","@id":"https:\/\/www.chg.at\/en\/#breadcrumb","itemListElement":[{"@type":"ListItem","position":1,"name":"Startseite","item":"https:\/\/www.chg.at\/en\/"},{"@type":"ListItem","position":2,"name":"CHG Czernich Rechtsanw\u00e4lte &#8211; Wir bewegen Wirtschaft."}]},{"@type":"WebSite","@id":"https:\/\/www.chg.at\/en\/#website","url":"https:\/\/www.chg.at\/en\/","name":"CHG Czernich Rechtsanw\u00e4lte \u2013 Wir bewegen Wirtschaft","description":"Wir sorgen f\u00fcr Klarheit, wenn es rechtlich kompliziert wird. In jeder Phase Ihrer Unternehmungen. Sie ergreifen die Chancen. Wir verwandeln Risiken in L\u00f6sungen.","publisher":{"@id":"https:\/\/www.chg.at\/en\/#organization"},"potentialAction":[{"@type":"SearchAction","target":{"@type":"EntryPoint","urlTemplate":"https:\/\/www.chg.at\/en\/?s={search_term_string}"},"query-input":"required name=search_term_string"}],"inLanguage":"en-US"},{"@type":"Organization","@id":"https:\/\/www.chg.at\/en\/#organization","name":"CHG Czernich Rechtsanw\u00e4lte","url":"https:\/\/www.chg.at\/en\/","sameAs":["https:\/\/www.linkedin.com\/company\/12773263\/admin\/dashboard\/"],"logo":{"@type":"ImageObject","inLanguage":"en-US","@id":"https:\/\/www.chg.at\/en\/#\/schema\/logo\/image\/","url":"https:\/\/www.chg.at\/wp-content\/uploads\/2016\/08\/CHG_logo_250_1.png","contentUrl":"https:\/\/www.chg.at\/wp-content\/uploads\/2016\/08\/CHG_logo_250_1.png","width":250,"height":33,"caption":"CHG Czernich Rechtsanw\u00e4lte"},"image":{"@id":"https:\/\/www.chg.at\/en\/#\/schema\/logo\/image\/"}}]}},"_links":{"self":[{"href":"https:\/\/www.chg.at\/en\/wp-json\/wp\/v2\/pages\/23112"}],"collection":[{"href":"https:\/\/www.chg.at\/en\/wp-json\/wp\/v2\/pages"}],"about":[{"href":"https:\/\/www.chg.at\/en\/wp-json\/wp\/v2\/types\/page"}],"author":[{"embeddable":true,"href":"https:\/\/www.chg.at\/en\/wp-json\/wp\/v2\/users\/1"}],"replies":[{"embeddable":true,"href":"https:\/\/www.chg.at\/en\/wp-json\/wp\/v2\/comments?post=23112"}],"version-history":[{"count":12,"href":"https:\/\/www.chg.at\/en\/wp-json\/wp\/v2\/pages\/23112\/revisions"}],"predecessor-version":[{"id":27034,"href":"https:\/\/www.chg.at\/en\/wp-json\/wp\/v2\/pages\/23112\/revisions\/27034"}],"wp:attachment":[{"href":"https:\/\/www.chg.at\/en\/wp-json\/wp\/v2\/media?parent=23112"}],"curies":[{"name":"wp","href":"https:\/\/api.w.org\/{rel}","templated":true}]}}