{"id":8139,"date":"2016-09-01T13:03:25","date_gmt":"2016-09-01T11:03:25","guid":{"rendered":"http:\/\/www.chg.at\/?page_id=8139\/"},"modified":"2023-11-29T10:25:22","modified_gmt":"2023-11-29T09:25:22","slug":"news","status":"publish","type":"page","link":"https:\/\/www.chg.at\/en\/news\/","title":{"rendered":"News"},"content":{"rendered":"<style type=\"text\/css\"> \n#cmsmasters_row_69f2764f9a7bb2_87943466 .cmsmasters_row_outer_parent { \n\tpadding-top: 80px; \n} \n\n#cmsmasters_row_69f2764f9a7bb2_87943466 .cmsmasters_row_outer_parent { \n\tpadding-bottom: 40px; \n} \n\n \n#cmsmasters_divider_69f2764f9a9537_42306889 { \n\tborder-bottom-width:0px; \n\tborder-bottom-style:solid; \n\tpadding-top:20px; \n\tmargin-bottom:20px; \n} \n \n#cmsmasters_row_69f2764f9a9921_77271941 .cmsmasters_row_outer_parent { \n\tpadding-top: 50px; \n} \n\n#cmsmasters_row_69f2764f9a9921_77271941 .cmsmasters_row_outer_parent { \n\tpadding-bottom: 50px; \n} \n\n<\/style><div id=\"cmsmasters_row_69f2764f9a7bb2_87943466\" class=\"cmsmasters_row cmsmasters_color_scheme_default cmsmasters_row_top_default cmsmasters_row_bot_default cmsmasters_row_boxed\">\n<div class=\"cmsmasters_row_outer_parent\">\n<div class=\"cmsmasters_row_outer\">\n<div class=\"cmsmasters_row_inner cmsmasters_row_no_margin\">\n<div class=\"cmsmasters_row_margin\">\n<div class=\"cmsmasters_column one_first\">\n<div class=\"cmsmasters_text\" data-animation=\"fadeInUp\" data-delay=\"0\">\n<p style=\"text-align: left;\"><span style=\"color: #212121;\">We will keep you up to date.<br \/>\n<\/span><\/p>\n<h2 style=\"text-align: left;\"><span style=\"color: #d43555; font-size: 40px; line-height: 60px;\">News CHG Rechtsanw\u00e4lte<br \/>\n<\/span><\/h2>\n<h2>Consultation in partnership with our clients is important to us \u2013 including information about imporant news from the world of commercial law.<\/h2>\n<h2>We regularly provide information on new legal developments and current case law. Renowned representatives from the fields of jurisprudence and science give lectures at our premises.<\/h2>\n<\/div>\n\n<div id=\"cmsmasters_divider_69f2764f9a9537_42306889\" class=\"cl\"><\/div>\n<\/div>\n<\/div>\n<\/div>\n<\/div>\n<\/div>\n<\/div>\n<div id=\"cmsmasters_row_69f2764f9a9921_77271941\" class=\"cmsmasters_row cmsmasters_color_scheme_default cmsmasters_row_top_default cmsmasters_row_bot_default cmsmasters_row_boxed\">\n<div class=\"cmsmasters_row_outer_parent\">\n<div class=\"cmsmasters_row_outer\">\n<div class=\"cmsmasters_row_inner\">\n<div class=\"cmsmasters_row_margin\">\n<div class=\"cmsmasters_column one_first\">\n<div class=\"cmsmasters_wrap_blog entry-summary\" id=\"blog_69f2764f9aa8d\"><script type=\"text\/javascript\">\r\njQuery(document).ready(function () {\r\n(function ($) {\r\n\tif ($('#blog_69f2764f9aa8d').find('article').length == '0') {\r\n\t\treturn false;\r\n\t}\r\n\t\r\n\t\r\n\tstartBlog( \r\n\t\t'69f2764f9aa8d', \r\n\t\t'columns', \r\n\t\t'masonry', \r\n\t\t'https:\/\/www.chg.at\/wp-content\/plugins\/cmsmasters-content-composer\/', \r\n\t\t'date', \r\n\t\t'DESC', \r\n\t\t'24', \r\n\t\t'', \r\n\t\t'date,more' \r\n\t);\r\n} )(jQuery);\r\n} );\r\n<\/script>\r\n<div class=\"blog columns masonry cmsmasters_3\">\r\n<!-- Start Image Article -->\r\n\r\n<article id=\"post-28902\" class=\"cmsmasters_post_masonry post-28902 post type-post status-publish format-image has-post-thumbnail hentry category-banking-finance category-chg-news category-chg-kanzlei post_format-post-format-image\" data-category=\"banking-finance chg-news chg-kanzlei\">\r\n\t\t\r\n\t<div class=\"cmsmasters_post_cont_wrap\">\r\n\t<div class=\"cmsmasters_post_img_wrap\"><span class=\"cmsmasters_post_date\"><abbr class=\"published\" title=\"28. April 2026\">28. April 2026<\/abbr><abbr class=\"dn date updated\" title=\"28. April 2026\">28. April 2026<\/abbr><\/span><figure class=\"cmsmasters_img_wrap\"><a href=\"https:\/\/www.chg.at\/wp-content\/uploads\/2026\/04\/Saal-scaled-1-scaled-e1777380442729.jpg\" title=\"Innsbrucker Forum f\u00fcr Bank- und Versicherungsrecht 2026\" rel=\"ilightbox[img_28902_69f2764fa5eae]\" class=\"cmsmasters_img_link preloader highImg\"><img width=\"860\" height=\"501\" src=\"https:\/\/www.chg.at\/wp-content\/uploads\/2026\/04\/Saal-scaled-1-scaled-e1777380442729.jpg\" class=\"full-width wp-post-image\" alt=\"Innsbrucker Forum f\u00fcr Bank- und Versicherungsrecht 2026\" loading=\"lazy\" title=\"Innsbrucker Forum f\u00fcr Bank- und Versicherungsrecht 2026\" \/><\/a><\/figure><header class=\"cmsmasters_post_header entry-header\"><h2 class=\"cmsmasters_post_title entry-title\"><a href=\"https:\/\/www.chg.at\/en\/innsbrucker-forum-fuer-bank-und-versicherungsrecht-2026\/\">Innsbrucker Forum f\u00fcr Bank- und Versicherungsrecht 2026<\/a><\/h2><\/header><\/div>\t\t\r\n\t\t<div class=\"cmsmasters_post_cont\">\r\n\t\t<div class=\"cmsmasters_post_content entry-content\">\n<p>Starker fachlicher Austausch beim Innsbrucker Forum f\u00fcr Bank- und Versicherungsrecht 2026 mit wertvollen Impulsen aus Wissenschaft und Praxis.<\/p>\n<\/div>\n<footer class=\"cmsmasters_post_footer entry-meta\"><div class=\"cmsmasters_post_footer_info\"><a class=\"cmsmasters_post_read_more\" href=\"https:\/\/www.chg.at\/en\/innsbrucker-forum-fuer-bank-und-versicherungsrecht-2026\/\">weiter lesen<\/a><\/div><\/footer>\t\t<\/div>\r\n\t<\/div>\r\n<\/article>\r\n<!-- Finish Image Article -->\r\n\r\n\r\n<!-- Start Image Article -->\r\n\r\n<article id=\"post-28862\" class=\"cmsmasters_post_masonry post-28862 post type-post status-publish format-image has-post-thumbnail hentry category-chg-news category-chg-kanzlei post_format-post-format-image\" data-category=\"chg-news chg-kanzlei\">\r\n\t\t\r\n\t<div class=\"cmsmasters_post_cont_wrap\">\r\n\t<div class=\"cmsmasters_post_img_wrap\"><span class=\"cmsmasters_post_date\"><abbr class=\"published\" title=\"27. April 2026\">27. April 2026<\/abbr><abbr class=\"dn date updated\" title=\"27. April 2026\">27. April 2026<\/abbr><\/span><figure class=\"cmsmasters_img_wrap\"><a href=\"https:\/\/www.chg.at\/wp-content\/uploads\/2025\/04\/Basketball-Wertvollster-Spieler-Auszeichnung-Zertifikat-148-\u00d7-105-mm-1.png\" title=\"CHG weiterhin an der Spitze\" rel=\"ilightbox[img_28862_69f2764fa703f]\" class=\"cmsmasters_img_link preloader highImg\"><img width=\"860\" height=\"465\" src=\"https:\/\/www.chg.at\/wp-content\/uploads\/2025\/04\/Basketball-Wertvollster-Spieler-Auszeichnung-Zertifikat-148-\u00d7-105-mm-1.png\" class=\"full-width wp-post-image\" alt=\"CHG weiterhin an der Spitze\" loading=\"lazy\" title=\"CHG weiterhin an der Spitze\" \/><\/a><\/figure><header class=\"cmsmasters_post_header entry-header\"><h2 class=\"cmsmasters_post_title entry-title\"><a href=\"https:\/\/www.chg.at\/en\/chg-2026-weiterhin-an-der-spitze\/\">CHG weiterhin an der Spitze<\/a><\/h2><\/header><\/div>\t\t\r\n\t\t<div class=\"cmsmasters_post_cont\">\r\n\t\t<div class=\"cmsmasters_post_content entry-content\">\n<p>CHG wurde im Trend Anwaltsranking erneut zur besten Kanzlei au\u00dferhalb Wiens ausgezeichnet.<\/p>\n<\/div>\n<footer class=\"cmsmasters_post_footer entry-meta\"><div class=\"cmsmasters_post_footer_info\"><a class=\"cmsmasters_post_read_more\" href=\"https:\/\/www.chg.at\/en\/chg-2026-weiterhin-an-der-spitze\/\">weiter lesen<\/a><\/div><\/footer>\t\t<\/div>\r\n\t<\/div>\r\n<\/article>\r\n<!-- Finish Image Article -->\r\n\r\n\r\n<!-- Start Image Article -->\r\n\r\n<article id=\"post-28784\" class=\"cmsmasters_post_masonry post-28784 post type-post status-publish format-image has-post-thumbnail hentry category-chg-news category-data-technology category-chg-kanzlei tag-dsgvo tag-hr-management tag-ki-vo tag-kuenstlche-intelligenz tag-recruiting post_format-post-format-image\" data-category=\"chg-news data-technology chg-kanzlei\">\r\n\t\t\r\n\t<div class=\"cmsmasters_post_cont_wrap\">\r\n\t<div class=\"cmsmasters_post_img_wrap\"><span class=\"cmsmasters_post_date\"><abbr class=\"published\" title=\"20. April 2026\">20. April 2026<\/abbr><abbr class=\"dn date updated\" title=\"20. April 2026\">20. April 2026<\/abbr><\/span><figure class=\"cmsmasters_img_wrap\"><a href=\"https:\/\/www.chg.at\/wp-content\/uploads\/2026\/04\/Vorlage-fuer-Bilder-NL-4-e1776676820118.png\" title=\"KI-gest\u00fctztes Recruiting und HR-Management: Compliance-Anforderungen nach KI-VO und DSGVO\" rel=\"ilightbox[img_28784_69f2764fa7a45]\" class=\"cmsmasters_img_link preloader highImg\"><img width=\"860\" height=\"520\" src=\"https:\/\/www.chg.at\/wp-content\/uploads\/2026\/04\/Vorlage-fuer-Bilder-NL-4-e1776676820118.png\" class=\"full-width wp-post-image\" alt=\"KI-gest\u00fctztes Recruiting und HR-Management: Compliance-Anforderungen nach KI-VO und DSGVO\" loading=\"lazy\" title=\"KI-gest\u00fctztes Recruiting und HR-Management: Compliance-Anforderungen nach KI-VO und DSGVO\" \/><\/a><\/figure><header class=\"cmsmasters_post_header entry-header\"><h2 class=\"cmsmasters_post_title entry-title\"><a href=\"https:\/\/www.chg.at\/en\/ki-gestuetztes-recruiting-und-hr-management-compliance-anforderungen-nach-ki-vo-und-dsgvo\/\">KI-gest\u00fctztes Recruiting und HR-Management: Compliance-Anforderungen nach KI-VO und DSGVO<\/a><\/h2><\/header><\/div>\t\t\r\n\t\t<div class=\"cmsmasters_post_cont\">\r\n\t\t<div class=\"cmsmasters_post_content entry-content\">\n<p>KI ver\u00e4ndert Recruiting und HR-Management grundlegend - von der Bewerberauswahl bis zur Leistungsbewertung. Doch wo genau verl\u00e4uft die Grenze zwischen sinnvoller Unterst\u00fctzung und rechtlich problematischer Automatisierung?<\/p>\n<\/div>\n<footer class=\"cmsmasters_post_footer entry-meta\"><div class=\"cmsmasters_post_footer_info\"><a class=\"cmsmasters_post_read_more\" href=\"https:\/\/www.chg.at\/en\/ki-gestuetztes-recruiting-und-hr-management-compliance-anforderungen-nach-ki-vo-und-dsgvo\/\">weiter lesen<\/a><\/div><\/footer>\t\t<\/div>\r\n\t<\/div>\r\n<\/article>\r\n<!-- Finish Image Article -->\r\n\r\n\r\n<!-- Start Image Article -->\r\n\r\n<article id=\"post-28733\" class=\"cmsmasters_post_masonry post-28733 post type-post status-publish format-image has-post-thumbnail hentry category-chg-news category-chg-kanzlei post_format-post-format-image\" data-category=\"chg-news chg-kanzlei\">\r\n\t\t\r\n\t<div class=\"cmsmasters_post_cont_wrap\">\r\n\t<div class=\"cmsmasters_post_img_wrap\"><span class=\"cmsmasters_post_date\"><abbr class=\"published\" title=\"13. April 2026\">13. April 2026<\/abbr><abbr class=\"dn date updated\" title=\"13. April 2026\">13. April 2026<\/abbr><\/span><figure class=\"cmsmasters_img_wrap\"><a href=\"https:\/\/www.chg.at\/wp-content\/uploads\/2026\/04\/Vorlage-fuer-Bilder-NL-1-e1776084319212.png\" title=\"CHG im JUVE-Ranking 2026 erneut im Bank- und Finanzrecht ausgezeichnet\" rel=\"ilightbox[img_28733_69f2764fa8658]\" class=\"cmsmasters_img_link preloader highImg\"><img width=\"860\" height=\"479\" src=\"https:\/\/www.chg.at\/wp-content\/uploads\/2026\/04\/Vorlage-fuer-Bilder-NL-1-e1776084319212.png\" class=\"full-width wp-post-image\" alt=\"CHG im JUVE-Ranking 2026 erneut im Bank- und Finanzrecht ausgezeichnet\" loading=\"lazy\" title=\"CHG im JUVE-Ranking 2026 erneut im Bank- und Finanzrecht ausgezeichnet\" \/><\/a><\/figure><header class=\"cmsmasters_post_header entry-header\"><h2 class=\"cmsmasters_post_title entry-title\"><a href=\"https:\/\/www.chg.at\/en\/chg-im-juve-ranking-2026-erneut-im-bank-und-finanzrecht-ausgezeichnet\/\">CHG im JUVE-Ranking 2026 erneut im Bank- und Finanzrecht ausgezeichnet<\/a><\/h2><\/header><\/div>\t\t\r\n\t\t<div class=\"cmsmasters_post_cont\">\r\n\t\t<div class=\"cmsmasters_post_content entry-content\">\n<p>Erneute Auszeichnung best\u00e4tigt unsere f\u00fchrende Position und kontinuierliche Weiterentwicklung im Bank- und Finanzrecht.<\/p>\n<\/div>\n<footer class=\"cmsmasters_post_footer entry-meta\"><div class=\"cmsmasters_post_footer_info\"><a class=\"cmsmasters_post_read_more\" href=\"https:\/\/www.chg.at\/en\/chg-im-juve-ranking-2026-erneut-im-bank-und-finanzrecht-ausgezeichnet\/\">weiter lesen<\/a><\/div><\/footer>\t\t<\/div>\r\n\t<\/div>\r\n<\/article>\r\n<!-- Finish Image Article -->\r\n\r\n\r\n<!-- Start Image Article -->\r\n\r\n<article id=\"post-28606\" class=\"cmsmasters_post_masonry post-28606 post type-post status-publish format-image has-post-thumbnail hentry category-chg-news category-data-technology category-chg-kanzlei tag-auskunftsrecht tag-datenschutz tag-dsgvo post_format-post-format-image\" data-category=\"chg-news data-technology chg-kanzlei\">\r\n\t\t\r\n\t<div class=\"cmsmasters_post_cont_wrap\">\r\n\t<div class=\"cmsmasters_post_img_wrap\"><span class=\"cmsmasters_post_date\"><abbr class=\"published\" title=\"7. April 2026\">7. April 2026<\/abbr><abbr class=\"dn date updated\" title=\"7. April 2026\">7. April 2026<\/abbr><\/span><figure class=\"cmsmasters_img_wrap\"><a href=\"https:\/\/www.chg.at\/wp-content\/uploads\/2026\/04\/Vorlage-fuer-Bilder-NL-e1775559401351.png\" title=\"Rechtsmissbrauch im Datenschutz: Neue Leitlinien zu Auskunftsantr\u00e4gen\u00a0\" rel=\"ilightbox[img_28606_69f2764fa933c]\" class=\"cmsmasters_img_link preloader highImg\"><img width=\"860\" height=\"535\" src=\"https:\/\/www.chg.at\/wp-content\/uploads\/2026\/04\/Vorlage-fuer-Bilder-NL-e1775559401351.png\" class=\"full-width wp-post-image\" alt=\"Rechtsmissbrauch im Datenschutz: Neue Leitlinien zu Auskunftsantr\u00e4gen\u00a0\" loading=\"lazy\" title=\"Rechtsmissbrauch im Datenschutz: Neue Leitlinien zu Auskunftsantr\u00e4gen\u00a0\" \/><\/a><\/figure><header class=\"cmsmasters_post_header entry-header\"><h2 class=\"cmsmasters_post_title entry-title\"><a href=\"https:\/\/www.chg.at\/en\/rechtsmissbrauch-im-datenschutz-neue-leitlinien-zu-auskunftsantraegen\/\">Rechtsmissbrauch im Datenschutz: Neue Leitlinien zu Auskunftsantr\u00e4gen\u00a0<\/a><\/h2><\/header><\/div>\t\t\r\n\t\t<div class=\"cmsmasters_post_cont\">\r\n\t\t<div class=\"cmsmasters_post_content entry-content\">\n<p>Wann ist ein DSGVO-Auskunftsantrag zu viel? Wir erkl\u00e4ren, was der EuGH dazu sagt und welche Rechte Betroffene und Pflichten Unternehmen haben.<\/p>\n<\/div>\n<footer class=\"cmsmasters_post_footer entry-meta\"><div class=\"cmsmasters_post_footer_info\"><a class=\"cmsmasters_post_read_more\" href=\"https:\/\/www.chg.at\/en\/rechtsmissbrauch-im-datenschutz-neue-leitlinien-zu-auskunftsantraegen\/\">weiter lesen<\/a><\/div><\/footer>\t\t<\/div>\r\n\t<\/div>\r\n<\/article>\r\n<!-- Finish Image Article -->\r\n\r\n\r\n<!-- Start Image Article -->\r\n\r\n<article id=\"post-28588\" class=\"cmsmasters_post_masonry post-28588 post type-post status-publish format-image has-post-thumbnail hentry category-pgi-newsletter post_format-post-format-image\" data-category=\"pgi-newsletter\">\r\n\t\t\r\n\t<div class=\"cmsmasters_post_cont_wrap\">\r\n\t<div class=\"cmsmasters_post_img_wrap\"><span class=\"cmsmasters_post_date\"><abbr class=\"published\" title=\"1. April 2026\">1. April 2026<\/abbr><abbr class=\"dn date updated\" title=\"8. April 2026\">8. April 2026<\/abbr><\/span><figure class=\"cmsmasters_img_wrap\"><a href=\"https:\/\/www.chg.at\/wp-content\/uploads\/2026\/04\/Vorlage-fuer-Bilder-NL-3.png\" title=\"Merkantile Wertminderung bei Immobilien\" rel=\"ilightbox[img_28588_69f2764fa9da1]\" class=\"cmsmasters_img_link preloader highImg\"><img width=\"860\" height=\"606\" src=\"https:\/\/www.chg.at\/wp-content\/uploads\/2026\/04\/Vorlage-fuer-Bilder-NL-3.png\" class=\"full-width wp-post-image\" alt=\"Merkantile Wertminderung bei Immobilien\" loading=\"lazy\" title=\"Merkantile Wertminderung bei Immobilien\" \/><\/a><\/figure><header class=\"cmsmasters_post_header entry-header\"><h2 class=\"cmsmasters_post_title entry-title\"><a href=\"https:\/\/www.chg.at\/en\/merkantile-wertminderung-bei-immobilien\/\">Merkantile Wertminderung bei Immobilien<\/a><\/h2><\/header><\/div>\t\t\r\n\t\t<div class=\"cmsmasters_post_cont\">\r\n\t\t<div class=\"cmsmasters_post_content entry-content\">\n<p>Der sogenannte \u201eArbeitswohnsitz\u201c wurde lange genutzt, um die Einstufung als Freizeitwohnsitz zu vermeiden, fand jedoch in der bisherigen Rechtsprechung meist keine Anerkennung. Eine neue Entscheidung des Verwaltungsgerichtshofs k\u00f6nnte diese Sichtweise teilweise \u00e4ndern und hat bereits gesetzgeberische Anpassungen in Tirol angesto\u00dfen.<\/p>\n<\/div>\n<footer class=\"cmsmasters_post_footer entry-meta\"><div class=\"cmsmasters_post_footer_info\"><a class=\"cmsmasters_post_read_more\" href=\"https:\/\/www.chg.at\/en\/merkantile-wertminderung-bei-immobilien\/\">weiter lesen<\/a><\/div><\/footer>\t\t<\/div>\r\n\t<\/div>\r\n<\/article>\r\n<!-- Finish Image Article -->\r\n\r\n\r\n<!-- Start Image Article -->\r\n\r\n<article id=\"post-28584\" class=\"cmsmasters_post_masonry post-28584 post type-post status-publish format-image has-post-thumbnail hentry category-pgi-newsletter post_format-post-format-image\" data-category=\"pgi-newsletter\">\r\n\t\t\r\n\t<div class=\"cmsmasters_post_cont_wrap\">\r\n\t<div class=\"cmsmasters_post_img_wrap\"><span class=\"cmsmasters_post_date\"><abbr class=\"published\" title=\"1. April 2026\">1. April 2026<\/abbr><abbr class=\"dn date updated\" title=\"8. April 2026\">8. April 2026<\/abbr><\/span><figure class=\"cmsmasters_img_wrap\"><a href=\"https:\/\/www.chg.at\/wp-content\/uploads\/2026\/04\/Vorlage-fuer-Bilder-NL-2.png\" title=\"Mythos Arbeitswohnsitz\" rel=\"ilightbox[img_28584_69f2764faa8f5]\" class=\"cmsmasters_img_link preloader highImg\"><img width=\"860\" height=\"606\" src=\"https:\/\/www.chg.at\/wp-content\/uploads\/2026\/04\/Vorlage-fuer-Bilder-NL-2.png\" class=\"full-width wp-post-image\" alt=\"Mythos Arbeitswohnsitz\" loading=\"lazy\" title=\"Mythos Arbeitswohnsitz\" \/><\/a><\/figure><header class=\"cmsmasters_post_header entry-header\"><h2 class=\"cmsmasters_post_title entry-title\"><a href=\"https:\/\/www.chg.at\/en\/mythos-arbeitswohnsitz\/\">Mythos Arbeitswohnsitz<\/a><\/h2><\/header><\/div>\t\t\r\n\t\t<div class=\"cmsmasters_post_cont\">\r\n\t\t<div class=\"cmsmasters_post_content entry-content\">\n<p>Der sogenannte \u201eArbeitswohnsitz\u201c wurde lange genutzt, um die Einstufung als Freizeitwohnsitz zu vermeiden, fand jedoch in der bisherigen Rechtsprechung meist keine Anerkennung. Eine neue Entscheidung des Verwaltungsgerichtshofs k\u00f6nnte diese Sichtweise teilweise \u00e4ndern und hat bereits gesetzgeberische Anpassungen in Tirol angesto\u00dfen.<\/p>\n<\/div>\n<footer class=\"cmsmasters_post_footer entry-meta\"><div class=\"cmsmasters_post_footer_info\"><a class=\"cmsmasters_post_read_more\" href=\"https:\/\/www.chg.at\/en\/mythos-arbeitswohnsitz\/\">weiter lesen<\/a><\/div><\/footer>\t\t<\/div>\r\n\t<\/div>\r\n<\/article>\r\n<!-- Finish Image Article -->\r\n\r\n\r\n<!-- Start Image Article -->\r\n\r\n<article id=\"post-28579\" class=\"cmsmasters_post_masonry post-28579 post type-post status-publish format-image has-post-thumbnail hentry category-pgi-newsletter post_format-post-format-image\" data-category=\"pgi-newsletter\">\r\n\t\t\r\n\t<div class=\"cmsmasters_post_cont_wrap\">\r\n\t<div class=\"cmsmasters_post_img_wrap\"><span class=\"cmsmasters_post_date\"><abbr class=\"published\" title=\"1. April 2026\">1. April 2026<\/abbr><abbr class=\"dn date updated\" title=\"8. April 2026\">8. April 2026<\/abbr><\/span><figure class=\"cmsmasters_img_wrap\"><a href=\"https:\/\/www.chg.at\/wp-content\/uploads\/2026\/04\/1.png\" title=\"Die neue EU-Geb\u00e4uderichtlinie und ihre Umsetzung in Tirol\" rel=\"ilightbox[img_28579_69f2764fab506]\" class=\"cmsmasters_img_link preloader highImg\"><img width=\"860\" height=\"606\" src=\"https:\/\/www.chg.at\/wp-content\/uploads\/2026\/04\/1.png\" class=\"full-width wp-post-image\" alt=\"Die neue EU-Geb\u00e4uderichtlinie und ihre Umsetzung in Tirol\" loading=\"lazy\" title=\"Die neue EU-Geb\u00e4uderichtlinie und ihre Umsetzung in Tirol\" \/><\/a><\/figure><header class=\"cmsmasters_post_header entry-header\"><h2 class=\"cmsmasters_post_title entry-title\"><a href=\"https:\/\/www.chg.at\/en\/eu-gebaeuderichtlinie-und-umsetzung-in-tirol\/\">Die neue EU-Geb\u00e4uderichtlinie und ihre Umsetzung in Tirol<\/a><\/h2><\/header><\/div>\t\t\r\n\t\t<div class=\"cmsmasters_post_cont\">\r\n\t\t<div class=\"cmsmasters_post_content entry-content\">\n<p>Die neue EU-Geb\u00e4uderichtlinie verpflichtet Mitgliedstaaten, ihre Geb\u00e4ude bis 2050 emissionsfrei zu machen, was in Tirol zu umfassenden gesetzlichen \u00c4nderungen im Bau- und Immobilienbereich f\u00fchrt. K\u00fcnftig gelten strengere Energieeffizienzvorgaben f\u00fcr Neu- und Bestandsgeb\u00e4ude, erg\u00e4nzt durch Ma\u00dfnahmen wie Solarpflichten, Renovierungsp\u00e4sse und neue Kontrollsysteme.<\/p>\n<\/div>\n<footer class=\"cmsmasters_post_footer entry-meta\"><div class=\"cmsmasters_post_footer_info\"><a class=\"cmsmasters_post_read_more\" href=\"https:\/\/www.chg.at\/en\/eu-gebaeuderichtlinie-und-umsetzung-in-tirol\/\">weiter lesen<\/a><\/div><\/footer>\t\t<\/div>\r\n\t<\/div>\r\n<\/article>\r\n<!-- Finish Image Article -->\r\n\r\n\r\n<!-- Start Image Article -->\r\n\r\n<article id=\"post-28575\" class=\"cmsmasters_post_masonry post-28575 post type-post status-publish format-image has-post-thumbnail hentry category-chg-news category-chg-kanzlei post_format-post-format-image\" data-category=\"chg-news chg-kanzlei\">\r\n\t\t\r\n\t<div class=\"cmsmasters_post_cont_wrap\">\r\n\t<div class=\"cmsmasters_post_img_wrap\"><span class=\"cmsmasters_post_date\"><abbr class=\"published\" title=\"30. March 2026\">30. March 2026<\/abbr><abbr class=\"dn date updated\" title=\"30. March 2026\">30. March 2026<\/abbr><\/span><figure class=\"cmsmasters_img_wrap\"><a href=\"https:\/\/www.chg.at\/wp-content\/uploads\/2026\/03\/WKT03509-scaled.jpg\" title=\"Insights aus erster Hand: Kartellrecht am Brennpunkt der Zeit\" rel=\"ilightbox[img_28575_69f2764fac0d8]\" class=\"cmsmasters_img_link preloader highImg\"><img width=\"860\" height=\"573\" src=\"https:\/\/www.chg.at\/wp-content\/uploads\/2026\/03\/WKT03509-scaled.jpg\" class=\"full-width wp-post-image\" alt=\"Insights aus erster Hand: Kartellrecht am Brennpunkt der Zeit\" loading=\"lazy\" title=\"Insights aus erster Hand: Kartellrecht am Brennpunkt der Zeit\" \/><\/a><\/figure><header class=\"cmsmasters_post_header entry-header\"><h2 class=\"cmsmasters_post_title entry-title\"><a href=\"https:\/\/www.chg.at\/en\/insights-aus-erster-hand-kartellrecht-am-brennpunkt-der-zeit\/\">Insights aus erster Hand: Kartellrecht am Brennpunkt der Zeit<\/a><\/h2><\/header><\/div>\t\t\r\n\t\t<div class=\"cmsmasters_post_cont\">\r\n\t\t<div class=\"cmsmasters_post_content entry-content\">\n<p>Am 26. M\u00e4rz 2026 gew\u00e4hrte Dr.in Natalie Harsdorf von der Bundeswettbewerbsbeh\u00f6rde exklusive Einblicke in aktuelle Entwicklungen.<\/p>\n<\/div>\n<footer class=\"cmsmasters_post_footer entry-meta\"><div class=\"cmsmasters_post_footer_info\"><a class=\"cmsmasters_post_read_more\" href=\"https:\/\/www.chg.at\/en\/insights-aus-erster-hand-kartellrecht-am-brennpunkt-der-zeit\/\">weiter lesen<\/a><\/div><\/footer>\t\t<\/div>\r\n\t<\/div>\r\n<\/article>\r\n<!-- Finish Image Article -->\r\n\r\n\r\n<!-- Start Image Article -->\r\n\r\n<article id=\"post-28560\" class=\"cmsmasters_post_masonry post-28560 post type-post status-publish format-image has-post-thumbnail hentry category-chg-news category-data-technology category-chg-kanzlei post_format-post-format-image\" data-category=\"chg-news data-technology chg-kanzlei\">\r\n\t\t\r\n\t<div class=\"cmsmasters_post_cont_wrap\">\r\n\t<div class=\"cmsmasters_post_img_wrap\"><span class=\"cmsmasters_post_date\"><abbr class=\"published\" title=\"30. March 2026\">30. March 2026<\/abbr><abbr class=\"dn date updated\" title=\"30. March 2026\">30. March 2026<\/abbr><\/span><figure class=\"cmsmasters_img_wrap\"><a href=\"https:\/\/www.chg.at\/wp-content\/uploads\/2026\/03\/Vorlage-fuer-Bilder-NL-3-e1774853469511.png\" title=\"Der Cyber Resilience Act als Rechtsrahmen f\u00fcr digitale Produkte\" rel=\"ilightbox[img_28560_69f2764facb76]\" class=\"cmsmasters_img_link preloader highImg\"><img width=\"860\" height=\"544\" src=\"https:\/\/www.chg.at\/wp-content\/uploads\/2026\/03\/Vorlage-fuer-Bilder-NL-3-e1774853469511.png\" class=\"full-width wp-post-image\" alt=\"Der Cyber Resilience Act als Rechtsrahmen f\u00fcr digitale Produkte\" loading=\"lazy\" title=\"Der Cyber Resilience Act als Rechtsrahmen f\u00fcr digitale Produkte\" \/><\/a><\/figure><header class=\"cmsmasters_post_header entry-header\"><h2 class=\"cmsmasters_post_title entry-title\"><a href=\"https:\/\/www.chg.at\/en\/der-cyber-resilience-act-als-rechtsrachmen-fuer-digitale-produkte\/\">Der Cyber Resilience Act als Rechtsrahmen f\u00fcr digitale Produkte<\/a><\/h2><\/header><\/div>\t\t\r\n\t\t<div class=\"cmsmasters_post_cont\">\r\n\t\t<div class=\"cmsmasters_post_content entry-content\">\n<p>Mit dem Cyber Resilience Act schafft die EU einen einheitlichen Rechtsrahmen f\u00fcr Cybersicherheitsanforderungen an Produkte mit digitalen Elementen. F\u00fcr Unternehmen ist vor allem der weite Anwendungsbereich relevant: Erfasst sind nicht nur klassische Softwareprodukte, sondern auch Hardware, IoT-Ger\u00e4te, eingebettete Systeme und digitale Komponenten. Der Beitrag zeigt, welche Produkte unter den CRA fallen, wie wichtige und kritische Produkte abgegrenzt werden und welche Pflichten Hersteller k\u00fcnftig beachten m\u00fcssen.<\/p>\n<\/div>\n<footer class=\"cmsmasters_post_footer entry-meta\"><div class=\"cmsmasters_post_footer_info\"><a class=\"cmsmasters_post_read_more\" href=\"https:\/\/www.chg.at\/en\/der-cyber-resilience-act-als-rechtsrachmen-fuer-digitale-produkte\/\">weiter lesen<\/a><\/div><\/footer>\t\t<\/div>\r\n\t<\/div>\r\n<\/article>\r\n<!-- Finish Image Article -->\r\n\r\n\r\n<!-- Start Image Article -->\r\n\r\n<article id=\"post-28498\" class=\"cmsmasters_post_masonry post-28498 post type-post status-publish format-image has-post-thumbnail hentry category-chg-news category-chg-kanzlei post_format-post-format-image\" data-category=\"chg-news chg-kanzlei\">\r\n\t\t\r\n\t<div class=\"cmsmasters_post_cont_wrap\">\r\n\t<div class=\"cmsmasters_post_img_wrap\"><span class=\"cmsmasters_post_date\"><abbr class=\"published\" title=\"25. March 2026\">25. March 2026<\/abbr><abbr class=\"dn date updated\" title=\"30. March 2026\">30. March 2026<\/abbr><\/span><figure class=\"cmsmasters_img_wrap\"><a href=\"https:\/\/www.chg.at\/wp-content\/uploads\/2026\/03\/Legal-500-e1774273440543.png\" title=\"CHG erstmals im Legal500\" rel=\"ilightbox[img_28498_69f2764fad617]\" class=\"cmsmasters_img_link preloader highImg\"><img width=\"860\" height=\"544\" src=\"https:\/\/www.chg.at\/wp-content\/uploads\/2026\/03\/Legal-500-e1774273440543.png\" class=\"full-width wp-post-image\" alt=\"CHG erstmals im Legal500\" loading=\"lazy\" title=\"CHG erstmals im Legal500\" \/><\/a><\/figure><header class=\"cmsmasters_post_header entry-header\"><h2 class=\"cmsmasters_post_title entry-title\"><a href=\"https:\/\/www.chg.at\/en\/chg-erstmals-im-legal500\/\">CHG erstmals im Legal500<\/a><\/h2><\/header><\/div>\t\t\r\n\t\t<div class=\"cmsmasters_post_cont\">\r\n\t\t<div class=\"cmsmasters_post_content entry-content\">\n<p>Auszeichnungen in mehreren zentralen Bereichen des Wirtschaftsrechts<\/p>\n<\/div>\n<footer class=\"cmsmasters_post_footer entry-meta\"><div class=\"cmsmasters_post_footer_info\"><a class=\"cmsmasters_post_read_more\" href=\"https:\/\/www.chg.at\/en\/chg-erstmals-im-legal500\/\">weiter lesen<\/a><\/div><\/footer>\t\t<\/div>\r\n\t<\/div>\r\n<\/article>\r\n<!-- Finish Image Article -->\r\n\r\n\r\n<!-- Start Image Article -->\r\n\r\n<article id=\"post-28485\" class=\"cmsmasters_post_masonry post-28485 post type-post status-publish format-image has-post-thumbnail hentry category-banking-finance category-chg-news category-chg-kanzlei tag-kanzlei post_format-post-format-image\" data-category=\"banking-finance chg-news chg-kanzlei\">\r\n\t\t\r\n\t<div class=\"cmsmasters_post_cont_wrap\">\r\n\t<div class=\"cmsmasters_post_img_wrap\"><span class=\"cmsmasters_post_date\"><abbr class=\"published\" title=\"19. March 2026\">19. March 2026<\/abbr><abbr class=\"dn date updated\" title=\"19. March 2026\">19. March 2026<\/abbr><\/span><figure class=\"cmsmasters_img_wrap\"><a href=\"https:\/\/www.chg.at\/wp-content\/uploads\/2026\/03\/BRG.jpg\" title=\"Innsbrucker Bankrechtsgespr\u00e4che \u2013 R\u00fcckblick &#038; Einladung\" rel=\"ilightbox[img_28485_69f2764fae0cb]\" class=\"cmsmasters_img_link preloader highImg\"><img width=\"860\" height=\"552\" src=\"https:\/\/www.chg.at\/wp-content\/uploads\/2026\/03\/BRG.jpg\" class=\"full-width wp-post-image\" alt=\"Innsbrucker Bankrechtsgespr\u00e4che \u2013 R\u00fcckblick &#038; Einladung\" loading=\"lazy\" title=\"Innsbrucker Bankrechtsgespr\u00e4che \u2013 R\u00fcckblick &#038; Einladung\" \/><\/a><\/figure><header class=\"cmsmasters_post_header entry-header\"><h2 class=\"cmsmasters_post_title entry-title\"><a href=\"https:\/\/www.chg.at\/en\/innsbrucker-bankrechtsgespraeche-rueckblick-einladung-2\/\">Innsbrucker Bankrechtsgespr\u00e4che \u2013 R\u00fcckblick &#038; Einladung<\/a><\/h2><\/header><\/div>\t\t\r\n\t\t<div class=\"cmsmasters_post_cont\">\r\n\t\t<div class=\"cmsmasters_post_content entry-content\">\n<p>Bei diesen 20. Innsbrucker Bankrechtsgespr\u00e4chen sprach Frau Mag.a Merve Taner, Legal Counsel AI & Product Advisory in der Rechtsabteilung der Erste Bank der \u00d6sterreichischen Sparkassen AG \u00fcber die rechtliche Rahmenbedingungen f\u00fcr den Einsatz von KI im Banksektor<\/p>\n<\/div>\n<footer class=\"cmsmasters_post_footer entry-meta\"><div class=\"cmsmasters_post_footer_info\"><a class=\"cmsmasters_post_read_more\" href=\"https:\/\/www.chg.at\/en\/innsbrucker-bankrechtsgespraeche-rueckblick-einladung-2\/\">weiter lesen<\/a><\/div><\/footer>\t\t<\/div>\r\n\t<\/div>\r\n<\/article>\r\n<!-- Finish Image Article -->\r\n\r\n\r\n<!-- Start Image Article -->\r\n\r\n<article id=\"post-28416\" class=\"cmsmasters_post_masonry post-28416 post type-post status-publish format-image has-post-thumbnail hentry category-business-law-wirtschaftsrecht category-chg-news category-pgb-newsletter post_format-post-format-image\" data-category=\"business-law-wirtschaftsrecht chg-news pgb-newsletter\">\r\n\t\t\r\n\t<div class=\"cmsmasters_post_cont_wrap\">\r\n\t<div class=\"cmsmasters_post_img_wrap\"><span class=\"cmsmasters_post_date\"><abbr class=\"published\" title=\"11. March 2026\">11. March 2026<\/abbr><abbr class=\"dn date updated\" title=\"18. March 2026\">18. March 2026<\/abbr><\/span><figure class=\"cmsmasters_img_wrap\"><a href=\"https:\/\/www.chg.at\/wp-content\/uploads\/2026\/03\/Justiz_Statue_justice-g12b043997_1920.jpg\" title=\"Die Kommerzialisierung des Unterlassungsanspruchs\" rel=\"ilightbox[img_28416_69f2764faeee9]\" class=\"cmsmasters_img_link preloader highImg\"><img width=\"860\" height=\"573\" src=\"https:\/\/www.chg.at\/wp-content\/uploads\/2026\/03\/Justiz_Statue_justice-g12b043997_1920.jpg\" class=\"full-width wp-post-image\" alt=\"Die Kommerzialisierung des Unterlassungsanspruchs\" loading=\"lazy\" title=\"Die Kommerzialisierung des Unterlassungsanspruchs\" \/><\/a><\/figure><header class=\"cmsmasters_post_header entry-header\"><h2 class=\"cmsmasters_post_title entry-title\"><a href=\"https:\/\/www.chg.at\/en\/die-kommerzialisierung-des-unterlassungsanspruchs\/\">Die Kommerzialisierung des Unterlassungsanspruchs<\/a><\/h2><\/header><\/div>\t\t\r\n\t\t<div class=\"cmsmasters_post_cont\">\r\n\t\t<div class=\"cmsmasters_post_content entry-content\">\n<p>Die Besitzst\u00f6rungsklage<br \/>\nSeit 1. J\u00e4nner 2026 wurden Gerichts- und Anwaltskosten bei Besitzst\u00f6rungsklagen stark reduziert, wodurch das Gesch\u00e4ftsmodell der massenhaften Parkplatz-Abmahnungen weitgehend unattraktiv wird. Gleichzeitig soll der Zugang zum OGH k\u00fcnftig f\u00fcr mehr einheitliche Rechtsprechung und Rechtssicherheit sorgen.<\/p>\n<p>Google-Fonts-Abmahnwelle<br \/>\nDie Google-Fonts-Abmahnwelle beruhte auf m\u00f6glichen DSGVO-Verst\u00f6\u00dfen durch die \u00dcbermittlung von IP-Adressen bei dynamischer Einbindung von Schriftarten. Ein Urteil des LG f\u00fcr ZRS Wien stellte jedoch klar, dass systematische Abmahnungen zur Gewinnerzielung rechtsmissbr\u00e4uchlich sein k\u00f6nnen und keinen Schadenersatzanspruch begr\u00fcnden.<\/p>\n<\/div>\n<footer class=\"cmsmasters_post_footer entry-meta\"><div class=\"cmsmasters_post_footer_info\"><a class=\"cmsmasters_post_read_more\" href=\"https:\/\/www.chg.at\/en\/die-kommerzialisierung-des-unterlassungsanspruchs\/\">weiter lesen<\/a><\/div><\/footer>\t\t<\/div>\r\n\t<\/div>\r\n<\/article>\r\n<!-- Finish Image Article -->\r\n\r\n\r\n<!-- Start Image Article -->\r\n\r\n<article id=\"post-28429\" class=\"cmsmasters_post_masonry post-28429 post type-post status-publish format-image has-post-thumbnail hentry category-pgb-newsletter post_format-post-format-image\" data-category=\"pgb-newsletter\">\r\n\t\t\r\n\t<div class=\"cmsmasters_post_cont_wrap\">\r\n\t<div class=\"cmsmasters_post_img_wrap\"><span class=\"cmsmasters_post_date\"><abbr class=\"published\" title=\"11. March 2026\">11. March 2026<\/abbr><abbr class=\"dn date updated\" title=\"11. March 2026\">11. March 2026<\/abbr><\/span><figure class=\"cmsmasters_img_wrap\"><a href=\"https:\/\/www.chg.at\/wp-content\/uploads\/2026\/03\/Entgelt.png\" title=\"Quotenvorrecht von Dienstgeber:innen in Entgeltfortzahlungsf\u00e4llen\" rel=\"ilightbox[img_28429_69f2764fb0cd9]\" class=\"cmsmasters_img_link preloader highImg\"><img width=\"860\" height=\"606\" src=\"https:\/\/www.chg.at\/wp-content\/uploads\/2026\/03\/Entgelt.png\" class=\"full-width wp-post-image\" alt=\"Quotenvorrecht von Dienstgeber:innen in Entgeltfortzahlungsf\u00e4llen\" loading=\"lazy\" title=\"Quotenvorrecht von Dienstgeber:innen in Entgeltfortzahlungsf\u00e4llen\" \/><\/a><\/figure><header class=\"cmsmasters_post_header entry-header\"><h2 class=\"cmsmasters_post_title entry-title\"><a href=\"https:\/\/www.chg.at\/en\/quotenvorrecht-von-dienstgeberinnen-in-entgeltfortzahlungsfaellen\/\">Quotenvorrecht von Dienstgeber:innen in Entgeltfortzahlungsf\u00e4llen<\/a><\/h2><\/header><\/div>\t\t\r\n\t\t<div class=\"cmsmasters_post_cont\">\r\n\t\t<div class=\"cmsmasters_post_content entry-content\">\n<p>Wenn ein\/e Dienstnehmer:in durch einen von Dritten verursachten Unfall arbeitsunf\u00e4hig wird, muss der\/die Dienstgeber:in weiterhin Entgelt zahlen und erleidet dadurch einen Lohnfortzahlungsschaden, f\u00fcr den er\/sie grunds\u00e4tzlich Regress beim Sch\u00e4diger nehmen kann. Laut OGH (2 Ob 37\/25t) wird bei begrenztem Haftungsfonds nach vorrangiger Befriedigung der Sozialversicherung zuerst der Anspruch des Dienstgebers gedeckt, sodass das verbleibende Risiko aufgrund eines Mitverschuldens \u00fcberwiegend der\/die Dienstnehmer:in tr\u00e4gt.<\/p>\n<\/div>\n<footer class=\"cmsmasters_post_footer entry-meta\"><div class=\"cmsmasters_post_footer_info\"><a class=\"cmsmasters_post_read_more\" href=\"https:\/\/www.chg.at\/en\/quotenvorrecht-von-dienstgeberinnen-in-entgeltfortzahlungsfaellen\/\">weiter lesen<\/a><\/div><\/footer>\t\t<\/div>\r\n\t<\/div>\r\n<\/article>\r\n<!-- Finish Image Article -->\r\n\r\n\r\n<!-- Start Image Article -->\r\n\r\n<article id=\"post-28433\" class=\"cmsmasters_post_masonry post-28433 post type-post status-publish format-image has-post-thumbnail hentry category-pgb-newsletter post_format-post-format-image\" data-category=\"pgb-newsletter\">\r\n\t\t\r\n\t<div class=\"cmsmasters_post_cont_wrap\">\r\n\t<div class=\"cmsmasters_post_img_wrap\"><span class=\"cmsmasters_post_date\"><abbr class=\"published\" title=\"11. March 2026\">11. March 2026<\/abbr><abbr class=\"dn date updated\" title=\"16. March 2026\">16. March 2026<\/abbr><\/span><figure class=\"cmsmasters_img_wrap\"><a href=\"https:\/\/www.chg.at\/wp-content\/uploads\/2026\/03\/Jahresabschluss.png\" title=\"\u201eVienna calling\u201c &#8211; Zust\u00e4ndigkeitsfragen bei unterschiedlichen Anspruchsgrundlagen im Rahmen der Steuerberaterhaftung wegen unrichtig erstellter Jahresabschl\u00fcsse\" rel=\"ilightbox[img_28433_69f2764fb20ba]\" class=\"cmsmasters_img_link preloader highImg\"><img width=\"860\" height=\"606\" src=\"https:\/\/www.chg.at\/wp-content\/uploads\/2026\/03\/Jahresabschluss.png\" class=\"full-width wp-post-image\" alt=\"\u201eVienna calling\u201c &#8211; Zust\u00e4ndigkeitsfragen bei unterschiedlichen Anspruchsgrundlagen im Rahmen der Steuerberaterhaftung wegen unrichtig erstellter Jahresabschl\u00fcsse\" loading=\"lazy\" title=\"\u201eVienna calling\u201c &#8211; Zust\u00e4ndigkeitsfragen bei unterschiedlichen Anspruchsgrundlagen im Rahmen der Steuerberaterhaftung wegen unrichtig erstellter Jahresabschl\u00fcsse\" \/><\/a><\/figure><header class=\"cmsmasters_post_header entry-header\"><h2 class=\"cmsmasters_post_title entry-title\"><a href=\"https:\/\/www.chg.at\/en\/vienna-calling-zustaendigkeitsfragen-bei-unterschiedlichen-anspruchsgrundlagen-im-rahmen-der-steuerberaterhaftung-wegen-unrichtig-erstellter-jahresabschluesse\/\">\u201eVienna calling\u201c &#8211; Zust\u00e4ndigkeitsfragen bei unterschiedlichen Anspruchsgrundlagen im Rahmen der Steuerberaterhaftung wegen unrichtig erstellter Jahresabschl\u00fcsse<\/a><\/h2><\/header><\/div>\t\t\r\n\t\t<div class=\"cmsmasters_post_cont\">\r\n\t\t<div class=\"cmsmasters_post_content entry-content\">\n<p>Der OGH stellte klar, dass Schadenersatzanspr\u00fcche gegen Steuerberater:innen wegen fehlerhafter Jahresabschl\u00fcsse, die Grundlage f\u00fcr Verm\u00f6gensentscheidungen Dritter waren, der Handelsgerichtsbarkeit zuzuordnen sind, wenn sie aus einer unternehmensbezogenen T\u00e4tigkeit wie der Erstellung von Jahresabschl\u00fcssen resultieren. Auch wenn die klagende Partei sowohl vertragliche als auch deliktische Anspruchsgrundlagen geltend macht, bleibt entscheidend, dass der Anspruch aus dem unternehmerischen Gesch\u00e4ft selbst abgeleitet wird.<\/p>\n<\/div>\n<footer class=\"cmsmasters_post_footer entry-meta\"><div class=\"cmsmasters_post_footer_info\"><a class=\"cmsmasters_post_read_more\" href=\"https:\/\/www.chg.at\/en\/vienna-calling-zustaendigkeitsfragen-bei-unterschiedlichen-anspruchsgrundlagen-im-rahmen-der-steuerberaterhaftung-wegen-unrichtig-erstellter-jahresabschluesse\/\">weiter lesen<\/a><\/div><\/footer>\t\t<\/div>\r\n\t<\/div>\r\n<\/article>\r\n<!-- Finish Image Article -->\r\n\r\n\r\n<!-- Start Image Article -->\r\n\r\n<article id=\"post-28438\" class=\"cmsmasters_post_masonry post-28438 post type-post status-publish format-image has-post-thumbnail hentry category-pgb-newsletter post_format-post-format-image\" data-category=\"pgb-newsletter\">\r\n\t\t\r\n\t<div class=\"cmsmasters_post_cont_wrap\">\r\n\t<div class=\"cmsmasters_post_img_wrap\"><span class=\"cmsmasters_post_date\"><abbr class=\"published\" title=\"11. March 2026\">11. March 2026<\/abbr><abbr class=\"dn date updated\" title=\"11. March 2026\">11. March 2026<\/abbr><\/span><figure class=\"cmsmasters_img_wrap\"><a href=\"https:\/\/www.chg.at\/wp-content\/uploads\/2026\/03\/Nebenkosten.png\" title=\"Zur m\u00f6glichen Transparenz von Klauseln \u00fcber Kreditbearbeitungsgeb\u00fchren und zus\u00e4tzlichen Einmalkosten\" rel=\"ilightbox[img_28438_69f2764fb3618]\" class=\"cmsmasters_img_link preloader highImg\"><img width=\"860\" height=\"606\" src=\"https:\/\/www.chg.at\/wp-content\/uploads\/2026\/03\/Nebenkosten.png\" class=\"full-width wp-post-image\" alt=\"Zur m\u00f6glichen Transparenz von Klauseln \u00fcber Kreditbearbeitungsgeb\u00fchren und zus\u00e4tzlichen Einmalkosten\" loading=\"lazy\" title=\"Zur m\u00f6glichen Transparenz von Klauseln \u00fcber Kreditbearbeitungsgeb\u00fchren und zus\u00e4tzlichen Einmalkosten\" \/><\/a><\/figure><header class=\"cmsmasters_post_header entry-header\"><h2 class=\"cmsmasters_post_title entry-title\"><a href=\"https:\/\/www.chg.at\/en\/zur-moeglichen-transparenz-von-klauseln-ueber-kreditbearbeitungsgebuehren-und-zusaetzlichen-einmalkosten\/\">Zur m\u00f6glichen Transparenz von Klauseln \u00fcber Kreditbearbeitungsgeb\u00fchren und zus\u00e4tzlichen Einmalkosten<\/a><\/h2><\/header><\/div>\t\t\r\n\t\t<div class=\"cmsmasters_post_cont\">\r\n\t\t<div class=\"cmsmasters_post_content entry-content\">\n<p>Der OGH entschied (3 Ob 77\/25g), dass eine Kreditbearbeitungsgeb\u00fchr neben zus\u00e4tzlichen Einmalkosten transparent und zul\u00e4ssig sein kann, wenn f\u00fcr Verbraucher:innen klar erkennbar ist, welche Leistungen durch die Bearbeitungsgeb\u00fchr und welche durch die separaten Kosten abgedeckt werden. Allerdings bestehen innerhalb des OGH unterschiedliche Rechtsprechungslinien zur Transparenz solcher Klauseln, sodass die endg\u00fcltige Kl\u00e4rung dieser Frage noch aussteht.<\/p>\n<\/div>\n<footer class=\"cmsmasters_post_footer entry-meta\"><div class=\"cmsmasters_post_footer_info\"><a class=\"cmsmasters_post_read_more\" href=\"https:\/\/www.chg.at\/en\/zur-moeglichen-transparenz-von-klauseln-ueber-kreditbearbeitungsgebuehren-und-zusaetzlichen-einmalkosten\/\">weiter lesen<\/a><\/div><\/footer>\t\t<\/div>\r\n\t<\/div>\r\n<\/article>\r\n<!-- Finish Image Article -->\r\n\r\n\r\n<!-- Start Image Article -->\r\n\r\n<article id=\"post-28422\" class=\"cmsmasters_post_masonry post-28422 post type-post status-publish format-image has-post-thumbnail hentry category-pgb-newsletter post_format-post-format-image\" data-category=\"pgb-newsletter\">\r\n\t\t\r\n\t<div class=\"cmsmasters_post_cont_wrap\">\r\n\t<div class=\"cmsmasters_post_img_wrap\"><span class=\"cmsmasters_post_date\"><abbr class=\"published\" title=\"11. March 2026\">11. March 2026<\/abbr><abbr class=\"dn date updated\" title=\"11. March 2026\">11. March 2026<\/abbr><\/span><figure class=\"cmsmasters_img_wrap\"><a href=\"https:\/\/www.chg.at\/wp-content\/uploads\/2026\/03\/Konsumentenschutz.png\" title=\"Gr\u00f6bliche Benachteiligung durch Verzugszinssatz trotz Einhaltung der Grenze des KSchG\" rel=\"ilightbox[img_28422_69f2764fb4766]\" class=\"cmsmasters_img_link preloader highImg\"><img width=\"860\" height=\"606\" src=\"https:\/\/www.chg.at\/wp-content\/uploads\/2026\/03\/Konsumentenschutz.png\" class=\"full-width wp-post-image\" alt=\"Gr\u00f6bliche Benachteiligung durch Verzugszinssatz trotz Einhaltung der Grenze des KSchG\" loading=\"lazy\" title=\"Gr\u00f6bliche Benachteiligung durch Verzugszinssatz trotz Einhaltung der Grenze des KSchG\" \/><\/a><\/figure><header class=\"cmsmasters_post_header entry-header\"><h2 class=\"cmsmasters_post_title entry-title\"><a href=\"https:\/\/www.chg.at\/en\/groebliche-benachteiligung-durch-verzugszinssatz-trotz-einhaltung-der-grenze-des-kschg\/\">Gr\u00f6bliche Benachteiligung durch Verzugszinssatz trotz Einhaltung der Grenze des KSchG<\/a><\/h2><\/header><\/div>\t\t\r\n\t\t<div class=\"cmsmasters_post_cont\">\r\n\t\t<div class=\"cmsmasters_post_content entry-content\">\n<p>Der OGH entschied, dass eine AGB-Klausel, die Verzugszinsen von 4,8\u202f% p.a. vorsieht und damit formal die Grenze des \u00a7\u202f6 Abs.\u202f1 Z.\u202f13 KSchG einh\u00e4lt, dennoch nach \u00a7\u202f879 Abs.\u202f3 ABGB gr\u00f6blich benachteiligend sein kann, wenn sie dem Gl\u00e4ubiger \u00fcber die gesetzlichen 4\u202f% hinausgehende Zinsen ohne sachliche Rechtfertigung zuspricht; Unternehmen m\u00fcssen daher sicherstellen, dass Verzugszinss\u00e4tze nicht nur konsumentenschutzrechtlich zul\u00e4ssig, sondern auch inhaltlich fair und gerechtfertigt sind.<\/p>\n<\/div>\n<footer class=\"cmsmasters_post_footer entry-meta\"><div class=\"cmsmasters_post_footer_info\"><a class=\"cmsmasters_post_read_more\" href=\"https:\/\/www.chg.at\/en\/groebliche-benachteiligung-durch-verzugszinssatz-trotz-einhaltung-der-grenze-des-kschg\/\">weiter lesen<\/a><\/div><\/footer>\t\t<\/div>\r\n\t<\/div>\r\n<\/article>\r\n<!-- Finish Image Article -->\r\n\r\n\r\n<!-- Start Image Article -->\r\n\r\n<article id=\"post-28402\" class=\"cmsmasters_post_masonry post-28402 post type-post status-publish format-image has-post-thumbnail hentry category-chg-news category-chg-kanzlei post_format-post-format-image\" data-category=\"chg-news chg-kanzlei\">\r\n\t\t\r\n\t<div class=\"cmsmasters_post_cont_wrap\">\r\n\t<div class=\"cmsmasters_post_img_wrap\"><span class=\"cmsmasters_post_date\"><abbr class=\"published\" title=\"9. March 2026\">9. March 2026<\/abbr><abbr class=\"dn date updated\" title=\"9. March 2026\">9. March 2026<\/abbr><\/span><figure class=\"cmsmasters_img_wrap\"><a href=\"https:\/\/www.chg.at\/wp-content\/uploads\/2026\/03\/Image-31-e1773048194777.jpg\" title=\"Skitag bei Kaiserwetter\" rel=\"ilightbox[img_28402_69f2764fb586d]\" class=\"cmsmasters_img_link preloader highImg\"><img width=\"860\" height=\"517\" src=\"https:\/\/www.chg.at\/wp-content\/uploads\/2026\/03\/Image-31-e1773048194777.jpg\" class=\"full-width wp-post-image\" alt=\"Skitag bei Kaiserwetter\" loading=\"lazy\" title=\"Skitag bei Kaiserwetter\" \/><\/a><\/figure><header class=\"cmsmasters_post_header entry-header\"><h2 class=\"cmsmasters_post_title entry-title\"><a href=\"https:\/\/www.chg.at\/en\/skitag-bei-kaiserwetter\/\">Skitag bei Kaiserwetter<\/a><\/h2><\/header><\/div>\t\t\r\n\t\t<div class=\"cmsmasters_post_cont\">\r\n\t\t<div class=\"cmsmasters_post_content entry-content\">\n<p>Unser j\u00e4hrlicher Skitag hat mittlerweile Tradition. Dieses Jahr ging es in die Axamer Lizum.<\/p>\n<\/div>\n<footer class=\"cmsmasters_post_footer entry-meta\"><div class=\"cmsmasters_post_footer_info\"><a class=\"cmsmasters_post_read_more\" href=\"https:\/\/www.chg.at\/en\/skitag-bei-kaiserwetter\/\">weiter lesen<\/a><\/div><\/footer>\t\t<\/div>\r\n\t<\/div>\r\n<\/article>\r\n<!-- Finish Image Article -->\r\n\r\n\r\n<!-- Start Image Article -->\r\n\r\n<article id=\"post-28273\" class=\"cmsmasters_post_masonry post-28273 post type-post status-publish format-image has-post-thumbnail hentry category-chg-news category-chg-kanzlei category-oeffentliches-wirtschaftsrecht-und-vergaberecht tag-oeffentliche-auftraggeber tag-vergaberecht tag-vergaberichtlinien post_format-post-format-image\" data-category=\"chg-news chg-kanzlei oeffentliches-wirtschaftsrecht-und-vergaberecht\">\r\n\t\t\r\n\t<div class=\"cmsmasters_post_cont_wrap\">\r\n\t<div class=\"cmsmasters_post_img_wrap\"><span class=\"cmsmasters_post_date\"><abbr class=\"published\" title=\"11. February 2026\">11. February 2026<\/abbr><abbr class=\"dn date updated\" title=\"16. February 2026\">16. February 2026<\/abbr><\/span><figure class=\"cmsmasters_img_wrap\"><a href=\"https:\/\/www.chg.at\/wp-content\/uploads\/2026\/02\/Sparschwein-e1771229843456.png\" title=\"De-minimis-Beihilfen: Neue Meldepflichten seit 1. J\u00e4nner 2026\" rel=\"ilightbox[img_28273_69f2764fb64da]\" class=\"cmsmasters_img_link preloader highImg\"><img width=\"860\" height=\"543\" src=\"https:\/\/www.chg.at\/wp-content\/uploads\/2026\/02\/Sparschwein-e1771229843456.png\" class=\"full-width wp-post-image\" alt=\"De-minimis-Beihilfen: Neue Meldepflichten seit 1. J\u00e4nner 2026\" loading=\"lazy\" title=\"De-minimis-Beihilfen: Neue Meldepflichten seit 1. J\u00e4nner 2026\" \/><\/a><\/figure><header class=\"cmsmasters_post_header entry-header\"><h2 class=\"cmsmasters_post_title entry-title\"><a href=\"https:\/\/www.chg.at\/en\/de-minimis-beihilfen-neue-meldepflichten-seit-1-jaenner-2026\/\">De-minimis-Beihilfen: Neue Meldepflichten seit 1. J\u00e4nner 2026<\/a><\/h2><\/header><\/div>\t\t\r\n\t\t<div class=\"cmsmasters_post_cont\">\r\n\t\t<div class=\"cmsmasters_post_content entry-content\">\n<p>Seit 1. J\u00e4nner 2026 gilt: De-minimis-Beihilfen m\u00fcssen in ein zentrales Register. Wir widmen uns in einem aktuellen Beitrag dem eAidRegister der Europ\u00e4ischen Kommission.<\/p>\n<\/div>\n<footer class=\"cmsmasters_post_footer entry-meta\"><div class=\"cmsmasters_post_footer_info\"><a class=\"cmsmasters_post_read_more\" href=\"https:\/\/www.chg.at\/en\/de-minimis-beihilfen-neue-meldepflichten-seit-1-jaenner-2026\/\">weiter lesen<\/a><\/div><\/footer>\t\t<\/div>\r\n\t<\/div>\r\n<\/article>\r\n<!-- Finish Image Article -->\r\n\r\n\r\n<!-- Start Image Article -->\r\n\r\n<article id=\"post-28254\" class=\"cmsmasters_post_masonry post-28254 post type-post status-publish format-image has-post-thumbnail hentry category-chg-news category-chg-kanzlei post_format-post-format-image\" data-category=\"chg-news chg-kanzlei\">\r\n\t\t\r\n\t<div class=\"cmsmasters_post_cont_wrap\">\r\n\t<div class=\"cmsmasters_post_img_wrap\"><span class=\"cmsmasters_post_date\"><abbr class=\"published\" title=\"4. February 2026\">4. February 2026<\/abbr><abbr class=\"dn date updated\" title=\"4. February 2026\">4. February 2026<\/abbr><\/span><figure class=\"cmsmasters_img_wrap\"><a href=\"https:\/\/www.chg.at\/wp-content\/uploads\/2026\/02\/b507f85d3557a42b98cbbe696394d85514e12e02.jpg\" title=\"Dr. Christoph Haidlen im ORF-Interview zu Seilbahnsicherheit\" rel=\"ilightbox[img_28254_69f2764fb7098]\" class=\"cmsmasters_img_link preloader highImg\"><img width=\"860\" height=\"483\" src=\"https:\/\/www.chg.at\/wp-content\/uploads\/2026\/02\/b507f85d3557a42b98cbbe696394d85514e12e02.jpg\" class=\"full-width wp-post-image\" alt=\"Dr. Christoph Haidlen im ORF-Interview zu Seilbahnsicherheit\" loading=\"lazy\" title=\"Dr. Christoph Haidlen im ORF-Interview zu Seilbahnsicherheit\" \/><\/a><\/figure><header class=\"cmsmasters_post_header entry-header\"><h2 class=\"cmsmasters_post_title entry-title\"><a href=\"https:\/\/www.chg.at\/en\/dr-christoph-haidlen-im-orf-interview-zu-seilbahnsicherheit\/\">Dr. Christoph Haidlen im ORF-Interview zu Seilbahnsicherheit<\/a><\/h2><\/header><\/div>\t\t\r\n\t\t<div class=\"cmsmasters_post_cont\">\r\n\t\t<div class=\"cmsmasters_post_content entry-content\">\n<p>In einem aktuellen \u00d61-Beitrag zeigt der ORF, wie hoch die Sicherheitsstandards im \u00f6sterreichischen Seilbahnbetrieb sind \u2013 von laufenden technischen Kontrollen bis zu klaren gesetzlichen Vorgaben. <\/p>\n<\/div>\n<footer class=\"cmsmasters_post_footer entry-meta\"><div class=\"cmsmasters_post_footer_info\"><a class=\"cmsmasters_post_read_more\" href=\"https:\/\/www.chg.at\/en\/dr-christoph-haidlen-im-orf-interview-zu-seilbahnsicherheit\/\">weiter lesen<\/a><\/div><\/footer>\t\t<\/div>\r\n\t<\/div>\r\n<\/article>\r\n<!-- Finish Image Article -->\r\n\r\n\r\n<!-- Start Image Article -->\r\n\r\n<article id=\"post-28147\" class=\"cmsmasters_post_masonry post-28147 post type-post status-publish format-image has-post-thumbnail hentry category-chg-news category-pgi-newsletter post_format-post-format-image\" data-category=\"chg-news pgi-newsletter\">\r\n\t\t\r\n\t<div class=\"cmsmasters_post_cont_wrap\">\r\n\t<div class=\"cmsmasters_post_img_wrap\"><span class=\"cmsmasters_post_date\"><abbr class=\"published\" title=\"27. January 2026\">27. January 2026<\/abbr><abbr class=\"dn date updated\" title=\"27. January 2026\">27. January 2026<\/abbr><\/span><figure class=\"cmsmasters_img_wrap\"><a href=\"https:\/\/www.chg.at\/wp-content\/uploads\/2026\/01\/freizeittirol_immobilienstammtisch150126-142.webp\" title=\"6. Immobilienstammtisch: Austausch auf h\u00f6chstem Niveau\" rel=\"ilightbox[img_28147_69f2764fb7b2e]\" class=\"cmsmasters_img_link preloader highImg\"><img width=\"860\" height=\"573\" src=\"https:\/\/www.chg.at\/wp-content\/uploads\/2026\/01\/freizeittirol_immobilienstammtisch150126-142.webp\" class=\"full-width wp-post-image\" alt=\"6. Immobilienstammtisch: Austausch auf h\u00f6chstem Niveau\" loading=\"lazy\" title=\"6. Immobilienstammtisch: Austausch auf h\u00f6chstem Niveau\" \/><\/a><\/figure><header class=\"cmsmasters_post_header entry-header\"><h2 class=\"cmsmasters_post_title entry-title\"><a href=\"https:\/\/www.chg.at\/en\/6-immobilienstammtisch-austausch-auf-hoechstem-niveau\/\">6. Immobilienstammtisch: Austausch auf h\u00f6chstem Niveau<\/a><\/h2><\/header><\/div>\t\t\r\n\t\t<div class=\"cmsmasters_post_cont\">\r\n\t\t<div class=\"cmsmasters_post_content entry-content\">\n<p>Der am 15. J\u00e4nner 2026 im ausgebuchten Festsaal der Wirtschaftskammer Tirol abgehaltene 6. Immobilienstammtisch brachte f\u00fchrende Vertreter:innen der Immobilienbranche zum Austausch \u00fcber leistbares Wohnen sowie L\u00f6sungsans\u00e4tze und Perspektiven f\u00fcr 2026 zusammen.<\/p>\n<\/div>\n<footer class=\"cmsmasters_post_footer entry-meta\"><div class=\"cmsmasters_post_footer_info\"><a class=\"cmsmasters_post_read_more\" href=\"https:\/\/www.chg.at\/en\/6-immobilienstammtisch-austausch-auf-hoechstem-niveau\/\">weiter lesen<\/a><\/div><\/footer>\t\t<\/div>\r\n\t<\/div>\r\n<\/article>\r\n<!-- Finish Image Article -->\r\n\r\n\r\n<!-- Start Image Article -->\r\n\r\n<article id=\"post-28142\" class=\"cmsmasters_post_masonry post-28142 post type-post status-publish format-image has-post-thumbnail hentry category-pgi-newsletter post_format-post-format-image\" data-category=\"pgi-newsletter\">\r\n\t\t\r\n\t<div class=\"cmsmasters_post_cont_wrap\">\r\n\t<div class=\"cmsmasters_post_img_wrap\"><span class=\"cmsmasters_post_date\"><abbr class=\"published\" title=\"27. January 2026\">27. January 2026<\/abbr><abbr class=\"dn date updated\" title=\"27. January 2026\">27. January 2026<\/abbr><\/span><figure class=\"cmsmasters_img_wrap\"><a href=\"https:\/\/www.chg.at\/wp-content\/uploads\/2026\/01\/Zivilrechtliches-Indexierungs-Anpassungsgesetz-klein.png\" title=\"Zivilrechtliches Indexierungs-Anpassungsgesetz\" rel=\"ilightbox[img_28142_69f2764fb8bcf]\" class=\"cmsmasters_img_link preloader highImg\"><img width=\"860\" height=\"603\" src=\"https:\/\/www.chg.at\/wp-content\/uploads\/2026\/01\/Zivilrechtliches-Indexierungs-Anpassungsgesetz-klein.png\" class=\"full-width wp-post-image\" alt=\"Zivilrechtliches Indexierungs-Anpassungsgesetz\" loading=\"lazy\" title=\"Zivilrechtliches Indexierungs-Anpassungsgesetz\" \/><\/a><\/figure><header class=\"cmsmasters_post_header entry-header\"><h2 class=\"cmsmasters_post_title entry-title\"><a href=\"https:\/\/www.chg.at\/en\/zivilrechtliches-indexierungs-anpassungsgesetz\/\">Zivilrechtliches Indexierungs-Anpassungsgesetz<\/a><\/h2><\/header><\/div>\t\t\r\n\t\t<div class=\"cmsmasters_post_cont\">\r\n\t\t<div class=\"cmsmasters_post_content entry-content\">\n<p>Mit \u00a7 879a ABGB und dem seit 01.01.2026 geltenden ZIAG werden die Kriterien zur Beurteilung der Zul\u00e4ssigkeit von Wertsicherungsvereinbarungen pr\u00e4zisiert, wobei unter bestimmten Umst\u00e4nden auch vergangene Indizes zul\u00e4ssig sind und Mietvertr\u00e4ge zudem von der bisherigen Zweimonatsbeschr\u00e4nkung f\u00fcr Entgeltanpassungen ausgenommen werden.<\/p>\n<\/div>\n<footer class=\"cmsmasters_post_footer entry-meta\"><div class=\"cmsmasters_post_footer_info\"><a class=\"cmsmasters_post_read_more\" href=\"https:\/\/www.chg.at\/en\/zivilrechtliches-indexierungs-anpassungsgesetz\/\">weiter lesen<\/a><\/div><\/footer>\t\t<\/div>\r\n\t<\/div>\r\n<\/article>\r\n<!-- Finish Image Article -->\r\n\r\n\r\n<!-- Start Image Article -->\r\n\r\n<article id=\"post-28138\" class=\"cmsmasters_post_masonry post-28138 post type-post status-publish format-image has-post-thumbnail hentry category-pgi-newsletter post_format-post-format-image\" data-category=\"pgi-newsletter\">\r\n\t\t\r\n\t<div class=\"cmsmasters_post_cont_wrap\">\r\n\t<div class=\"cmsmasters_post_img_wrap\"><span class=\"cmsmasters_post_date\"><abbr class=\"published\" title=\"27. January 2026\">27. January 2026<\/abbr><abbr class=\"dn date updated\" title=\"27. January 2026\">27. January 2026<\/abbr><\/span><figure class=\"cmsmasters_img_wrap\"><a href=\"https:\/\/www.chg.at\/wp-content\/uploads\/2026\/01\/Mindesbefristung-von-Wohnungsmietvertraegen-klein.png\" title=\"Mindestbefristung von Wohnungsmietvertr\u00e4gen\" rel=\"ilightbox[img_28138_69f2764fb9c77]\" class=\"cmsmasters_img_link preloader highImg\"><img width=\"860\" height=\"603\" src=\"https:\/\/www.chg.at\/wp-content\/uploads\/2026\/01\/Mindesbefristung-von-Wohnungsmietvertraegen-klein.png\" class=\"full-width wp-post-image\" alt=\"Mindestbefristung von Wohnungsmietvertr\u00e4gen\" loading=\"lazy\" title=\"Mindestbefristung von Wohnungsmietvertr\u00e4gen\" \/><\/a><\/figure><header class=\"cmsmasters_post_header entry-header\"><h2 class=\"cmsmasters_post_title entry-title\"><a href=\"https:\/\/www.chg.at\/en\/mindestbefristung-von-wohnungsmietvertraegen\/\">Mindestbefristung von Wohnungsmietvertr\u00e4gen<\/a><\/h2><\/header><\/div>\t\t\r\n\t\t<div class=\"cmsmasters_post_cont\">\r\n\t\t<div class=\"cmsmasters_post_content entry-content\">\n<p>Das 5. MILG erh\u00f6ht seit 01.01.2026 f\u00fcr MRG-Wohnungsmietvertr\u00e4ge die Mindestbefristung auf f\u00fcnf Jahre bei unternehmerischen Vermietern (sonst drei Jahre), macht zu kurze Befristungen unwirksam und regelt die automatische Verl\u00e4ngerung befristeter Vertr\u00e4ge neu.<\/p>\n<\/div>\n<footer class=\"cmsmasters_post_footer entry-meta\"><div class=\"cmsmasters_post_footer_info\"><a class=\"cmsmasters_post_read_more\" href=\"https:\/\/www.chg.at\/en\/mindestbefristung-von-wohnungsmietvertraegen\/\">weiter lesen<\/a><\/div><\/footer>\t\t<\/div>\r\n\t<\/div>\r\n<\/article>\r\n<!-- Finish Image Article -->\r\n\r\n\r\n<!-- Start Image Article -->\r\n\r\n<article id=\"post-28134\" class=\"cmsmasters_post_masonry post-28134 post type-post status-publish format-image has-post-thumbnail hentry category-pgi-newsletter post_format-post-format-image\" data-category=\"pgi-newsletter\">\r\n\t\t\r\n\t<div class=\"cmsmasters_post_cont_wrap\">\r\n\t<div class=\"cmsmasters_post_img_wrap\"><span class=\"cmsmasters_post_date\"><abbr class=\"published\" title=\"27. January 2026\">27. January 2026<\/abbr><abbr class=\"dn date updated\" title=\"27. January 2026\">27. January 2026<\/abbr><\/span><figure class=\"cmsmasters_img_wrap\"><a href=\"https:\/\/www.chg.at\/wp-content\/uploads\/2026\/01\/Inflationslinderungsgesetz.png\" title=\"Das neue Mieten-Wertsicherungsgesetz (MieWeG): Gesetzliche Deckelung der Wertsicherung von Wohnungsmieten\" rel=\"ilightbox[img_28134_69f2764fbaf46]\" class=\"cmsmasters_img_link preloader highImg\"><img width=\"860\" height=\"602\" src=\"https:\/\/www.chg.at\/wp-content\/uploads\/2026\/01\/Inflationslinderungsgesetz.png\" class=\"full-width wp-post-image\" alt=\"Das neue Mieten-Wertsicherungsgesetz (MieWeG): Gesetzliche Deckelung der Wertsicherung von Wohnungsmieten\" loading=\"lazy\" title=\"Das neue Mieten-Wertsicherungsgesetz (MieWeG): Gesetzliche Deckelung der Wertsicherung von Wohnungsmieten\" \/><\/a><\/figure><header class=\"cmsmasters_post_header entry-header\"><h2 class=\"cmsmasters_post_title entry-title\"><a href=\"https:\/\/www.chg.at\/en\/das-neue-mieten-wertsicherungsgesetz-mieweg-gesetzliche-deckelung-der-wertsicherung-von-wohnungsmieten\/\">Das neue Mieten-Wertsicherungsgesetz (MieWeG): Gesetzliche Deckelung der Wertsicherung von Wohnungsmieten<\/a><\/h2><\/header><\/div>\t\t\r\n\t\t<div class=\"cmsmasters_post_cont\">\r\n\t\t<div class=\"cmsmasters_post_content entry-content\">\n<p>Mit dem 5. MILG gilt ab 01.01.2026 in \u00d6sterreich erstmals eine gesetzliche Deckelung auch f\u00fcr wertsicherungsbedingte Mietzinserh\u00f6hungen im freien Mietmarkt bei MRG-Mietverh\u00e4ltnissen, wobei Anpassungen nur einmal j\u00e4hrlich zum 1. April und grunds\u00e4tzlich bis 3 % (dar\u00fcber hinaus nur zur H\u00e4lfte) zul\u00e4ssig sind. F\u00fcr Vollanwendungsf\u00e4lle des MRG gelten 2026 und 2027 noch strengere Obergrenzen (1 % bzw. 2 %), zudem wurden Regeln zur Parallelrechnung von Wertsicherung und gesetzlichen Grenzen sowie zur eingeschr\u00e4nkten R\u00fcckforderung \u00fcberh\u00f6hter Mieten neu festgelegt.<\/p>\n<\/div>\n<footer class=\"cmsmasters_post_footer entry-meta\"><div class=\"cmsmasters_post_footer_info\"><a class=\"cmsmasters_post_read_more\" href=\"https:\/\/www.chg.at\/en\/das-neue-mieten-wertsicherungsgesetz-mieweg-gesetzliche-deckelung-der-wertsicherung-von-wohnungsmieten\/\">weiter lesen<\/a><\/div><\/footer>\t\t<\/div>\r\n\t<\/div>\r\n<\/article>\r\n<!-- Finish Image Article -->\r\n\r\n<\/div><div class=\"cmsmasters_wrap_more_posts\"><div class=\"cmsmasters_wrap_post_loader\">\r\n\t\t\t\t<a href=\"javascript:void(0);\" class=\"cmsmasters_button cmsmasters_post_loader\">\r\n\t\t\t\t\t<span>More News<\/span>\r\n\t\t\t\t<\/a>\r\n\t\t\t<\/div><\/div><\/div>\n<\/div>\n<\/div>\n<\/div>\n<\/div>\n<\/div>\n<\/div>\n\n","protected":false},"excerpt":{"rendered":"","protected":false},"author":1,"featured_media":0,"parent":0,"menu_order":0,"comment_status":"closed","ping_status":"closed","template":"","meta":{"inline_featured_image":false},"yoast_head":"<!-- This site is optimized with the Yoast SEO plugin v19.8 - https:\/\/yoast.com\/wordpress\/plugins\/seo\/ -->\n<title>News &ndash; CHG Czernich Rechtsanw\u00e4lte \u2013 Wir bewegen Wirtschaft<\/title>\n<meta name=\"description\" content=\"Neuigkeiten, Veranstaltungen &amp; Tipps \u2013 Wir halten Sie auf dem Laufenden \u2013 CHG Czernich Rechtsanw\u00e4lte \u2013 Wir bewegen Wirtschaft.\" \/>\n<meta name=\"robots\" content=\"index, follow, max-snippet:-1, max-image-preview:large, max-video-preview:-1\" \/>\n<link rel=\"canonical\" href=\"https:\/\/www.chg.at\/en\/news\/\" \/>\n<meta property=\"og:locale\" content=\"en_US\" \/>\n<meta property=\"og:type\" content=\"article\" \/>\n<meta property=\"og:title\" content=\"News &ndash; CHG Czernich Rechtsanw\u00e4lte \u2013 Wir bewegen Wirtschaft\" \/>\n<meta property=\"og:description\" content=\"Neuigkeiten, Veranstaltungen &amp; Tipps \u2013 Wir halten Sie auf dem Laufenden \u2013 CHG Czernich Rechtsanw\u00e4lte \u2013 Wir bewegen Wirtschaft.\" \/>\n<meta property=\"og:url\" content=\"https:\/\/www.chg.at\/en\/news\/\" \/>\n<meta property=\"og:site_name\" content=\"CHG Czernich Rechtsanw\u00e4lte \u2013 Wir bewegen Wirtschaft\" \/>\n<meta property=\"article:modified_time\" content=\"2023-11-29T09:25:22+00:00\" \/>\n<meta name=\"twitter:card\" content=\"summary_large_image\" \/>\n<meta name=\"twitter:label1\" content=\"Est. reading time\" \/>\n\t<meta name=\"twitter:data1\" content=\"1 minute\" \/>\n<script type=\"application\/ld+json\" class=\"yoast-schema-graph\">{\"@context\":\"https:\/\/schema.org\",\"@graph\":[{\"@type\":\"WebPage\",\"@id\":\"https:\/\/www.chg.at\/en\/news\/\",\"url\":\"https:\/\/www.chg.at\/en\/news\/\",\"name\":\"News &ndash; CHG Czernich Rechtsanw\u00e4lte \u2013 Wir bewegen Wirtschaft\",\"isPartOf\":{\"@id\":\"https:\/\/www.chg.at\/en\/#website\"},\"datePublished\":\"2016-09-01T11:03:25+00:00\",\"dateModified\":\"2023-11-29T09:25:22+00:00\",\"description\":\"Neuigkeiten, Veranstaltungen & Tipps \u2013 Wir halten Sie auf dem Laufenden \u2013 CHG Czernich Rechtsanw\u00e4lte \u2013 Wir bewegen Wirtschaft.\",\"breadcrumb\":{\"@id\":\"https:\/\/www.chg.at\/en\/news\/#breadcrumb\"},\"inLanguage\":\"en-US\",\"potentialAction\":[{\"@type\":\"ReadAction\",\"target\":[\"https:\/\/www.chg.at\/en\/news\/\"]}]},{\"@type\":\"BreadcrumbList\",\"@id\":\"https:\/\/www.chg.at\/en\/news\/#breadcrumb\",\"itemListElement\":[{\"@type\":\"ListItem\",\"position\":1,\"name\":\"Startseite\",\"item\":\"https:\/\/www.chg.at\/en\/\"},{\"@type\":\"ListItem\",\"position\":2,\"name\":\"News\"}]},{\"@type\":\"WebSite\",\"@id\":\"https:\/\/www.chg.at\/en\/#website\",\"url\":\"https:\/\/www.chg.at\/en\/\",\"name\":\"CHG Czernich Rechtsanw\u00e4lte \u2013 Wir bewegen Wirtschaft\",\"description\":\"Wir sorgen f\u00fcr Klarheit, wenn es rechtlich kompliziert wird. In jeder Phase Ihrer Unternehmungen. Sie ergreifen die Chancen. Wir verwandeln Risiken in L\u00f6sungen.\",\"publisher\":{\"@id\":\"https:\/\/www.chg.at\/en\/#organization\"},\"potentialAction\":[{\"@type\":\"SearchAction\",\"target\":{\"@type\":\"EntryPoint\",\"urlTemplate\":\"https:\/\/www.chg.at\/en\/?s={search_term_string}\"},\"query-input\":\"required name=search_term_string\"}],\"inLanguage\":\"en-US\"},{\"@type\":\"Organization\",\"@id\":\"https:\/\/www.chg.at\/en\/#organization\",\"name\":\"CHG Czernich Rechtsanw\u00e4lte\",\"url\":\"https:\/\/www.chg.at\/en\/\",\"sameAs\":[\"https:\/\/www.linkedin.com\/company\/12773263\/admin\/dashboard\/\"],\"logo\":{\"@type\":\"ImageObject\",\"inLanguage\":\"en-US\",\"@id\":\"https:\/\/www.chg.at\/en\/#\/schema\/logo\/image\/\",\"url\":\"https:\/\/www.chg.at\/wp-content\/uploads\/2016\/08\/CHG_logo_250_1.png\",\"contentUrl\":\"https:\/\/www.chg.at\/wp-content\/uploads\/2016\/08\/CHG_logo_250_1.png\",\"width\":250,\"height\":33,\"caption\":\"CHG Czernich Rechtsanw\u00e4lte\"},\"image\":{\"@id\":\"https:\/\/www.chg.at\/en\/#\/schema\/logo\/image\/\"}}]}<\/script>\n<!-- \/ Yoast SEO plugin. -->","yoast_head_json":{"title":"News &ndash; CHG Czernich Rechtsanw\u00e4lte \u2013 Wir bewegen Wirtschaft","description":"Neuigkeiten, Veranstaltungen & Tipps \u2013 Wir halten Sie auf dem Laufenden \u2013 CHG Czernich Rechtsanw\u00e4lte \u2013 Wir bewegen Wirtschaft.","robots":{"index":"index","follow":"follow","max-snippet":"max-snippet:-1","max-image-preview":"max-image-preview:large","max-video-preview":"max-video-preview:-1"},"canonical":"https:\/\/www.chg.at\/en\/news\/","og_locale":"en_US","og_type":"article","og_title":"News &ndash; CHG Czernich Rechtsanw\u00e4lte \u2013 Wir bewegen Wirtschaft","og_description":"Neuigkeiten, Veranstaltungen & Tipps \u2013 Wir halten Sie auf dem Laufenden \u2013 CHG Czernich Rechtsanw\u00e4lte \u2013 Wir bewegen Wirtschaft.","og_url":"https:\/\/www.chg.at\/en\/news\/","og_site_name":"CHG Czernich Rechtsanw\u00e4lte \u2013 Wir bewegen Wirtschaft","article_modified_time":"2023-11-29T09:25:22+00:00","twitter_card":"summary_large_image","twitter_misc":{"Est. reading time":"1 minute"},"schema":{"@context":"https:\/\/schema.org","@graph":[{"@type":"WebPage","@id":"https:\/\/www.chg.at\/en\/news\/","url":"https:\/\/www.chg.at\/en\/news\/","name":"News &ndash; CHG Czernich Rechtsanw\u00e4lte \u2013 Wir bewegen Wirtschaft","isPartOf":{"@id":"https:\/\/www.chg.at\/en\/#website"},"datePublished":"2016-09-01T11:03:25+00:00","dateModified":"2023-11-29T09:25:22+00:00","description":"Neuigkeiten, Veranstaltungen & Tipps \u2013 Wir halten Sie auf dem Laufenden \u2013 CHG Czernich Rechtsanw\u00e4lte \u2013 Wir bewegen Wirtschaft.","breadcrumb":{"@id":"https:\/\/www.chg.at\/en\/news\/#breadcrumb"},"inLanguage":"en-US","potentialAction":[{"@type":"ReadAction","target":["https:\/\/www.chg.at\/en\/news\/"]}]},{"@type":"BreadcrumbList","@id":"https:\/\/www.chg.at\/en\/news\/#breadcrumb","itemListElement":[{"@type":"ListItem","position":1,"name":"Startseite","item":"https:\/\/www.chg.at\/en\/"},{"@type":"ListItem","position":2,"name":"News"}]},{"@type":"WebSite","@id":"https:\/\/www.chg.at\/en\/#website","url":"https:\/\/www.chg.at\/en\/","name":"CHG Czernich Rechtsanw\u00e4lte \u2013 Wir bewegen Wirtschaft","description":"Wir sorgen f\u00fcr Klarheit, wenn es rechtlich kompliziert wird. In jeder Phase Ihrer Unternehmungen. Sie ergreifen die Chancen. Wir verwandeln Risiken in L\u00f6sungen.","publisher":{"@id":"https:\/\/www.chg.at\/en\/#organization"},"potentialAction":[{"@type":"SearchAction","target":{"@type":"EntryPoint","urlTemplate":"https:\/\/www.chg.at\/en\/?s={search_term_string}"},"query-input":"required name=search_term_string"}],"inLanguage":"en-US"},{"@type":"Organization","@id":"https:\/\/www.chg.at\/en\/#organization","name":"CHG Czernich Rechtsanw\u00e4lte","url":"https:\/\/www.chg.at\/en\/","sameAs":["https:\/\/www.linkedin.com\/company\/12773263\/admin\/dashboard\/"],"logo":{"@type":"ImageObject","inLanguage":"en-US","@id":"https:\/\/www.chg.at\/en\/#\/schema\/logo\/image\/","url":"https:\/\/www.chg.at\/wp-content\/uploads\/2016\/08\/CHG_logo_250_1.png","contentUrl":"https:\/\/www.chg.at\/wp-content\/uploads\/2016\/08\/CHG_logo_250_1.png","width":250,"height":33,"caption":"CHG Czernich Rechtsanw\u00e4lte"},"image":{"@id":"https:\/\/www.chg.at\/en\/#\/schema\/logo\/image\/"}}]}},"_links":{"self":[{"href":"https:\/\/www.chg.at\/en\/wp-json\/wp\/v2\/pages\/8139"}],"collection":[{"href":"https:\/\/www.chg.at\/en\/wp-json\/wp\/v2\/pages"}],"about":[{"href":"https:\/\/www.chg.at\/en\/wp-json\/wp\/v2\/types\/page"}],"author":[{"embeddable":true,"href":"https:\/\/www.chg.at\/en\/wp-json\/wp\/v2\/users\/1"}],"replies":[{"embeddable":true,"href":"https:\/\/www.chg.at\/en\/wp-json\/wp\/v2\/comments?post=8139"}],"version-history":[{"count":10,"href":"https:\/\/www.chg.at\/en\/wp-json\/wp\/v2\/pages\/8139\/revisions"}],"predecessor-version":[{"id":23344,"href":"https:\/\/www.chg.at\/en\/wp-json\/wp\/v2\/pages\/8139\/revisions\/23344"}],"wp:attachment":[{"href":"https:\/\/www.chg.at\/en\/wp-json\/wp\/v2\/media?parent=8139"}],"curies":[{"name":"wp","href":"https:\/\/api.w.org\/{rel}","templated":true}]}}